{"id":727,"date":"2023-10-03T22:12:48","date_gmt":"2023-10-04T01:12:48","guid":{"rendered":"https:\/\/repositorio.abejor.org.br\/?post_type=anal&#038;p=727"},"modified":"2023-10-03T22:12:48","modified_gmt":"2023-10-04T01:12:48","slug":"fotojornalistas-na-cobertura-do-cirio-de-nazare","status":"publish","type":"anal","link":"https:\/\/repositorio.abejor.org.br\/?anal=fotojornalistas-na-cobertura-do-cirio-de-nazare","title":{"rendered":"FOTOJORNALISTAS NA COBERTURA DO C\u00cdRIO DE NAZAR\u00c9"},"excerpt":{"rendered":"<p>O presente estudo trata do fotojornalismo na cobertura do C\u00edrio de Nazar\u00e9, manifesta\u00e7\u00e3o religiosa que<br \/>\nacontece anualmente no segundo domingo de outubro em Bel\u00e9m do Par\u00e1. Com objetivo de entender olhares<br \/>\nprofissionais nas fotografias do evento, foram realizadas cinco entrevistas com os envolvidos nesse<br \/>\nfazer. <\/p>\n","protected":false},"template":"","grupo_pesquisa":[11],"class_list":["post-727","anal","type-anal","status-publish","hentry","grupo_pesquisa-pesquisa-na-graduacao"],"arquivo":{"ID":"728","post_author":"2","post_date":"2023-10-03 22:12:07","post_date_gmt":"2023-10-04 01:12:07","post_content":"","post_title":"Fotojornalistas na Cobertura do C\u00edrio de Nazar\u00e9","post_excerpt":"","post_status":"inherit","comment_status":"open","ping_status":"closed","post_password":"","post_name":"fotojornalistas-na-cobertura-do-cirio-de-nazare","to_ping":"","pinged":"","post_modified":"2023-10-03 22:12:39","post_modified_gmt":"2023-10-04 01:12:39","post_content_filtered":"","post_parent":"727","guid":"https:\/\/repositorio.abejor.org.br\/wp-content\/uploads\/2023\/10\/Fotojornalistas-na-Cobertura-do-Cirio-de-Nazare.pdf","menu_order":"0","post_type":"attachment","post_mime_type":"application\/pdf","comment_count":"0","pod_item_id":"728"},"autor":"Ingrid Leonel de Souza; Anamaria Teles","palavras_chaves":"Fotojornalismo, C\u00edrio de Nazar\u00e9, Perspectiva profissional","evento":[{"ID":582,"post_title":"21\u00ba Encontro Nacional de Ensino de Jornalismo","post_content":"","post_excerpt":"21\u00ba Encontro Nacional de Ensino de Jornalismo (ENEJor), ocorreu entre os dias 20 a 22 de abril, em Teresina (PI). Organizado pelo curso de Jornalismo da Universidade Federal do Piau\u00ed, com apoio da Universidade Estadual do Piau\u00ed, Faculdade R. S\u00e1 e Centro Universit\u00e1rio Est\u00e1cio. Contou com 62 trabalhos apresentados, divididos em 6 grupos e, em cada um deles, um trabalho recebeu men\u00e7\u00e3o honrosa. No encontro, foi aprovada a Carte de Teresina, importante documento onde constam alguns compromissos para o pr\u00f3ximo ano dentro da ABEJ.  O Pr\u00eamio ABEJ foi entregue ao professor Alfredo Vizeu, da Universidade Federal da Para\u00edba (UFPB).","post_author":"2","post_date":"2022-04-20 15:55:09","post_date_gmt":"2022-04-20 18:55:09","post_status":"publish","comment_status":"closed","ping_status":"closed","post_password":"","post_name":"21o-encontro-nacional-de-ensino-de-jornalismo","to_ping":"","pinged":"","post_modified":"2023-10-11 16:45:55","post_modified_gmt":"2023-10-11 19:45:55","post_content_filtered":"","post_parent":0,"guid":"https:\/\/repositorio.abejor.org.br\/?post_type=evento&#038;p=582","menu_order":0,"post_type":"evento","post_mime_type":"","comment_count":"0","comments":false,"_thumbnail_id":["583","2","2023-10-03 15:51:23","2023-10-03 18:51:23","","","","inherit","open","closed","","whatsapp-image-2023-10-03-at-15-50-01","","","2023-10-03 15:51:29","2023-10-03 18:51:29","","582","https:\/\/repositorio.abejor.org.br\/wp-content\/uploads\/2023\/10\/WhatsApp-Image-2023-10-03-at-15.50.01.jpeg","0","attachment","image\/jpeg","0","583"],"id":582}],"grupo_de_pesquisa":[{"term_id":11,"name":"Pesquisa na Gradua\u00e7\u00e3o","slug":"pesquisa-na-graduacao","description":"","taxonomy":"grupo_pesquisa","parent":0,"term_taxonomy_id":11,"term_group":0,"count":316,"object_id":null,"term_order":null,"id":11}],"_links":{"self":[{"href":"https:\/\/repositorio.abejor.org.br\/index.php\/wp-json\/wp\/v2\/anal\/727","targetHints":{"allow":["GET"]}}],"collection":[{"href":"https:\/\/repositorio.abejor.org.br\/index.php\/wp-json\/wp\/v2\/anal"}],"about":[{"href":"https:\/\/repositorio.abejor.org.br\/index.php\/wp-json\/wp\/v2\/types\/anal"}],"wp:attachment":[{"href":"https:\/\/repositorio.abejor.org.br\/index.php\/wp-json\/wp\/v2\/media?parent=727"}],"wp:term":[{"taxonomy":"grupo_pesquisa","embeddable":true,"href":"https:\/\/repositorio.abejor.org.br\/index.php\/wp-json\/wp\/v2\/grupo_pesquisa?post=727"}],"curies":[{"name":"wp","href":"https:\/\/api.w.org\/{rel}","templated":true}]}}