{"id":645,"date":"2023-10-03T18:34:27","date_gmt":"2023-10-03T21:34:27","guid":{"rendered":"https:\/\/repositorio.abejor.org.br\/?post_type=anal&#038;p=645"},"modified":"2023-10-03T18:34:27","modified_gmt":"2023-10-03T21:34:27","slug":"967-fm-o-ensino-laboratorio-na-radio-universitaria-da-ufpi-em-tempo-de-pandemia","status":"publish","type":"anal","link":"https:\/\/repositorio.abejor.org.br\/?anal=967-fm-o-ensino-laboratorio-na-radio-universitaria-da-ufpi-em-tempo-de-pandemia","title":{"rendered":"96,7 FM: O ENSINO-LABORAT\u00d3RIO NA R\u00c1DIO UNIVERSIT\u00c1RIA DA UFPI EM TEMPO DE PANDEMIA"},"excerpt":{"rendered":"<p>Com a chegada da pandemia do Covid-19 e seu espalhamento pelo Brasil, a Universidade Federal<br \/>\ndo Piau\u00ed suspendeu, em 17 de mar\u00e7o de 2020, por tempo indeterminado, todas as atividades<br \/>\npresenciais. Com isso, a R\u00e1dio Universit\u00e1ria 96,7 FM precisou se adaptar ao novo normal, com<br \/>\nprofessores, jornalistas, t\u00e9cnicos e alunos bolsistas tendo que cuidar dos programas di\u00e1rios a<br \/>\npartir de suas pr\u00f3prias casas. Passado o pior momento, os bolsistas<br \/>\ncome\u00e7aram, em 2021, a voltar presencialmente, de forma escalonada, permitindo a retomada<br \/>\npaulatina da antiga programa\u00e7\u00e3o. <\/p>\n","protected":false},"template":"","grupo_pesquisa":[12],"class_list":["post-645","anal","type-anal","status-publish","hentry","grupo_pesquisa-producao-laboratorial-eletronicos-e-impressos"],"arquivo":{"ID":"646","post_author":"2","post_date":"2023-10-03 18:33:37","post_date_gmt":"2023-10-03 21:33:37","post_content":"","post_title":"96,7 FM","post_excerpt":"","post_status":"inherit","comment_status":"open","ping_status":"closed","post_password":"","post_name":"967-fm","to_ping":"","pinged":"","post_modified":"2023-10-03 18:34:27","post_modified_gmt":"2023-10-03 21:34:27","post_content_filtered":"","post_parent":"645","guid":"https:\/\/repositorio.abejor.org.br\/wp-content\/uploads\/2023\/10\/967-FM.pdf","menu_order":"0","post_type":"attachment","post_mime_type":"application\/pdf","comment_count":"0","pod_item_id":"646"},"autor":"S\u00edlvio Henrique Vieira Barbosa","palavras_chaves":"R\u00e1dio Universit\u00e1ria, R\u00e1dio UFPI, R\u00e1dio laborat\u00f3rio,Trabalho remoto, Pandemia","evento":[{"ID":582,"post_title":"21\u00ba Encontro Nacional de Ensino de Jornalismo","post_content":"","post_excerpt":"21\u00ba Encontro Nacional de Ensino de Jornalismo (ENEJor), ocorreu entre os dias 20 a 22 de abril, em Teresina (PI). Organizado pelo curso de Jornalismo da Universidade Federal do Piau\u00ed, com apoio da Universidade Estadual do Piau\u00ed, Faculdade R. S\u00e1 e Centro Universit\u00e1rio Est\u00e1cio. Contou com 62 trabalhos apresentados, divididos em 6 grupos e, em cada um deles, um trabalho recebeu men\u00e7\u00e3o honrosa. No encontro, foi aprovada a Carte de Teresina, importante documento onde constam alguns compromissos para o pr\u00f3ximo ano dentro da ABEJ.  O Pr\u00eamio ABEJ foi entregue ao professor Alfredo Vizeu, da Universidade Federal da Para\u00edba (UFPB).","post_author":"2","post_date":"2022-04-20 15:55:09","post_date_gmt":"2022-04-20 18:55:09","post_status":"publish","comment_status":"closed","ping_status":"closed","post_password":"","post_name":"21o-encontro-nacional-de-ensino-de-jornalismo","to_ping":"","pinged":"","post_modified":"2023-10-11 16:45:55","post_modified_gmt":"2023-10-11 19:45:55","post_content_filtered":"","post_parent":0,"guid":"https:\/\/repositorio.abejor.org.br\/?post_type=evento&#038;p=582","menu_order":0,"post_type":"evento","post_mime_type":"","comment_count":"0","comments":false,"_thumbnail_id":["583","2","2023-10-03 15:51:23","2023-10-03 18:51:23","","","","inherit","open","closed","","whatsapp-image-2023-10-03-at-15-50-01","","","2023-10-03 15:51:29","2023-10-03 18:51:29","","582","https:\/\/repositorio.abejor.org.br\/wp-content\/uploads\/2023\/10\/WhatsApp-Image-2023-10-03-at-15.50.01.jpeg","0","attachment","image\/jpeg","0","583"],"id":582}],"grupo_de_pesquisa":[{"term_id":12,"name":"Produ\u00e7\u00e3o Laboratorial eletr\u00f4nicos e impressos","slug":"producao-laboratorial-eletronicos-e-impressos","description":"","taxonomy":"grupo_pesquisa","parent":0,"term_taxonomy_id":12,"term_group":0,"count":167,"object_id":null,"term_order":null,"id":12}],"_links":{"self":[{"href":"https:\/\/repositorio.abejor.org.br\/index.php\/wp-json\/wp\/v2\/anal\/645","targetHints":{"allow":["GET"]}}],"collection":[{"href":"https:\/\/repositorio.abejor.org.br\/index.php\/wp-json\/wp\/v2\/anal"}],"about":[{"href":"https:\/\/repositorio.abejor.org.br\/index.php\/wp-json\/wp\/v2\/types\/anal"}],"wp:attachment":[{"href":"https:\/\/repositorio.abejor.org.br\/index.php\/wp-json\/wp\/v2\/media?parent=645"}],"wp:term":[{"taxonomy":"grupo_pesquisa","embeddable":true,"href":"https:\/\/repositorio.abejor.org.br\/index.php\/wp-json\/wp\/v2\/grupo_pesquisa?post=645"}],"curies":[{"name":"wp","href":"https:\/\/api.w.org\/{rel}","templated":true}]}}