{"id":640,"date":"2023-10-03T18:28:48","date_gmt":"2023-10-03T21:28:48","guid":{"rendered":"https:\/\/repositorio.abejor.org.br\/?post_type=anal&#038;p=640"},"modified":"2023-10-03T18:28:48","modified_gmt":"2023-10-03T21:28:48","slug":"relato-de-experiencia-docente-no-desenvolvimento-da-disciplina-laboratorio-de-assessoria-de-imprensa-no-ambito-da-universidade-federal-de-juiz-de-fora-mg","status":"publish","type":"anal","link":"https:\/\/repositorio.abejor.org.br\/?anal=relato-de-experiencia-docente-no-desenvolvimento-da-disciplina-laboratorio-de-assessoria-de-imprensa-no-ambito-da-universidade-federal-de-juiz-de-fora-mg","title":{"rendered":"RELATO DE EXPERI\u00caNCIA DOCENTE NO DESENVOLVIMENTO DA DISCIPLINA LABORAT\u00d3RIO DE ASSESSORIA DE IMPRENSA NO \u00c2MBITO DA UNIVERSIDADE FEDERAL DE JUIZ DE FORA, MG"},"excerpt":{"rendered":"<p>Pretende-se com este relato apresentar a experi\u00eancia desenvolvida durante tr\u00eas semestres<br \/>\nremotos (regular e suplementares) na condu\u00e7\u00e3o da disciplina te\u00f3rico-pr\u00e1tica de Laborat\u00f3rio de<br \/>\nAssessoria de Imprensa na Faculdade de Comunica\u00e7\u00e3o da Universidade Federal de Juiz de Fora,<br \/>\nMG.<\/p>\n","protected":false},"template":"","grupo_pesquisa":[12],"class_list":["post-640","anal","type-anal","status-publish","hentry","grupo_pesquisa-producao-laboratorial-eletronicos-e-impressos"],"arquivo":{"ID":"641","post_author":"2","post_date":"2023-10-03 18:28:32","post_date_gmt":"2023-10-03 21:28:32","post_content":"","post_title":"Relato de experi\u00eancia DOCENTE","post_excerpt":"","post_status":"inherit","comment_status":"open","ping_status":"closed","post_password":"","post_name":"relato-de-experiencia-docente","to_ping":"","pinged":"","post_modified":"2023-10-03 18:28:48","post_modified_gmt":"2023-10-03 21:28:48","post_content_filtered":"","post_parent":"640","guid":"https:\/\/repositorio.abejor.org.br\/wp-content\/uploads\/2023\/10\/Relato-de-experiencia-DOCENTE.pdf","menu_order":"0","post_type":"attachment","post_mime_type":"application\/pdf","comment_count":"0","pod_item_id":"641"},"autor":"Boanerges Balbino Lopes Filho","palavras_chaves":"Disciplina, experi\u00eancia, Assessoria de imprensa, par\u00e2metros, resultados","evento":[{"ID":582,"post_title":"21\u00ba Encontro Nacional de Ensino de Jornalismo","post_content":"","post_excerpt":"21\u00ba Encontro Nacional de Ensino de Jornalismo (ENEJor), ocorreu entre os dias 20 a 22 de abril, em Teresina (PI). Organizado pelo curso de Jornalismo da Universidade Federal do Piau\u00ed, com apoio da Universidade Estadual do Piau\u00ed, Faculdade R. S\u00e1 e Centro Universit\u00e1rio Est\u00e1cio. Contou com 62 trabalhos apresentados, divididos em 6 grupos e, em cada um deles, um trabalho recebeu men\u00e7\u00e3o honrosa. No encontro, foi aprovada a Carte de Teresina, importante documento onde constam alguns compromissos para o pr\u00f3ximo ano dentro da ABEJ.  O Pr\u00eamio ABEJ foi entregue ao professor Alfredo Vizeu, da Universidade Federal da Para\u00edba (UFPB).","post_author":"2","post_date":"2022-04-20 15:55:09","post_date_gmt":"2022-04-20 18:55:09","post_status":"publish","comment_status":"closed","ping_status":"closed","post_password":"","post_name":"21o-encontro-nacional-de-ensino-de-jornalismo","to_ping":"","pinged":"","post_modified":"2023-10-11 16:45:55","post_modified_gmt":"2023-10-11 19:45:55","post_content_filtered":"","post_parent":0,"guid":"https:\/\/repositorio.abejor.org.br\/?post_type=evento&#038;p=582","menu_order":0,"post_type":"evento","post_mime_type":"","comment_count":"0","comments":false,"_thumbnail_id":["583","2","2023-10-03 15:51:23","2023-10-03 18:51:23","","","","inherit","open","closed","","whatsapp-image-2023-10-03-at-15-50-01","","","2023-10-03 15:51:29","2023-10-03 18:51:29","","582","https:\/\/repositorio.abejor.org.br\/wp-content\/uploads\/2023\/10\/WhatsApp-Image-2023-10-03-at-15.50.01.jpeg","0","attachment","image\/jpeg","0","583"],"id":582}],"grupo_de_pesquisa":[{"term_id":12,"name":"Produ\u00e7\u00e3o Laboratorial eletr\u00f4nicos e impressos","slug":"producao-laboratorial-eletronicos-e-impressos","description":"","taxonomy":"grupo_pesquisa","parent":0,"term_taxonomy_id":12,"term_group":0,"count":167,"object_id":null,"term_order":null,"id":12}],"_links":{"self":[{"href":"https:\/\/repositorio.abejor.org.br\/index.php\/wp-json\/wp\/v2\/anal\/640","targetHints":{"allow":["GET"]}}],"collection":[{"href":"https:\/\/repositorio.abejor.org.br\/index.php\/wp-json\/wp\/v2\/anal"}],"about":[{"href":"https:\/\/repositorio.abejor.org.br\/index.php\/wp-json\/wp\/v2\/types\/anal"}],"wp:attachment":[{"href":"https:\/\/repositorio.abejor.org.br\/index.php\/wp-json\/wp\/v2\/media?parent=640"}],"wp:term":[{"taxonomy":"grupo_pesquisa","embeddable":true,"href":"https:\/\/repositorio.abejor.org.br\/index.php\/wp-json\/wp\/v2\/grupo_pesquisa?post=640"}],"curies":[{"name":"wp","href":"https:\/\/api.w.org\/{rel}","templated":true}]}}