{"id":626,"date":"2023-10-03T17:51:31","date_gmt":"2023-10-03T20:51:31","guid":{"rendered":"https:\/\/repositorio.abejor.org.br\/?post_type=anal&#038;p=626"},"modified":"2023-10-03T17:51:31","modified_gmt":"2023-10-03T20:51:31","slug":"inquietacoes-de-discentes-nas-aulas-remotas-uma-proposta-de-reflexao-freiriana","status":"publish","type":"anal","link":"https:\/\/repositorio.abejor.org.br\/?anal=inquietacoes-de-discentes-nas-aulas-remotas-uma-proposta-de-reflexao-freiriana","title":{"rendered":"INQUIETA\u00c7\u00d5ES DE DISCENTES NAS AULAS REMOTAS: UMA PROPOSTA DE REFLEX\u00c3O FREIRIANA"},"excerpt":{"rendered":"<p>O presente relato busca refletir, a partir de depoimentos de estudantes de p\u00f3s-gradua\u00e7\u00e3o do<br \/>\ncampo da Comunica\u00e7\u00e3o, como s\u00e3o percebidas suas participa\u00e7\u00f5es durante as aulas remotas, no<br \/>\ncontexto da pandemia da Covid-19. O objetivo \u00e9 identificar poss\u00edveis fun\u00e7\u00f5es dialogais<br \/>\nmobilizadas nesses encontros e que interfer\u00eancias a media\u00e7\u00e3o tecnol\u00f3gica pode exercer no<br \/>\nprocesso. <\/p>\n","protected":false},"template":"","grupo_pesquisa":[15],"class_list":["post-626","anal","type-anal","status-publish","hentry","grupo_pesquisa-producao-cientifica"],"arquivo":{"ID":"627","post_author":"2","post_date":"2023-10-03 17:50:26","post_date_gmt":"2023-10-03 20:50:26","post_content":"","post_title":"inquieta\u00e7\u00f5es","post_excerpt":"","post_status":"inherit","comment_status":"open","ping_status":"closed","post_password":"","post_name":"inquietacoes","to_ping":"","pinged":"","post_modified":"2023-10-03 17:51:24","post_modified_gmt":"2023-10-03 20:51:24","post_content_filtered":"","post_parent":"626","guid":"https:\/\/repositorio.abejor.org.br\/wp-content\/uploads\/2023\/10\/inquietacoes.pdf","menu_order":"0","post_type":"attachment","post_mime_type":"application\/pdf","comment_count":"0","pod_item_id":"627"},"autor":"Antonio H\u00e9lio da Cunha Filho; Maria Do Socorro Furtado Veloso","palavras_chaves":"Estudantes, Aulas remotas, Media\u00e7\u00e3o, Autonomia, Paulo Freire","evento":[{"ID":582,"post_title":"21\u00ba Encontro Nacional de Ensino de Jornalismo","post_content":"","post_excerpt":"21\u00ba Encontro Nacional de Ensino de Jornalismo (ENEJor), ocorreu entre os dias 20 a 22 de abril, em Teresina (PI). Organizado pelo curso de Jornalismo da Universidade Federal do Piau\u00ed, com apoio da Universidade Estadual do Piau\u00ed, Faculdade R. S\u00e1 e Centro Universit\u00e1rio Est\u00e1cio. Contou com 62 trabalhos apresentados, divididos em 6 grupos e, em cada um deles, um trabalho recebeu men\u00e7\u00e3o honrosa. No encontro, foi aprovada a Carte de Teresina, importante documento onde constam alguns compromissos para o pr\u00f3ximo ano dentro da ABEJ.  O Pr\u00eamio ABEJ foi entregue ao professor Alfredo Vizeu, da Universidade Federal da Para\u00edba (UFPB).","post_author":"2","post_date":"2022-04-20 15:55:09","post_date_gmt":"2022-04-20 18:55:09","post_status":"publish","comment_status":"closed","ping_status":"closed","post_password":"","post_name":"21o-encontro-nacional-de-ensino-de-jornalismo","to_ping":"","pinged":"","post_modified":"2023-10-11 16:45:55","post_modified_gmt":"2023-10-11 19:45:55","post_content_filtered":"","post_parent":0,"guid":"https:\/\/repositorio.abejor.org.br\/?post_type=evento&#038;p=582","menu_order":0,"post_type":"evento","post_mime_type":"","comment_count":"0","comments":false,"_thumbnail_id":["583","2","2023-10-03 15:51:23","2023-10-03 18:51:23","","","","inherit","open","closed","","whatsapp-image-2023-10-03-at-15-50-01","","","2023-10-03 15:51:29","2023-10-03 18:51:29","","582","https:\/\/repositorio.abejor.org.br\/wp-content\/uploads\/2023\/10\/WhatsApp-Image-2023-10-03-at-15.50.01.jpeg","0","attachment","image\/jpeg","0","583"],"id":582}],"grupo_de_pesquisa":[{"term_id":15,"name":"Produ\u00e7\u00e3o Cient\u00edfica","slug":"producao-cientifica","description":"","taxonomy":"grupo_pesquisa","parent":0,"term_taxonomy_id":15,"term_group":0,"count":101,"object_id":null,"term_order":null,"id":15}],"_links":{"self":[{"href":"https:\/\/repositorio.abejor.org.br\/index.php\/wp-json\/wp\/v2\/anal\/626","targetHints":{"allow":["GET"]}}],"collection":[{"href":"https:\/\/repositorio.abejor.org.br\/index.php\/wp-json\/wp\/v2\/anal"}],"about":[{"href":"https:\/\/repositorio.abejor.org.br\/index.php\/wp-json\/wp\/v2\/types\/anal"}],"wp:attachment":[{"href":"https:\/\/repositorio.abejor.org.br\/index.php\/wp-json\/wp\/v2\/media?parent=626"}],"wp:term":[{"taxonomy":"grupo_pesquisa","embeddable":true,"href":"https:\/\/repositorio.abejor.org.br\/index.php\/wp-json\/wp\/v2\/grupo_pesquisa?post=626"}],"curies":[{"name":"wp","href":"https:\/\/api.w.org\/{rel}","templated":true}]}}