{"id":598,"date":"2023-10-03T16:24:59","date_gmt":"2023-10-03T19:24:59","guid":{"rendered":"https:\/\/repositorio.abejor.org.br\/?post_type=anal&#038;p=598"},"modified":"2023-10-03T16:24:59","modified_gmt":"2023-10-03T19:24:59","slug":"a-insercao-dos-cursos-de-jornalismo-no-territorio-o-gt-de-atividades-de-extensao-no-enpj","status":"publish","type":"anal","link":"https:\/\/repositorio.abejor.org.br\/?anal=a-insercao-dos-cursos-de-jornalismo-no-territorio-o-gt-de-atividades-de-extensao-no-enpj","title":{"rendered":"A INSER\u00c7\u00c3O DOS CURSOS DE JORNALISMO NO TERRIT\u00d3RIO: O GT DE ATIVIDADES DE EXTENS\u00c3O NO ENPJ"},"excerpt":{"rendered":"<p>O artigo analisa as publica\u00e7\u00f5es dos \u00faltimos cinco anos do Grupo de Trabalho e Pesquisa dos Encontros<br \/>\nNacionais de Ensino em Jornalismo (Enejor) a fim de averiguar como as a\u00e7\u00f5es extensionistas atuam no<br \/>\nterrit\u00f3rio dos cursos considerando as localidades. A an\u00e1lise empreendida demonstra que a atua\u00e7\u00e3o dos cursos \u00e9 interventiva e contribui para o desenvolvimento local e regional.<\/p>\n","protected":false},"template":"","grupo_pesquisa":[9],"class_list":["post-598","anal","type-anal","status-publish","hentry","grupo_pesquisa-atividades-de-extensao"],"arquivo":{"ID":"599","post_author":"2","post_date":"2023-10-03 16:23:02","post_date_gmt":"2023-10-03 19:23:02","post_content":"","post_title":"A INSER\u00c7\u00c3O DOS CURSOS","post_excerpt":"","post_status":"inherit","comment_status":"open","ping_status":"closed","post_password":"","post_name":"a-insercao-dos-cursos","to_ping":"","pinged":"","post_modified":"2023-10-03 16:24:36","post_modified_gmt":"2023-10-03 19:24:36","post_content_filtered":"","post_parent":"598","guid":"https:\/\/repositorio.abejor.org.br\/wp-content\/uploads\/2023\/10\/A-INSERCAO-DOS-CURSOS.pdf","menu_order":"0","post_type":"attachment","post_mime_type":"application\/pdf","comment_count":"0","pod_item_id":"599"},"autor":"Antonia Alves Pereira; Sonia Virg\u00ednia Moreira","palavras_chaves":"Ensino de Jornalismo, Educomunica\u00e7\u00e3o, Territ\u00f3rio, Atividades de extens\u00e3o, Cidadania","evento":[{"ID":582,"post_title":"21\u00ba Encontro Nacional de Ensino de Jornalismo","post_content":"","post_excerpt":"21\u00ba Encontro Nacional de Ensino de Jornalismo (ENEJor), ocorreu entre os dias 20 a 22 de abril, em Teresina (PI). Organizado pelo curso de Jornalismo da Universidade Federal do Piau\u00ed, com apoio da Universidade Estadual do Piau\u00ed, Faculdade R. S\u00e1 e Centro Universit\u00e1rio Est\u00e1cio. Contou com 62 trabalhos apresentados, divididos em 6 grupos e, em cada um deles, um trabalho recebeu men\u00e7\u00e3o honrosa. No encontro, foi aprovada a Carte de Teresina, importante documento onde constam alguns compromissos para o pr\u00f3ximo ano dentro da ABEJ.  O Pr\u00eamio ABEJ foi entregue ao professor Alfredo Vizeu, da Universidade Federal da Para\u00edba (UFPB).","post_author":"2","post_date":"2022-04-20 15:55:09","post_date_gmt":"2022-04-20 18:55:09","post_status":"publish","comment_status":"closed","ping_status":"closed","post_password":"","post_name":"21o-encontro-nacional-de-ensino-de-jornalismo","to_ping":"","pinged":"","post_modified":"2023-10-11 16:45:55","post_modified_gmt":"2023-10-11 19:45:55","post_content_filtered":"","post_parent":0,"guid":"https:\/\/repositorio.abejor.org.br\/?post_type=evento&#038;p=582","menu_order":0,"post_type":"evento","post_mime_type":"","comment_count":"0","comments":false,"_thumbnail_id":["583","2","2023-10-03 15:51:23","2023-10-03 18:51:23","","","","inherit","open","closed","","whatsapp-image-2023-10-03-at-15-50-01","","","2023-10-03 15:51:29","2023-10-03 18:51:29","","582","https:\/\/repositorio.abejor.org.br\/wp-content\/uploads\/2023\/10\/WhatsApp-Image-2023-10-03-at-15.50.01.jpeg","0","attachment","image\/jpeg","0","583"],"id":582}],"grupo_de_pesquisa":[{"term_id":9,"name":"Atividades de Extens\u00e3o","slug":"atividades-de-extensao","description":"","taxonomy":"grupo_pesquisa","parent":0,"term_taxonomy_id":9,"term_group":0,"count":151,"object_id":null,"term_order":null,"id":9}],"_links":{"self":[{"href":"https:\/\/repositorio.abejor.org.br\/index.php\/wp-json\/wp\/v2\/anal\/598","targetHints":{"allow":["GET"]}}],"collection":[{"href":"https:\/\/repositorio.abejor.org.br\/index.php\/wp-json\/wp\/v2\/anal"}],"about":[{"href":"https:\/\/repositorio.abejor.org.br\/index.php\/wp-json\/wp\/v2\/types\/anal"}],"wp:attachment":[{"href":"https:\/\/repositorio.abejor.org.br\/index.php\/wp-json\/wp\/v2\/media?parent=598"}],"wp:term":[{"taxonomy":"grupo_pesquisa","embeddable":true,"href":"https:\/\/repositorio.abejor.org.br\/index.php\/wp-json\/wp\/v2\/grupo_pesquisa?post=598"}],"curies":[{"name":"wp","href":"https:\/\/api.w.org\/{rel}","templated":true}]}}