{"id":559,"date":"2023-10-03T12:47:22","date_gmt":"2023-10-03T15:47:22","guid":{"rendered":"https:\/\/repositorio.abejor.org.br\/?post_type=anal&#038;p=559"},"modified":"2023-10-03T12:47:22","modified_gmt":"2023-10-03T15:47:22","slug":"a-abordagem-jornalistica-do-portal-nexo-acerca-da-pandemia-da-covid-19","status":"publish","type":"anal","link":"https:\/\/repositorio.abejor.org.br\/?anal=a-abordagem-jornalistica-do-portal-nexo-acerca-da-pandemia-da-covid-19","title":{"rendered":"A ABORDAGEM JORNAL\u00cdSTICA DO PORTAL NEXO ACERCA DA PANDEMIA DA COVID-19"},"excerpt":{"rendered":"<p>O trabalho apresenta uma analise aprofundada de como o Portal Nexo noticiou a pandemia da Covid-19, dentro do \u00e2mbito jornal\u00edstico. Seu objetivo \u00e9 trazer \u00e0 tona todas as problem\u00e1ticas que foram criadas, principalmente por conta da onda de desinforma\u00e7\u00e3o que se disseminou durante esse per\u00edodo.<\/p>\n","protected":false},"template":"","grupo_pesquisa":[11],"class_list":["post-559","anal","type-anal","status-publish","hentry","grupo_pesquisa-pesquisa-na-graduacao"],"arquivo":{"ID":"560","post_author":"2","post_date":"2023-10-03 12:46:59","post_date_gmt":"2023-10-03 15:46:59","post_content":"","post_title":"A ABORDAGEM JORNAL\u00cdSTICA DO PORTAL NEXO ACERCA DA PANDEMIA DA COVID-19","post_excerpt":"","post_status":"inherit","comment_status":"open","ping_status":"closed","post_password":"","post_name":"a-abordagem-jornalistica-do-portal-nexo-acerca-da-pandemia-da-covid-19-2","to_ping":"","pinged":"","post_modified":"2023-10-03 12:47:22","post_modified_gmt":"2023-10-03 15:47:22","post_content_filtered":"","post_parent":"559","guid":"https:\/\/repositorio.abejor.org.br\/wp-content\/uploads\/2023\/10\/A-ABORDAGEM-JORNALISTICA-DO-PORTAL-NEXO-ACERCA-DA-PANDEMIA-DA-COVID-19.pdf","menu_order":"0","post_type":"attachment","post_mime_type":"application\/pdf","comment_count":"0","pod_item_id":"560"},"autor":"Isabella Rabelo; Renan Albuquerque","palavras_chaves":"Jornalismo, Agnotologia, Negacionismo, Pandemia","evento":[{"ID":426,"post_title":"22\u00ba Encontro Nacional de Ensino de Jornalismo","post_content":"","post_excerpt":" 22\u00ba Encontro Nacional de Ensino de Jornalismo (22\u00ba ENEJor), promovido pela Associa\u00e7\u00e3o Brasileira de Ensino do Jornalismo (Abej), que ocorreu entre os dias 25 a 28 de abril de 2023, na Universidade Federal do Amazonas (UFAM).  O evento contou com 375 inscritos, 59 trabalhos aprovados para apresenta\u00e7\u00f5es nos Grupos de Pesquisa e no Grupo de Trabalho. Foi realizada a entrega do pr\u00eamio ABEJ de Personalidade de Destaque no Ensino de Jornalismo, concedida \u00e0 professora da Universidade Federal do Rio Grande do Sul, Sandra de Deus. Bem como, a homenagem ao professor do Departamento de Comunica\u00e7\u00e3o Social, professor Jo\u00e3o Bosco Ferreira e a aprova\u00e7\u00e3o da Carta de Manaus.","post_author":"2","post_date":"2023-10-02 23:45:39","post_date_gmt":"2023-10-03 02:45:39","post_status":"publish","comment_status":"closed","ping_status":"closed","post_password":"","post_name":"22o-encontro-nacional-de-ensino-de-jornalismo","to_ping":"","pinged":"","post_modified":"2023-10-11 21:07:27","post_modified_gmt":"2023-10-12 00:07:27","post_content_filtered":"","post_parent":0,"guid":"https:\/\/repositorio.abejor.org.br\/?post_type=evento&#038;p=426","menu_order":0,"post_type":"evento","post_mime_type":"","comment_count":"0","comments":false,"_thumbnail_id":["427","2","2023-10-02 22:10:34","2023-10-03 01:10:34","","WhatsApp Image 2023-10-02 at 19.11.32","","inherit","open","closed","","whatsapp-image-2023-10-02-at-19-11-32-2","","","2023-10-02 22:10:34","2023-10-03 01:10:34","","426","https:\/\/repositorio.abejor.org.br\/wp-content\/uploads\/2023\/10\/WhatsApp-Image-2023-10-02-at-19.11.32.jpeg","0","attachment","image\/jpeg","0","427"],"id":426}],"grupo_de_pesquisa":[{"term_id":11,"name":"Pesquisa na Gradua\u00e7\u00e3o","slug":"pesquisa-na-graduacao","description":"","taxonomy":"grupo_pesquisa","parent":0,"term_taxonomy_id":11,"term_group":0,"count":316,"object_id":null,"term_order":null,"id":11}],"_links":{"self":[{"href":"https:\/\/repositorio.abejor.org.br\/index.php\/wp-json\/wp\/v2\/anal\/559","targetHints":{"allow":["GET"]}}],"collection":[{"href":"https:\/\/repositorio.abejor.org.br\/index.php\/wp-json\/wp\/v2\/anal"}],"about":[{"href":"https:\/\/repositorio.abejor.org.br\/index.php\/wp-json\/wp\/v2\/types\/anal"}],"wp:attachment":[{"href":"https:\/\/repositorio.abejor.org.br\/index.php\/wp-json\/wp\/v2\/media?parent=559"}],"wp:term":[{"taxonomy":"grupo_pesquisa","embeddable":true,"href":"https:\/\/repositorio.abejor.org.br\/index.php\/wp-json\/wp\/v2\/grupo_pesquisa?post=559"}],"curies":[{"name":"wp","href":"https:\/\/api.w.org\/{rel}","templated":true}]}}