{"id":555,"date":"2023-10-03T12:41:13","date_gmt":"2023-10-03T15:41:13","guid":{"rendered":"https:\/\/repositorio.abejor.org.br\/?post_type=anal&#038;p=555"},"modified":"2023-10-03T12:41:13","modified_gmt":"2023-10-03T15:41:13","slug":"jornalismo-indigena-oficinas-de-jornalismo-no-parque-das-tribos-3","status":"publish","type":"anal","link":"https:\/\/repositorio.abejor.org.br\/?anal=jornalismo-indigena-oficinas-de-jornalismo-no-parque-das-tribos-3","title":{"rendered":"JORNALISMO IND\u00cdGENA: OFICINAS DE JORNALISMO NO PARQUE DAS TRIBOS"},"excerpt":{"rendered":"<p>Jornalismo ind\u00edgena: oficinas de jornalismo no Parque das Tribos \u00e9 um projeto de extens\u00e3o da FIC\/UFAM, que realiza oficinas de jornalismo na comunidade Parque das Tribos, Manaus, visando fomentar a produ\u00e7\u00e3o jornal\u00edstica pelos ind\u00edgenas e apoiar a inclus\u00e3o de seus pontos de vista na cobertura dos acontecimentos, como a preserva\u00e7\u00e3o e a express\u00e3o da diversidade cultural e cosmovis\u00e3o dos povos ind\u00edgenas por meio do jornalismo produzido por eles.<\/p>\n","protected":false},"template":"","grupo_pesquisa":[11],"class_list":["post-555","anal","type-anal","status-publish","hentry","grupo_pesquisa-pesquisa-na-graduacao"],"arquivo":{"ID":"556","post_author":"2","post_date":"2023-10-03 12:39:58","post_date_gmt":"2023-10-03 15:39:58","post_content":"","post_title":"JORNALISMO IND\u00cdGENA","post_excerpt":"","post_status":"inherit","comment_status":"open","ping_status":"closed","post_password":"","post_name":"jornalismo-indigena-2","to_ping":"","pinged":"","post_modified":"2023-10-03 12:40:16","post_modified_gmt":"2023-10-03 15:40:16","post_content_filtered":"","post_parent":"555","guid":"https:\/\/repositorio.abejor.org.br\/wp-content\/uploads\/2023\/10\/JORNALISMO-INDIGENA.pdf","menu_order":"0","post_type":"attachment","post_mime_type":"application\/pdf","comment_count":"0","pod_item_id":"556"},"autor":"Camila Barbosa Oliveira; Sofia Castro Louren\u00e7o; Gustavo J. S. de Medeiros; Milena Monteiro Soares; Mirna Feitoza Pereira","palavras_chaves":"","evento":[{"ID":426,"post_title":"22\u00ba Encontro Nacional de Ensino de Jornalismo","post_content":"","post_excerpt":" 22\u00ba Encontro Nacional de Ensino de Jornalismo (22\u00ba ENEJor), promovido pela Associa\u00e7\u00e3o Brasileira de Ensino do Jornalismo (Abej), que ocorreu entre os dias 25 a 28 de abril de 2023, na Universidade Federal do Amazonas (UFAM).  O evento contou com 375 inscritos, 59 trabalhos aprovados para apresenta\u00e7\u00f5es nos Grupos de Pesquisa e no Grupo de Trabalho. Foi realizada a entrega do pr\u00eamio ABEJ de Personalidade de Destaque no Ensino de Jornalismo, concedida \u00e0 professora da Universidade Federal do Rio Grande do Sul, Sandra de Deus. Bem como, a homenagem ao professor do Departamento de Comunica\u00e7\u00e3o Social, professor Jo\u00e3o Bosco Ferreira e a aprova\u00e7\u00e3o da Carta de Manaus.","post_author":"2","post_date":"2023-10-02 23:45:39","post_date_gmt":"2023-10-03 02:45:39","post_status":"publish","comment_status":"closed","ping_status":"closed","post_password":"","post_name":"22o-encontro-nacional-de-ensino-de-jornalismo","to_ping":"","pinged":"","post_modified":"2023-10-11 21:07:27","post_modified_gmt":"2023-10-12 00:07:27","post_content_filtered":"","post_parent":0,"guid":"https:\/\/repositorio.abejor.org.br\/?post_type=evento&#038;p=426","menu_order":0,"post_type":"evento","post_mime_type":"","comment_count":"0","comments":false,"_thumbnail_id":["427","2","2023-10-02 22:10:34","2023-10-03 01:10:34","","WhatsApp Image 2023-10-02 at 19.11.32","","inherit","open","closed","","whatsapp-image-2023-10-02-at-19-11-32-2","","","2023-10-02 22:10:34","2023-10-03 01:10:34","","426","https:\/\/repositorio.abejor.org.br\/wp-content\/uploads\/2023\/10\/WhatsApp-Image-2023-10-02-at-19.11.32.jpeg","0","attachment","image\/jpeg","0","427"],"id":426}],"grupo_de_pesquisa":[{"term_id":11,"name":"Pesquisa na Gradua\u00e7\u00e3o","slug":"pesquisa-na-graduacao","description":"","taxonomy":"grupo_pesquisa","parent":0,"term_taxonomy_id":11,"term_group":0,"count":316,"object_id":null,"term_order":null,"id":11}],"_links":{"self":[{"href":"https:\/\/repositorio.abejor.org.br\/index.php\/wp-json\/wp\/v2\/anal\/555","targetHints":{"allow":["GET"]}}],"collection":[{"href":"https:\/\/repositorio.abejor.org.br\/index.php\/wp-json\/wp\/v2\/anal"}],"about":[{"href":"https:\/\/repositorio.abejor.org.br\/index.php\/wp-json\/wp\/v2\/types\/anal"}],"wp:attachment":[{"href":"https:\/\/repositorio.abejor.org.br\/index.php\/wp-json\/wp\/v2\/media?parent=555"}],"wp:term":[{"taxonomy":"grupo_pesquisa","embeddable":true,"href":"https:\/\/repositorio.abejor.org.br\/index.php\/wp-json\/wp\/v2\/grupo_pesquisa?post=555"}],"curies":[{"name":"wp","href":"https:\/\/api.w.org\/{rel}","templated":true}]}}