{"id":541,"date":"2023-10-03T12:10:07","date_gmt":"2023-10-03T15:10:07","guid":{"rendered":"https:\/\/repositorio.abejor.org.br\/?post_type=anal&#038;p=541"},"modified":"2023-10-03T12:10:07","modified_gmt":"2023-10-03T15:10:07","slug":"esta-democracia-e-nossa-as-eleicoes-2022-no-tocantins","status":"publish","type":"anal","link":"https:\/\/repositorio.abejor.org.br\/?anal=esta-democracia-e-nossa-as-eleicoes-2022-no-tocantins","title":{"rendered":"ESTA DEMOCRACIA \u00c9 NOSSA: AS ELEI\u00c7\u00d5ES 2022 NO TOCANTINS"},"excerpt":{"rendered":"<p>Devido aos crescentes ataques \u00e0s institui\u00e7\u00f5es democr\u00e1ticas do Brasil e \u00e0 legitimidade da apura\u00e7\u00e3o das urnas eletr\u00f4nicas, o presente trabalho tem como abordagem retratar o exerc\u00edcio da democracia no dia das Elei\u00e7oes. A inexist\u00eancia de uma reportagem a respeito do planejamento das elei\u00e7\u00f5es no estado do Tocantins e de quem se dedica para a realiza\u00e7\u00e3o dela, viabilizou a elabora\u00e7\u00e3o pr\u00e1tica do produto.<\/p>\n","protected":false},"template":"","grupo_pesquisa":[11],"class_list":["post-541","anal","type-anal","status-publish","hentry","grupo_pesquisa-pesquisa-na-graduacao"],"arquivo":{"ID":"542","post_author":"2","post_date":"2023-10-03 12:09:42","post_date_gmt":"2023-10-03 15:09:42","post_content":"","post_title":"ESTA DEMOCRACIA \u00c9 NOSSA","post_excerpt":"","post_status":"inherit","comment_status":"open","ping_status":"closed","post_password":"","post_name":"esta-democracia-e-nossa","to_ping":"","pinged":"","post_modified":"2023-10-03 12:09:50","post_modified_gmt":"2023-10-03 15:09:50","post_content_filtered":"","post_parent":"541","guid":"https:\/\/repositorio.abejor.org.br\/wp-content\/uploads\/2023\/10\/ESTA-DEMOCRACIA-E-NOSSA.pdf","menu_order":"0","post_type":"attachment","post_mime_type":"application\/pdf","comment_count":"0","pod_item_id":"542"},"autor":"Paulo Victor Gualberto; Maria de Fatima de Albuquerque Caracristi","palavras_chaves":"Reportagem multim\u00eddia, Elei\u00e7\u00f5es, Democracia, Tocantins, Institui\u00e7\u00f5es","evento":[{"ID":426,"post_title":"22\u00ba Encontro Nacional de Ensino de Jornalismo","post_content":"","post_excerpt":" 22\u00ba Encontro Nacional de Ensino de Jornalismo (22\u00ba ENEJor), promovido pela Associa\u00e7\u00e3o Brasileira de Ensino do Jornalismo (Abej), que ocorreu entre os dias 25 a 28 de abril de 2023, na Universidade Federal do Amazonas (UFAM).  O evento contou com 375 inscritos, 59 trabalhos aprovados para apresenta\u00e7\u00f5es nos Grupos de Pesquisa e no Grupo de Trabalho. Foi realizada a entrega do pr\u00eamio ABEJ de Personalidade de Destaque no Ensino de Jornalismo, concedida \u00e0 professora da Universidade Federal do Rio Grande do Sul, Sandra de Deus. Bem como, a homenagem ao professor do Departamento de Comunica\u00e7\u00e3o Social, professor Jo\u00e3o Bosco Ferreira e a aprova\u00e7\u00e3o da Carta de Manaus.","post_author":"2","post_date":"2023-10-02 23:45:39","post_date_gmt":"2023-10-03 02:45:39","post_status":"publish","comment_status":"closed","ping_status":"closed","post_password":"","post_name":"22o-encontro-nacional-de-ensino-de-jornalismo","to_ping":"","pinged":"","post_modified":"2023-10-11 21:07:27","post_modified_gmt":"2023-10-12 00:07:27","post_content_filtered":"","post_parent":0,"guid":"https:\/\/repositorio.abejor.org.br\/?post_type=evento&#038;p=426","menu_order":0,"post_type":"evento","post_mime_type":"","comment_count":"0","comments":false,"_thumbnail_id":["427","2","2023-10-02 22:10:34","2023-10-03 01:10:34","","WhatsApp Image 2023-10-02 at 19.11.32","","inherit","open","closed","","whatsapp-image-2023-10-02-at-19-11-32-2","","","2023-10-02 22:10:34","2023-10-03 01:10:34","","426","https:\/\/repositorio.abejor.org.br\/wp-content\/uploads\/2023\/10\/WhatsApp-Image-2023-10-02-at-19.11.32.jpeg","0","attachment","image\/jpeg","0","427"],"id":426}],"grupo_de_pesquisa":[{"term_id":11,"name":"Pesquisa na Gradua\u00e7\u00e3o","slug":"pesquisa-na-graduacao","description":"","taxonomy":"grupo_pesquisa","parent":0,"term_taxonomy_id":11,"term_group":0,"count":316,"object_id":null,"term_order":null,"id":11}],"_links":{"self":[{"href":"https:\/\/repositorio.abejor.org.br\/index.php\/wp-json\/wp\/v2\/anal\/541","targetHints":{"allow":["GET"]}}],"collection":[{"href":"https:\/\/repositorio.abejor.org.br\/index.php\/wp-json\/wp\/v2\/anal"}],"about":[{"href":"https:\/\/repositorio.abejor.org.br\/index.php\/wp-json\/wp\/v2\/types\/anal"}],"wp:attachment":[{"href":"https:\/\/repositorio.abejor.org.br\/index.php\/wp-json\/wp\/v2\/media?parent=541"}],"wp:term":[{"taxonomy":"grupo_pesquisa","embeddable":true,"href":"https:\/\/repositorio.abejor.org.br\/index.php\/wp-json\/wp\/v2\/grupo_pesquisa?post=541"}],"curies":[{"name":"wp","href":"https:\/\/api.w.org\/{rel}","templated":true}]}}