{"id":537,"date":"2023-10-03T12:02:54","date_gmt":"2023-10-03T15:02:54","guid":{"rendered":"https:\/\/repositorio.abejor.org.br\/?post_type=anal&#038;p=537"},"modified":"2023-10-03T12:02:54","modified_gmt":"2023-10-03T15:02:54","slug":"divulgacao-e-democratizacao-de-ciencia-experiencias-do-curso-de-comunicacao-social-do-icsez-ufam","status":"publish","type":"anal","link":"https:\/\/repositorio.abejor.org.br\/?anal=divulgacao-e-democratizacao-de-ciencia-experiencias-do-curso-de-comunicacao-social-do-icsez-ufam","title":{"rendered":"DIVULGA\u00c7\u00c3O E DEMOCRATIZA\u00c7\u00c3O DE CI\u00caNCIA: EXPERI\u00caNCIAS DO CURSO DE COMUNICA\u00c7\u00c3O SOCIAL DO ICSEZ\/UFAM"},"excerpt":{"rendered":"<p>Este relato de experi\u00eancia apresenta um trabalho de inicia\u00e7\u00e3o cient\u00edfica em andamento que tem como objetivo a populariza\u00e7\u00e3o do conhecimento cient\u00edfico produzido pelos professores e alunos da institui\u00e7\u00e3o, tendo como fontes os Trabalhos de Conclus\u00e3o de Curso (TCC), projetos de pesquisa e extens\u00e3o e artigos publicados. <\/p>\n","protected":false},"template":"","grupo_pesquisa":[11],"class_list":["post-537","anal","type-anal","status-publish","hentry","grupo_pesquisa-pesquisa-na-graduacao"],"arquivo":{"ID":"538","post_author":"2","post_date":"2023-10-03 12:02:33","post_date_gmt":"2023-10-03 15:02:33","post_content":"","post_title":"artigo-d160ac56852acc375f464dec3fb328cc980a5ec8-arquivo","post_excerpt":"","post_status":"inherit","comment_status":"open","ping_status":"closed","post_password":"","post_name":"artigo-d160ac56852acc375f464dec3fb328cc980a5ec8-arquivo","to_ping":"","pinged":"","post_modified":"2023-10-03 12:02:39","post_modified_gmt":"2023-10-03 15:02:39","post_content_filtered":"","post_parent":"537","guid":"https:\/\/repositorio.abejor.org.br\/wp-content\/uploads\/2023\/10\/artigo-d160ac56852acc375f464dec3fb328cc980a5ec8-arquivo.pdf","menu_order":"0","post_type":"attachment","post_mime_type":"application\/pdf","comment_count":"0","pod_item_id":"538"},"autor":"klysna Layana Moreira Almeida; Marina Magalh\u00e3es de Morais","palavras_chaves":"Divulga\u00e7\u00e3o cient\u00edfica, Trabalho de Conclus\u00e3o de Curso, Pesquisa acad\u00eamica, Institui\u00e7\u00f5es de Ensino, ICSEZ\/UFAM","evento":[{"ID":426,"post_title":"22\u00ba Encontro Nacional de Ensino de Jornalismo","post_content":"","post_excerpt":" 22\u00ba Encontro Nacional de Ensino de Jornalismo (22\u00ba ENEJor), promovido pela Associa\u00e7\u00e3o Brasileira de Ensino do Jornalismo (Abej), que ocorreu entre os dias 25 a 28 de abril de 2023, na Universidade Federal do Amazonas (UFAM).  O evento contou com 375 inscritos, 59 trabalhos aprovados para apresenta\u00e7\u00f5es nos Grupos de Pesquisa e no Grupo de Trabalho. Foi realizada a entrega do pr\u00eamio ABEJ de Personalidade de Destaque no Ensino de Jornalismo, concedida \u00e0 professora da Universidade Federal do Rio Grande do Sul, Sandra de Deus. Bem como, a homenagem ao professor do Departamento de Comunica\u00e7\u00e3o Social, professor Jo\u00e3o Bosco Ferreira e a aprova\u00e7\u00e3o da Carta de Manaus.","post_author":"2","post_date":"2023-10-02 23:45:39","post_date_gmt":"2023-10-03 02:45:39","post_status":"publish","comment_status":"closed","ping_status":"closed","post_password":"","post_name":"22o-encontro-nacional-de-ensino-de-jornalismo","to_ping":"","pinged":"","post_modified":"2023-10-11 21:07:27","post_modified_gmt":"2023-10-12 00:07:27","post_content_filtered":"","post_parent":0,"guid":"https:\/\/repositorio.abejor.org.br\/?post_type=evento&#038;p=426","menu_order":0,"post_type":"evento","post_mime_type":"","comment_count":"0","comments":false,"_thumbnail_id":["427","2","2023-10-02 22:10:34","2023-10-03 01:10:34","","WhatsApp Image 2023-10-02 at 19.11.32","","inherit","open","closed","","whatsapp-image-2023-10-02-at-19-11-32-2","","","2023-10-02 22:10:34","2023-10-03 01:10:34","","426","https:\/\/repositorio.abejor.org.br\/wp-content\/uploads\/2023\/10\/WhatsApp-Image-2023-10-02-at-19.11.32.jpeg","0","attachment","image\/jpeg","0","427"],"id":426}],"grupo_de_pesquisa":[{"term_id":11,"name":"Pesquisa na Gradua\u00e7\u00e3o","slug":"pesquisa-na-graduacao","description":"","taxonomy":"grupo_pesquisa","parent":0,"term_taxonomy_id":11,"term_group":0,"count":316,"object_id":null,"term_order":null,"id":11}],"_links":{"self":[{"href":"https:\/\/repositorio.abejor.org.br\/index.php\/wp-json\/wp\/v2\/anal\/537","targetHints":{"allow":["GET"]}}],"collection":[{"href":"https:\/\/repositorio.abejor.org.br\/index.php\/wp-json\/wp\/v2\/anal"}],"about":[{"href":"https:\/\/repositorio.abejor.org.br\/index.php\/wp-json\/wp\/v2\/types\/anal"}],"wp:attachment":[{"href":"https:\/\/repositorio.abejor.org.br\/index.php\/wp-json\/wp\/v2\/media?parent=537"}],"wp:term":[{"taxonomy":"grupo_pesquisa","embeddable":true,"href":"https:\/\/repositorio.abejor.org.br\/index.php\/wp-json\/wp\/v2\/grupo_pesquisa?post=537"}],"curies":[{"name":"wp","href":"https:\/\/api.w.org\/{rel}","templated":true}]}}