{"id":528,"date":"2023-10-03T10:51:01","date_gmt":"2023-10-03T13:51:01","guid":{"rendered":"https:\/\/repositorio.abejor.org.br\/?post_type=anal&#038;p=528"},"modified":"2023-10-03T10:51:01","modified_gmt":"2023-10-03T13:51:01","slug":"provocacoes-para-repensar-o-ensino-da-acessibilidade-comunicativa-nos-cursos-de-jornalismo","status":"publish","type":"anal","link":"https:\/\/repositorio.abejor.org.br\/?anal=provocacoes-para-repensar-o-ensino-da-acessibilidade-comunicativa-nos-cursos-de-jornalismo","title":{"rendered":"PROVOCA\u00c7\u00d5ES PARA (RE)PENSAR O ENSINO DA ACESSIBILIDADE COMUNICATIVA NOS CURSOS DE JORNALISMO"},"excerpt":{"rendered":"<p>Assume o ensino da acessibilidade comunicativa para pessoas com defici\u00eancia nos cursos de Jornalismo como pressuposto \u00e9tico e ontol\u00f3gico. Repercute a defici\u00eancia dos projetos pedag\u00f3gicos que corroboram para com a pobreza informacional desses sujeitos(as), em conson\u00e2ncia com o projeto capacitista. Sinaliza elementos reflexivos para a introje\u00e7\u00e3o de pr\u00e1ticas e recursos de acessibilidade comunicativa na pr\u00e1xis jornal\u00edstica desde o ensino.<\/p>\n","protected":false},"template":"","grupo_pesquisa":[13],"class_list":["post-528","anal","type-anal","status-publish","hentry","grupo_pesquisa-projetos-pedagogicos-e-metodologias-de-ensino"],"arquivo":{"ID":"529","post_author":"2","post_date":"2023-10-03 10:50:41","post_date_gmt":"2023-10-03 13:50:41","post_content":"","post_title":"PROVOCA\u00c7\u00d5ES PARA (RE)PENSAR O ENSINO","post_excerpt":"","post_status":"inherit","comment_status":"open","ping_status":"closed","post_password":"","post_name":"provocacoes-para-repensar-o-ensino","to_ping":"","pinged":"","post_modified":"2023-10-03 10:50:44","post_modified_gmt":"2023-10-03 13:50:44","post_content_filtered":"","post_parent":"528","guid":"https:\/\/repositorio.abejor.org.br\/wp-content\/uploads\/2023\/10\/PROVOCACOES-PARA-REPENSAR-O-ENSINO.pdf","menu_order":"0","post_type":"attachment","post_mime_type":"application\/pdf","comment_count":"0","pod_item_id":"529"},"autor":"Felipe Collar Berni","palavras_chaves":"Acessibilidade comunicativa, Ensino de Jornalismo, Pessoas com defici\u00eancia","evento":[{"ID":426,"post_title":"22\u00ba Encontro Nacional de Ensino de Jornalismo","post_content":"","post_excerpt":" 22\u00ba Encontro Nacional de Ensino de Jornalismo (22\u00ba ENEJor), promovido pela Associa\u00e7\u00e3o Brasileira de Ensino do Jornalismo (Abej), que ocorreu entre os dias 25 a 28 de abril de 2023, na Universidade Federal do Amazonas (UFAM).  O evento contou com 375 inscritos, 59 trabalhos aprovados para apresenta\u00e7\u00f5es nos Grupos de Pesquisa e no Grupo de Trabalho. Foi realizada a entrega do pr\u00eamio ABEJ de Personalidade de Destaque no Ensino de Jornalismo, concedida \u00e0 professora da Universidade Federal do Rio Grande do Sul, Sandra de Deus. Bem como, a homenagem ao professor do Departamento de Comunica\u00e7\u00e3o Social, professor Jo\u00e3o Bosco Ferreira e a aprova\u00e7\u00e3o da Carta de Manaus.","post_author":"2","post_date":"2023-10-02 23:45:39","post_date_gmt":"2023-10-03 02:45:39","post_status":"publish","comment_status":"closed","ping_status":"closed","post_password":"","post_name":"22o-encontro-nacional-de-ensino-de-jornalismo","to_ping":"","pinged":"","post_modified":"2023-10-11 21:07:27","post_modified_gmt":"2023-10-12 00:07:27","post_content_filtered":"","post_parent":0,"guid":"https:\/\/repositorio.abejor.org.br\/?post_type=evento&#038;p=426","menu_order":0,"post_type":"evento","post_mime_type":"","comment_count":"0","comments":false,"_thumbnail_id":["427","2","2023-10-02 22:10:34","2023-10-03 01:10:34","","WhatsApp Image 2023-10-02 at 19.11.32","","inherit","open","closed","","whatsapp-image-2023-10-02-at-19-11-32-2","","","2023-10-02 22:10:34","2023-10-03 01:10:34","","426","https:\/\/repositorio.abejor.org.br\/wp-content\/uploads\/2023\/10\/WhatsApp-Image-2023-10-02-at-19.11.32.jpeg","0","attachment","image\/jpeg","0","427"],"id":426}],"grupo_de_pesquisa":[{"term_id":13,"name":"Projetos Pedag\u00f3gicos e Metodologias de Ensino","slug":"projetos-pedagogicos-e-metodologias-de-ensino","description":"","taxonomy":"grupo_pesquisa","parent":0,"term_taxonomy_id":13,"term_group":0,"count":162,"object_id":null,"term_order":null,"id":13}],"_links":{"self":[{"href":"https:\/\/repositorio.abejor.org.br\/index.php\/wp-json\/wp\/v2\/anal\/528","targetHints":{"allow":["GET"]}}],"collection":[{"href":"https:\/\/repositorio.abejor.org.br\/index.php\/wp-json\/wp\/v2\/anal"}],"about":[{"href":"https:\/\/repositorio.abejor.org.br\/index.php\/wp-json\/wp\/v2\/types\/anal"}],"wp:attachment":[{"href":"https:\/\/repositorio.abejor.org.br\/index.php\/wp-json\/wp\/v2\/media?parent=528"}],"wp:term":[{"taxonomy":"grupo_pesquisa","embeddable":true,"href":"https:\/\/repositorio.abejor.org.br\/index.php\/wp-json\/wp\/v2\/grupo_pesquisa?post=528"}],"curies":[{"name":"wp","href":"https:\/\/api.w.org\/{rel}","templated":true}]}}