{"id":494,"date":"2023-10-03T09:24:12","date_gmt":"2023-10-03T12:24:12","guid":{"rendered":"https:\/\/repositorio.abejor.org.br\/?post_type=anal&#038;p=494"},"modified":"2023-10-03T11:33:12","modified_gmt":"2023-10-03T14:33:12","slug":"dialogos-metodologicos-proposta-de-triangulacao-de-tecnicas-qualitativas-de-pesquisa-em-jornalismo","status":"publish","type":"anal","link":"https:\/\/repositorio.abejor.org.br\/?anal=dialogos-metodologicos-proposta-de-triangulacao-de-tecnicas-qualitativas-de-pesquisa-em-jornalismo","title":{"rendered":"DI\u00c1LOGOS METODOL\u00d3GICOS: PROPOSTA DE TRIANGULA\u00c7\u00c3O DE T\u00c9CNICAS QUALITATIVAS DE PESQUISA EM JORNALISMO"},"excerpt":{"rendered":"<p>Este texto apresenta a possibilidade da triangula\u00e7\u00e3o de tr\u00eas t\u00e9cnicas qualitativas na pesquisa sobre jornalismo quanto \u00e0 etapa de coleta de dados: a) observa\u00e7\u00e3o participante, b) entrevista em profundidade e c) codifica\u00e7\u00e3o anal\u00edtica. De car\u00e1ter te\u00f3rico, articula contribui\u00e7\u00f5es de autores como Santaella (2001), Haguette (1992), Goldenberg (2007), Lopes (2016), Flick (2004), Braga (2012), Delgado e Guti\u00e9rrez (1995), Angrosino (2009) e Sierra (2019).<\/p>\n","protected":false},"template":"","grupo_pesquisa":[15],"class_list":["post-494","anal","type-anal","status-publish","hentry","grupo_pesquisa-producao-cientifica"],"arquivo":{"ID":"495","post_author":"2","post_date":"2023-10-03 09:23:44","post_date_gmt":"2023-10-03 12:23:44","post_content":"","post_title":"DI\u00c1LOGOS METODOL\u00d3GICOS","post_excerpt":"","post_status":"inherit","comment_status":"open","ping_status":"closed","post_password":"","post_name":"dialogos-metodologicos","to_ping":"","pinged":"","post_modified":"2023-10-03 09:24:00","post_modified_gmt":"2023-10-03 12:24:00","post_content_filtered":"","post_parent":"494","guid":"https:\/\/repositorio.abejor.org.br\/wp-content\/uploads\/2023\/10\/DIALOGOS-METODOLOGICOS.pdf","menu_order":"0","post_type":"attachment","post_mime_type":"application\/pdf","comment_count":"0","pod_item_id":"495"},"autor":"CRISTIANE NAIARA ARA\u00daJO DE SOUZA","palavras_chaves":"Jornalismo, Pesquisa Qualitativa, T\u00e9cnicas de Pesquisa, Coleta de Dados.","evento":[{"ID":426,"post_title":"22\u00ba Encontro Nacional de Ensino de Jornalismo","post_content":"","post_excerpt":" 22\u00ba Encontro Nacional de Ensino de Jornalismo (22\u00ba ENEJor), promovido pela Associa\u00e7\u00e3o Brasileira de Ensino do Jornalismo (Abej), que ocorreu entre os dias 25 a 28 de abril de 2023, na Universidade Federal do Amazonas (UFAM).  O evento contou com 375 inscritos, 59 trabalhos aprovados para apresenta\u00e7\u00f5es nos Grupos de Pesquisa e no Grupo de Trabalho. Foi realizada a entrega do pr\u00eamio ABEJ de Personalidade de Destaque no Ensino de Jornalismo, concedida \u00e0 professora da Universidade Federal do Rio Grande do Sul, Sandra de Deus. Bem como, a homenagem ao professor do Departamento de Comunica\u00e7\u00e3o Social, professor Jo\u00e3o Bosco Ferreira e a aprova\u00e7\u00e3o da Carta de Manaus.","post_author":"2","post_date":"2023-10-02 23:45:39","post_date_gmt":"2023-10-03 02:45:39","post_status":"publish","comment_status":"closed","ping_status":"closed","post_password":"","post_name":"22o-encontro-nacional-de-ensino-de-jornalismo","to_ping":"","pinged":"","post_modified":"2023-10-11 21:07:27","post_modified_gmt":"2023-10-12 00:07:27","post_content_filtered":"","post_parent":0,"guid":"https:\/\/repositorio.abejor.org.br\/?post_type=evento&#038;p=426","menu_order":0,"post_type":"evento","post_mime_type":"","comment_count":"0","comments":false,"_thumbnail_id":["427","2","2023-10-02 22:10:34","2023-10-03 01:10:34","","WhatsApp Image 2023-10-02 at 19.11.32","","inherit","open","closed","","whatsapp-image-2023-10-02-at-19-11-32-2","","","2023-10-02 22:10:34","2023-10-03 01:10:34","","426","https:\/\/repositorio.abejor.org.br\/wp-content\/uploads\/2023\/10\/WhatsApp-Image-2023-10-02-at-19.11.32.jpeg","0","attachment","image\/jpeg","0","427"],"id":426}],"grupo_de_pesquisa":[{"term_id":15,"name":"Produ\u00e7\u00e3o Cient\u00edfica","slug":"producao-cientifica","description":"","taxonomy":"grupo_pesquisa","parent":0,"term_taxonomy_id":15,"term_group":0,"count":101,"object_id":null,"term_order":null,"id":15}],"_links":{"self":[{"href":"https:\/\/repositorio.abejor.org.br\/index.php\/wp-json\/wp\/v2\/anal\/494","targetHints":{"allow":["GET"]}}],"collection":[{"href":"https:\/\/repositorio.abejor.org.br\/index.php\/wp-json\/wp\/v2\/anal"}],"about":[{"href":"https:\/\/repositorio.abejor.org.br\/index.php\/wp-json\/wp\/v2\/types\/anal"}],"wp:attachment":[{"href":"https:\/\/repositorio.abejor.org.br\/index.php\/wp-json\/wp\/v2\/media?parent=494"}],"wp:term":[{"taxonomy":"grupo_pesquisa","embeddable":true,"href":"https:\/\/repositorio.abejor.org.br\/index.php\/wp-json\/wp\/v2\/grupo_pesquisa?post=494"}],"curies":[{"name":"wp","href":"https:\/\/api.w.org\/{rel}","templated":true}]}}