{"id":480,"date":"2023-10-03T08:43:25","date_gmt":"2023-10-03T11:43:25","guid":{"rendered":"https:\/\/repositorio.abejor.org.br\/?post_type=anal&#038;p=480"},"modified":"2023-10-03T11:29:53","modified_gmt":"2023-10-03T14:29:53","slug":"autorretratos-e-pos-modernidade-analise-das-obras-de-cindy-sherman","status":"publish","type":"anal","link":"https:\/\/repositorio.abejor.org.br\/?anal=autorretratos-e-pos-modernidade-analise-das-obras-de-cindy-sherman","title":{"rendered":"AUTORRETRATOS E P\u00d3S-MODERNIDADE: AN\u00c1LISE DAS OBRAS DE CINDY SHERMAN"},"excerpt":{"rendered":"<p>Este projeto de pesquisa prop\u00f5e-se a analisar o uso do dispositivo fotogr\u00e1fico como mecanismo de desconstru\u00e7\u00e3o dos estere\u00f3tipos e dos modos de representa\u00e7\u00e3o do \u201coutro\u201d no pensamento est\u00e9tico contempor\u00e2neo. Parte-se da obra da fot\u00f3grafa conceitual Cindy Sherman e como recorte de pesquisa, pr\u00e9-selecionamos quatro obras e o Instagram da artista: \u201cA Play of Selves\u201d, \u201cUntitled Film Stills\u201d, \u201cHistory Protraits\u201d e \u201cThe Cosmopolitans\u201d.<\/p>\n","protected":false},"template":"","grupo_pesquisa":[15],"class_list":["post-480","anal","type-anal","status-publish","hentry","grupo_pesquisa-producao-cientifica"],"arquivo":{"ID":"481","post_author":"2","post_date":"2023-10-03 08:43:02","post_date_gmt":"2023-10-03 11:43:02","post_content":"","post_title":"AUTORRETRATOS E P\u00d3S-MODERNIDADE","post_excerpt":"","post_status":"inherit","comment_status":"open","ping_status":"closed","post_password":"","post_name":"autorretratos-e-pos-modernidade","to_ping":"","pinged":"","post_modified":"2023-10-03 08:43:07","post_modified_gmt":"2023-10-03 11:43:07","post_content_filtered":"","post_parent":"480","guid":"https:\/\/repositorio.abejor.org.br\/wp-content\/uploads\/2023\/10\/AUTORRETRATOS-E-POS-MODERNIDADE.pdf","menu_order":"0","post_type":"attachment","post_mime_type":"application\/pdf","comment_count":"0","pod_item_id":"481"},"autor":"Andrya Pietra Garrido de Souza; Camila Leite de Araujo","palavras_chaves":"Sherman, Fotografia, Personas, Identidade, Representa\u00e7\u00e3o.","evento":[{"ID":426,"post_title":"22\u00ba Encontro Nacional de Ensino de Jornalismo","post_content":"","post_excerpt":" 22\u00ba Encontro Nacional de Ensino de Jornalismo (22\u00ba ENEJor), promovido pela Associa\u00e7\u00e3o Brasileira de Ensino do Jornalismo (Abej), que ocorreu entre os dias 25 a 28 de abril de 2023, na Universidade Federal do Amazonas (UFAM).  O evento contou com 375 inscritos, 59 trabalhos aprovados para apresenta\u00e7\u00f5es nos Grupos de Pesquisa e no Grupo de Trabalho. Foi realizada a entrega do pr\u00eamio ABEJ de Personalidade de Destaque no Ensino de Jornalismo, concedida \u00e0 professora da Universidade Federal do Rio Grande do Sul, Sandra de Deus. Bem como, a homenagem ao professor do Departamento de Comunica\u00e7\u00e3o Social, professor Jo\u00e3o Bosco Ferreira e a aprova\u00e7\u00e3o da Carta de Manaus.","post_author":"2","post_date":"2023-10-02 23:45:39","post_date_gmt":"2023-10-03 02:45:39","post_status":"publish","comment_status":"closed","ping_status":"closed","post_password":"","post_name":"22o-encontro-nacional-de-ensino-de-jornalismo","to_ping":"","pinged":"","post_modified":"2023-10-11 21:07:27","post_modified_gmt":"2023-10-12 00:07:27","post_content_filtered":"","post_parent":0,"guid":"https:\/\/repositorio.abejor.org.br\/?post_type=evento&#038;p=426","menu_order":0,"post_type":"evento","post_mime_type":"","comment_count":"0","comments":false,"_thumbnail_id":["427","2","2023-10-02 22:10:34","2023-10-03 01:10:34","","WhatsApp Image 2023-10-02 at 19.11.32","","inherit","open","closed","","whatsapp-image-2023-10-02-at-19-11-32-2","","","2023-10-02 22:10:34","2023-10-03 01:10:34","","426","https:\/\/repositorio.abejor.org.br\/wp-content\/uploads\/2023\/10\/WhatsApp-Image-2023-10-02-at-19.11.32.jpeg","0","attachment","image\/jpeg","0","427"],"id":426}],"grupo_de_pesquisa":[{"term_id":15,"name":"Produ\u00e7\u00e3o Cient\u00edfica","slug":"producao-cientifica","description":"","taxonomy":"grupo_pesquisa","parent":0,"term_taxonomy_id":15,"term_group":0,"count":101,"object_id":null,"term_order":null,"id":15}],"_links":{"self":[{"href":"https:\/\/repositorio.abejor.org.br\/index.php\/wp-json\/wp\/v2\/anal\/480","targetHints":{"allow":["GET"]}}],"collection":[{"href":"https:\/\/repositorio.abejor.org.br\/index.php\/wp-json\/wp\/v2\/anal"}],"about":[{"href":"https:\/\/repositorio.abejor.org.br\/index.php\/wp-json\/wp\/v2\/types\/anal"}],"wp:attachment":[{"href":"https:\/\/repositorio.abejor.org.br\/index.php\/wp-json\/wp\/v2\/media?parent=480"}],"wp:term":[{"taxonomy":"grupo_pesquisa","embeddable":true,"href":"https:\/\/repositorio.abejor.org.br\/index.php\/wp-json\/wp\/v2\/grupo_pesquisa?post=480"}],"curies":[{"name":"wp","href":"https:\/\/api.w.org\/{rel}","templated":true}]}}