{"id":476,"date":"2023-10-03T08:28:50","date_gmt":"2023-10-03T11:28:50","guid":{"rendered":"https:\/\/repositorio.abejor.org.br\/?post_type=anal&#038;p=476"},"modified":"2023-10-03T11:07:46","modified_gmt":"2023-10-03T14:07:46","slug":"jornalismo-etica-e-diversidade-na-sociedade-da-acao-direta-do-capital","status":"publish","type":"anal","link":"https:\/\/repositorio.abejor.org.br\/?anal=jornalismo-etica-e-diversidade-na-sociedade-da-acao-direta-do-capital","title":{"rendered":"JORNALISMO, \u00c9TICA E DIVERSIDADE NA SOCIEDADE DA A\u00c7\u00c3O DIRETA DO CAPITAL"},"excerpt":{"rendered":"<p>A agenda da diversidade ganhou espa\u00e7o significativo no jornalismo hegem\u00f4nico por conta da press\u00e3o dos movimentos sociais. Tal aumento de visibilidade ocorre dentro dos par\u00e2metros de uma sociedade marcada pela \u201cA\u00e7\u00e3o Direta do Capital\u201d que se caracteriza pela hipertrofia da esfera privada-econ\u00f4mica sobre as esferas p\u00fablica-pol\u00edtica e \u00edntima, revertendo os avan\u00e7os dos movimentos contraculturais dos anos 1960. <\/p>\n","protected":false},"template":"","grupo_pesquisa":[10],"class_list":["post-476","anal","type-anal","status-publish","hentry","grupo_pesquisa-ensino-de-etica-e-teorias-do-jornalismo"],"arquivo":{"ID":"477","post_author":"2","post_date":"2023-10-03 08:28:25","post_date_gmt":"2023-10-03 11:28:25","post_content":"","post_title":"JORNALISMO, \u00c9TICA E DIVERSIDADE","post_excerpt":"","post_status":"inherit","comment_status":"open","ping_status":"closed","post_password":"","post_name":"jornalismo-etica-e-diversidade","to_ping":"","pinged":"","post_modified":"2023-10-03 08:28:30","post_modified_gmt":"2023-10-03 11:28:30","post_content_filtered":"","post_parent":"476","guid":"https:\/\/repositorio.abejor.org.br\/wp-content\/uploads\/2023\/10\/JORNALISMO-ETICA-E-DIVERSIDADE-.pdf","menu_order":"0","post_type":"attachment","post_mime_type":"application\/pdf","comment_count":"0","pod_item_id":"477"},"autor":"Dennis de Oliveira","palavras_chaves":"Jornalismo \u00c9tica e diversidade, Jornalismo e A\u00e7\u00e3o Direta do Capital, Jornalismo e Rela\u00e7\u00f5es Raciais e de G\u00eanero","evento":[{"ID":426,"post_title":"22\u00ba Encontro Nacional de Ensino de Jornalismo","post_content":"","post_excerpt":" 22\u00ba Encontro Nacional de Ensino de Jornalismo (22\u00ba ENEJor), promovido pela Associa\u00e7\u00e3o Brasileira de Ensino do Jornalismo (Abej), que ocorreu entre os dias 25 a 28 de abril de 2023, na Universidade Federal do Amazonas (UFAM).  O evento contou com 375 inscritos, 59 trabalhos aprovados para apresenta\u00e7\u00f5es nos Grupos de Pesquisa e no Grupo de Trabalho. Foi realizada a entrega do pr\u00eamio ABEJ de Personalidade de Destaque no Ensino de Jornalismo, concedida \u00e0 professora da Universidade Federal do Rio Grande do Sul, Sandra de Deus. Bem como, a homenagem ao professor do Departamento de Comunica\u00e7\u00e3o Social, professor Jo\u00e3o Bosco Ferreira e a aprova\u00e7\u00e3o da Carta de Manaus.","post_author":"2","post_date":"2023-10-02 23:45:39","post_date_gmt":"2023-10-03 02:45:39","post_status":"publish","comment_status":"closed","ping_status":"closed","post_password":"","post_name":"22o-encontro-nacional-de-ensino-de-jornalismo","to_ping":"","pinged":"","post_modified":"2023-10-11 21:07:27","post_modified_gmt":"2023-10-12 00:07:27","post_content_filtered":"","post_parent":0,"guid":"https:\/\/repositorio.abejor.org.br\/?post_type=evento&#038;p=426","menu_order":0,"post_type":"evento","post_mime_type":"","comment_count":"0","comments":false,"_thumbnail_id":["427","2","2023-10-02 22:10:34","2023-10-03 01:10:34","","WhatsApp Image 2023-10-02 at 19.11.32","","inherit","open","closed","","whatsapp-image-2023-10-02-at-19-11-32-2","","","2023-10-02 22:10:34","2023-10-03 01:10:34","","426","https:\/\/repositorio.abejor.org.br\/wp-content\/uploads\/2023\/10\/WhatsApp-Image-2023-10-02-at-19.11.32.jpeg","0","attachment","image\/jpeg","0","427"],"id":426}],"grupo_de_pesquisa":[{"term_id":10,"name":"Ensino de \u00c9tica e Teorias do Jornalismo","slug":"ensino-de-etica-e-teorias-do-jornalismo","description":"","taxonomy":"grupo_pesquisa","parent":0,"term_taxonomy_id":10,"term_group":0,"count":84,"object_id":null,"term_order":null,"id":10}],"_links":{"self":[{"href":"https:\/\/repositorio.abejor.org.br\/index.php\/wp-json\/wp\/v2\/anal\/476","targetHints":{"allow":["GET"]}}],"collection":[{"href":"https:\/\/repositorio.abejor.org.br\/index.php\/wp-json\/wp\/v2\/anal"}],"about":[{"href":"https:\/\/repositorio.abejor.org.br\/index.php\/wp-json\/wp\/v2\/types\/anal"}],"wp:attachment":[{"href":"https:\/\/repositorio.abejor.org.br\/index.php\/wp-json\/wp\/v2\/media?parent=476"}],"wp:term":[{"taxonomy":"grupo_pesquisa","embeddable":true,"href":"https:\/\/repositorio.abejor.org.br\/index.php\/wp-json\/wp\/v2\/grupo_pesquisa?post=476"}],"curies":[{"name":"wp","href":"https:\/\/api.w.org\/{rel}","templated":true}]}}