{"id":452,"date":"2023-10-03T00:34:38","date_gmt":"2023-10-03T03:34:38","guid":{"rendered":"https:\/\/repositorio.abejor.org.br\/?post_type=anal&#038;p=452"},"modified":"2023-10-03T00:34:38","modified_gmt":"2023-10-03T03:34:38","slug":"pistas-decoloniais-na-pratica-jornalista-nos-encontros-enejor-e-rebej","status":"publish","type":"anal","link":"https:\/\/repositorio.abejor.org.br\/?anal=pistas-decoloniais-na-pratica-jornalista-nos-encontros-enejor-e-rebej","title":{"rendered":"Pistas decoloniais na pr\u00e1tica jornalista nos encontros Enejor e Rebej"},"excerpt":{"rendered":"<p>Discute-se a forma\u00e7\u00e3o jornal\u00edstica, o exerc\u00edcio da cidadania e a emancipa\u00e7\u00e3o social como revitaliza\u00e7\u00e3o da fun\u00e7\u00e3o social do jornalismo, v\u00ednculos \u00e0 pr\u00e1tica decolonial. A an\u00e1lise documental possibilitou identificar no Enejor e na Rejeb ind\u00edcios decoloniais que potencializam a pr\u00e1tica jornal\u00edstica e refor\u00e7a a pedagogia do jornalismo aliada \u00e0 educomunica\u00e7\u00e3o, capaz de transformar territ\u00f3rios vulner\u00e1veis em territ\u00f3rios educativos<\/p>\n","protected":false},"template":"","grupo_pesquisa":[9],"class_list":["post-452","anal","type-anal","status-publish","hentry","grupo_pesquisa-atividades-de-extensao"],"arquivo":{"ID":"469","post_author":"2","post_date":"2023-10-03 00:33:28","post_date_gmt":"2023-10-03 03:33:28","post_content":"","post_title":"pistas","post_excerpt":"","post_status":"inherit","comment_status":"open","ping_status":"closed","post_password":"","post_name":"pistas","to_ping":"","pinged":"","post_modified":"2023-10-03 00:34:06","post_modified_gmt":"2023-10-03 03:34:06","post_content_filtered":"","post_parent":"452","guid":"https:\/\/repositorio.abejor.org.br\/wp-content\/uploads\/2023\/10\/pistas.pdf","menu_order":"0","post_type":"attachment","post_mime_type":"application\/pdf","comment_count":"0","pod_item_id":"469"},"autor":"Antonia Alves Pereira; Sonia Virg\u00ednia Moreira","palavras_chaves":"Jornalismo, Ensino de jornalismo, Decolonialidade, Emancipa\u00e7\u00e3o social, Interculturalidade","evento":[{"ID":426,"post_title":"22\u00ba Encontro Nacional de Ensino de Jornalismo","post_content":"","post_excerpt":" 22\u00ba Encontro Nacional de Ensino de Jornalismo (22\u00ba ENEJor), promovido pela Associa\u00e7\u00e3o Brasileira de Ensino do Jornalismo (Abej), que ocorreu entre os dias 25 a 28 de abril de 2023, na Universidade Federal do Amazonas (UFAM).  O evento contou com 375 inscritos, 59 trabalhos aprovados para apresenta\u00e7\u00f5es nos Grupos de Pesquisa e no Grupo de Trabalho. Foi realizada a entrega do pr\u00eamio ABEJ de Personalidade de Destaque no Ensino de Jornalismo, concedida \u00e0 professora da Universidade Federal do Rio Grande do Sul, Sandra de Deus. Bem como, a homenagem ao professor do Departamento de Comunica\u00e7\u00e3o Social, professor Jo\u00e3o Bosco Ferreira e a aprova\u00e7\u00e3o da Carta de Manaus.","post_author":"2","post_date":"2023-10-02 23:45:39","post_date_gmt":"2023-10-03 02:45:39","post_status":"publish","comment_status":"closed","ping_status":"closed","post_password":"","post_name":"22o-encontro-nacional-de-ensino-de-jornalismo","to_ping":"","pinged":"","post_modified":"2023-10-11 21:07:27","post_modified_gmt":"2023-10-12 00:07:27","post_content_filtered":"","post_parent":0,"guid":"https:\/\/repositorio.abejor.org.br\/?post_type=evento&#038;p=426","menu_order":0,"post_type":"evento","post_mime_type":"","comment_count":"0","comments":false,"_thumbnail_id":["427","2","2023-10-02 22:10:34","2023-10-03 01:10:34","","WhatsApp Image 2023-10-02 at 19.11.32","","inherit","open","closed","","whatsapp-image-2023-10-02-at-19-11-32-2","","","2023-10-02 22:10:34","2023-10-03 01:10:34","","426","https:\/\/repositorio.abejor.org.br\/wp-content\/uploads\/2023\/10\/WhatsApp-Image-2023-10-02-at-19.11.32.jpeg","0","attachment","image\/jpeg","0","427"],"id":426}],"grupo_de_pesquisa":[{"term_id":9,"name":"Atividades de Extens\u00e3o","slug":"atividades-de-extensao","description":"","taxonomy":"grupo_pesquisa","parent":0,"term_taxonomy_id":9,"term_group":0,"count":151,"object_id":null,"term_order":null,"id":9}],"_links":{"self":[{"href":"https:\/\/repositorio.abejor.org.br\/index.php\/wp-json\/wp\/v2\/anal\/452","targetHints":{"allow":["GET"]}}],"collection":[{"href":"https:\/\/repositorio.abejor.org.br\/index.php\/wp-json\/wp\/v2\/anal"}],"about":[{"href":"https:\/\/repositorio.abejor.org.br\/index.php\/wp-json\/wp\/v2\/types\/anal"}],"wp:attachment":[{"href":"https:\/\/repositorio.abejor.org.br\/index.php\/wp-json\/wp\/v2\/media?parent=452"}],"wp:term":[{"taxonomy":"grupo_pesquisa","embeddable":true,"href":"https:\/\/repositorio.abejor.org.br\/index.php\/wp-json\/wp\/v2\/grupo_pesquisa?post=452"}],"curies":[{"name":"wp","href":"https:\/\/api.w.org\/{rel}","templated":true}]}}