{"id":450,"date":"2023-10-03T00:25:38","date_gmt":"2023-10-03T03:25:38","guid":{"rendered":"https:\/\/repositorio.abejor.org.br\/?post_type=anal&#038;p=450"},"modified":"2023-10-03T11:01:16","modified_gmt":"2023-10-03T14:01:16","slug":"a-utilizacao-dos-recursos-de-producao-audiovisual-por-estudantes-do-ensino-fundamental-e-medio-analise-comparativa-de-experiencias-realizadas-em-tres-instituicoes-educacionais-de-assis-sp","status":"publish","type":"anal","link":"https:\/\/repositorio.abejor.org.br\/?anal=a-utilizacao-dos-recursos-de-producao-audiovisual-por-estudantes-do-ensino-fundamental-e-medio-analise-comparativa-de-experiencias-realizadas-em-tres-instituicoes-educacionais-de-assis-sp","title":{"rendered":"A UTILIZA\u00c7\u00c3O DOS RECURSOS DE PRODU\u00c7\u00c3O AUDIOVISUAL POR ESTUDANTES DO ENSINO FUNDAMENTAL E M\u00c9DIO: AN\u00c1LISE COMPARATIVA DE EXPERI\u00caNCIAS REALIZADAS EM TR\u00caS INSTITUI\u00c7\u00d5ES EDUCACIONAIS DE ASSIS \u2013 SP"},"excerpt":{"rendered":"<p>O trabalho foi desenvolvido atrav\u00e9s de experi\u00eancias em produ\u00e7\u00e3o audiovisual com estudantes de tr\u00eas institui\u00e7\u00f5es e avaliou a contribui\u00e7\u00e3o dos grupos que participaram do projeto \u201cTV na Escola\u201d. Abordamos a educomunica\u00e7\u00e3o como pr\u00e1tica e instrumento de interven\u00e7\u00e3o social e sua aplica\u00e7\u00e3o atrav\u00e9s do audiovisual como uma democratiza\u00e7\u00e3o dos meios de comunica\u00e7\u00e3o para o exerc\u00edcio da cidadania, na constru\u00e7\u00e3o da identidade e dos valores dos jovens.<\/p>\n","protected":false},"template":"","grupo_pesquisa":[9],"class_list":["post-450","anal","type-anal","status-publish","hentry","grupo_pesquisa-atividades-de-extensao"],"arquivo":{"ID":"468","post_author":"2","post_date":"2023-10-03 00:24:06","post_date_gmt":"2023-10-03 03:24:06","post_content":"","post_title":"A utiliza\u00e7\u00e3o dos recursos","post_excerpt":"","post_status":"inherit","comment_status":"open","ping_status":"closed","post_password":"","post_name":"a-utilizacao-dos-recursos","to_ping":"","pinged":"","post_modified":"2023-10-03 00:25:10","post_modified_gmt":"2023-10-03 03:25:10","post_content_filtered":"","post_parent":"450","guid":"https:\/\/repositorio.abejor.org.br\/wp-content\/uploads\/2023\/10\/A-utilizacao-dos-recursos.pdf","menu_order":"0","post_type":"attachment","post_mime_type":"application\/pdf","comment_count":"0","pod_item_id":"468"},"autor":"Naiana Leme Camoleze","palavras_chaves":"Educomunica\u00e7\u00e3o, Produ\u00e7\u00e3o Audiovisual, Escola","evento":[{"ID":426,"post_title":"22\u00ba Encontro Nacional de Ensino de Jornalismo","post_content":"","post_excerpt":" 22\u00ba Encontro Nacional de Ensino de Jornalismo (22\u00ba ENEJor), promovido pela Associa\u00e7\u00e3o Brasileira de Ensino do Jornalismo (Abej), que ocorreu entre os dias 25 a 28 de abril de 2023, na Universidade Federal do Amazonas (UFAM).  O evento contou com 375 inscritos, 59 trabalhos aprovados para apresenta\u00e7\u00f5es nos Grupos de Pesquisa e no Grupo de Trabalho. Foi realizada a entrega do pr\u00eamio ABEJ de Personalidade de Destaque no Ensino de Jornalismo, concedida \u00e0 professora da Universidade Federal do Rio Grande do Sul, Sandra de Deus. Bem como, a homenagem ao professor do Departamento de Comunica\u00e7\u00e3o Social, professor Jo\u00e3o Bosco Ferreira e a aprova\u00e7\u00e3o da Carta de Manaus.","post_author":"2","post_date":"2023-10-02 23:45:39","post_date_gmt":"2023-10-03 02:45:39","post_status":"publish","comment_status":"closed","ping_status":"closed","post_password":"","post_name":"22o-encontro-nacional-de-ensino-de-jornalismo","to_ping":"","pinged":"","post_modified":"2023-10-11 21:07:27","post_modified_gmt":"2023-10-12 00:07:27","post_content_filtered":"","post_parent":0,"guid":"https:\/\/repositorio.abejor.org.br\/?post_type=evento&#038;p=426","menu_order":0,"post_type":"evento","post_mime_type":"","comment_count":"0","comments":false,"_thumbnail_id":["427","2","2023-10-02 22:10:34","2023-10-03 01:10:34","","WhatsApp Image 2023-10-02 at 19.11.32","","inherit","open","closed","","whatsapp-image-2023-10-02-at-19-11-32-2","","","2023-10-02 22:10:34","2023-10-03 01:10:34","","426","https:\/\/repositorio.abejor.org.br\/wp-content\/uploads\/2023\/10\/WhatsApp-Image-2023-10-02-at-19.11.32.jpeg","0","attachment","image\/jpeg","0","427"],"id":426}],"grupo_de_pesquisa":[{"term_id":9,"name":"Atividades de Extens\u00e3o","slug":"atividades-de-extensao","description":"","taxonomy":"grupo_pesquisa","parent":0,"term_taxonomy_id":9,"term_group":0,"count":151,"object_id":null,"term_order":null,"id":9}],"_links":{"self":[{"href":"https:\/\/repositorio.abejor.org.br\/index.php\/wp-json\/wp\/v2\/anal\/450","targetHints":{"allow":["GET"]}}],"collection":[{"href":"https:\/\/repositorio.abejor.org.br\/index.php\/wp-json\/wp\/v2\/anal"}],"about":[{"href":"https:\/\/repositorio.abejor.org.br\/index.php\/wp-json\/wp\/v2\/types\/anal"}],"wp:attachment":[{"href":"https:\/\/repositorio.abejor.org.br\/index.php\/wp-json\/wp\/v2\/media?parent=450"}],"wp:term":[{"taxonomy":"grupo_pesquisa","embeddable":true,"href":"https:\/\/repositorio.abejor.org.br\/index.php\/wp-json\/wp\/v2\/grupo_pesquisa?post=450"}],"curies":[{"name":"wp","href":"https:\/\/api.w.org\/{rel}","templated":true}]}}