{"id":448,"date":"2023-10-03T00:20:50","date_gmt":"2023-10-03T03:20:50","guid":{"rendered":"https:\/\/repositorio.abejor.org.br\/?post_type=anal&#038;p=448"},"modified":"2023-10-03T11:00:33","modified_gmt":"2023-10-03T14:00:33","slug":"necessidade-da-extensao-em-direitos-humanos-na-formacao-em-jornalismo-reflexoes-sobre-a-producao-televisiva-e-o-sensacionalismo","status":"publish","type":"anal","link":"https:\/\/repositorio.abejor.org.br\/?anal=necessidade-da-extensao-em-direitos-humanos-na-formacao-em-jornalismo-reflexoes-sobre-a-producao-televisiva-e-o-sensacionalismo","title":{"rendered":"NECESSIDADE DA EXTENS\u00c3O EM DIREITOS HUMANOS NA FORMA\u00c7\u00c3O EM JORNALISMO: REFLEX\u00d5ES SOBRE A PRODU\u00c7\u00c3O TELEVISIVA E O SENSACIONALISMO"},"excerpt":{"rendered":"<p>Prop\u00f5es-se neste artigo estabelecer uma rela\u00e7\u00e3o entre a forma\u00e7\u00e3o em jornalismo e a import\u00e2ncia da extens\u00e3o universit\u00e1ria, em Direitos Humanos, tendo em vista as experi\u00eancias de campo e de pesquisa bibliogr\u00e1fica vivenciados com estudantes. Busca-se as fronteiras que englobam a produ\u00e7\u00e3o jornal\u00edstica televisiva e o sensacionalismo, enquanto viola\u00e7\u00e3o de direitos humanos.<\/p>\n","protected":false},"template":"","grupo_pesquisa":[9],"class_list":["post-448","anal","type-anal","status-publish","hentry","grupo_pesquisa-atividades-de-extensao"],"arquivo":{"ID":"467","post_author":"2","post_date":"2023-10-03 00:19:27","post_date_gmt":"2023-10-03 03:19:27","post_content":"","post_title":"artigo-475c489f399ecb0f4e6ce516f38de5b0f652746f-arquivo","post_excerpt":"","post_status":"inherit","comment_status":"open","ping_status":"closed","post_password":"","post_name":"artigo-475c489f399ecb0f4e6ce516f38de5b0f652746f-arquivo","to_ping":"","pinged":"","post_modified":"2023-10-03 00:20:08","post_modified_gmt":"2023-10-03 03:20:08","post_content_filtered":"","post_parent":"448","guid":"https:\/\/repositorio.abejor.org.br\/wp-content\/uploads\/2023\/10\/artigo-475c489f399ecb0f4e6ce516f38de5b0f652746f-arquivo.pdf","menu_order":"0","post_type":"attachment","post_mime_type":"application\/pdf","comment_count":"0","pod_item_id":"467"},"autor":"N\u00fabia da Cunha Sim\u00e3o","palavras_chaves":"Jornalismo, Extens\u00e3o, Direitos Humanos, Televis\u00e3o, Sensacionalismo","evento":[{"ID":426,"post_title":"22\u00ba Encontro Nacional de Ensino de Jornalismo","post_content":"","post_excerpt":" 22\u00ba Encontro Nacional de Ensino de Jornalismo (22\u00ba ENEJor), promovido pela Associa\u00e7\u00e3o Brasileira de Ensino do Jornalismo (Abej), que ocorreu entre os dias 25 a 28 de abril de 2023, na Universidade Federal do Amazonas (UFAM).  O evento contou com 375 inscritos, 59 trabalhos aprovados para apresenta\u00e7\u00f5es nos Grupos de Pesquisa e no Grupo de Trabalho. Foi realizada a entrega do pr\u00eamio ABEJ de Personalidade de Destaque no Ensino de Jornalismo, concedida \u00e0 professora da Universidade Federal do Rio Grande do Sul, Sandra de Deus. Bem como, a homenagem ao professor do Departamento de Comunica\u00e7\u00e3o Social, professor Jo\u00e3o Bosco Ferreira e a aprova\u00e7\u00e3o da Carta de Manaus.","post_author":"2","post_date":"2023-10-02 23:45:39","post_date_gmt":"2023-10-03 02:45:39","post_status":"publish","comment_status":"closed","ping_status":"closed","post_password":"","post_name":"22o-encontro-nacional-de-ensino-de-jornalismo","to_ping":"","pinged":"","post_modified":"2023-10-11 21:07:27","post_modified_gmt":"2023-10-12 00:07:27","post_content_filtered":"","post_parent":0,"guid":"https:\/\/repositorio.abejor.org.br\/?post_type=evento&#038;p=426","menu_order":0,"post_type":"evento","post_mime_type":"","comment_count":"0","comments":false,"_thumbnail_id":["427","2","2023-10-02 22:10:34","2023-10-03 01:10:34","","WhatsApp Image 2023-10-02 at 19.11.32","","inherit","open","closed","","whatsapp-image-2023-10-02-at-19-11-32-2","","","2023-10-02 22:10:34","2023-10-03 01:10:34","","426","https:\/\/repositorio.abejor.org.br\/wp-content\/uploads\/2023\/10\/WhatsApp-Image-2023-10-02-at-19.11.32.jpeg","0","attachment","image\/jpeg","0","427"],"id":426}],"grupo_de_pesquisa":[{"term_id":9,"name":"Atividades de Extens\u00e3o","slug":"atividades-de-extensao","description":"","taxonomy":"grupo_pesquisa","parent":0,"term_taxonomy_id":9,"term_group":0,"count":151,"object_id":null,"term_order":null,"id":9}],"_links":{"self":[{"href":"https:\/\/repositorio.abejor.org.br\/index.php\/wp-json\/wp\/v2\/anal\/448","targetHints":{"allow":["GET"]}}],"collection":[{"href":"https:\/\/repositorio.abejor.org.br\/index.php\/wp-json\/wp\/v2\/anal"}],"about":[{"href":"https:\/\/repositorio.abejor.org.br\/index.php\/wp-json\/wp\/v2\/types\/anal"}],"wp:attachment":[{"href":"https:\/\/repositorio.abejor.org.br\/index.php\/wp-json\/wp\/v2\/media?parent=448"}],"wp:term":[{"taxonomy":"grupo_pesquisa","embeddable":true,"href":"https:\/\/repositorio.abejor.org.br\/index.php\/wp-json\/wp\/v2\/grupo_pesquisa?post=448"}],"curies":[{"name":"wp","href":"https:\/\/api.w.org\/{rel}","templated":true}]}}