{"id":425,"date":"2023-10-02T23:53:43","date_gmt":"2023-10-03T02:53:43","guid":{"rendered":"https:\/\/repositorio.abejor.org.br\/?post_type=anal&#038;p=425"},"modified":"2023-10-02T23:53:43","modified_gmt":"2023-10-03T02:53:43","slug":"amaciencia-relato-de-experiencia-sobre-a-podserie","status":"publish","type":"anal","link":"https:\/\/repositorio.abejor.org.br\/?anal=amaciencia-relato-de-experiencia-sobre-a-podserie","title":{"rendered":"\u201cAMACI\u00caNCIA\u201d: RELATO DE EXPERI\u00caNCIA SOBRE A PODS\u00c9RIE"},"excerpt":{"rendered":"<p>Este relato conta a experi\u00eancia da \u201cPods\u00e9rie AMAci\u00eancia\u201d, projeto de extens\u00e3o voltado para a produ\u00e7\u00e3o de jornalismo cient\u00edfico na Amaz\u00f4nia desenvolvido no curso de Comunica\u00e7\u00e3o Social &#8211; Jornalismo da Universidade Federal do Amazonas (UFAM-Parintins). Para al\u00e9m da promo\u00e7\u00e3o de pr\u00e1ticas laboratoriais e experimentais no curso de Jornalismo, a iniciativa deu visibilidade \u00e0s pesquisas cient\u00edficas desenvolvidas no \u00e2mbito da UFAM e outras institui\u00e7\u00f5es da regi\u00e3o, estimulando a interdisciplinaridade por meio do envolvimento da comunidade acad\u00eamica dos mais diversos cursos e a difus\u00e3o do conhecimento cient\u00edfico para o p\u00fablico interno e externo \u00e0 Universidade. <\/p>\n","protected":false},"template":"","grupo_pesquisa":[9],"class_list":["post-425","anal","type-anal","status-publish","hentry","grupo_pesquisa-atividades-de-extensao"],"arquivo":{"ID":"459","post_author":"2","post_date":"2023-10-02 23:50:59","post_date_gmt":"2023-10-03 02:50:59","post_content":"","post_title":"31-03-2023","post_excerpt":"","post_status":"inherit","comment_status":"open","ping_status":"closed","post_password":"","post_name":"31-03-2023","to_ping":"","pinged":"","post_modified":"2023-10-02 23:51:25","post_modified_gmt":"2023-10-03 02:51:25","post_content_filtered":"","post_parent":"425","guid":"https:\/\/repositorio.abejor.org.br\/wp-content\/uploads\/2023\/10\/31-03-2023.pdf","menu_order":"0","post_type":"attachment","post_mime_type":"application\/pdf","comment_count":"0","pod_item_id":"459"},"autor":"Marina Magalh\u00e3es; Ana Beatriz Viana de Melo; Soraia Castro e Castro","palavras_chaves":"Jornalismo Cient\u00edfico, Divulga\u00e7\u00e3o cient\u00edfica, Amaz\u00f4nia, Podcast, AMAci\u00eancia","evento":[{"ID":426,"post_title":"22\u00ba Encontro Nacional de Ensino de Jornalismo","post_content":"","post_excerpt":" 22\u00ba Encontro Nacional de Ensino de Jornalismo (22\u00ba ENEJor), promovido pela Associa\u00e7\u00e3o Brasileira de Ensino do Jornalismo (Abej), que ocorreu entre os dias 25 a 28 de abril de 2023, na Universidade Federal do Amazonas (UFAM).  O evento contou com 375 inscritos, 59 trabalhos aprovados para apresenta\u00e7\u00f5es nos Grupos de Pesquisa e no Grupo de Trabalho. Foi realizada a entrega do pr\u00eamio ABEJ de Personalidade de Destaque no Ensino de Jornalismo, concedida \u00e0 professora da Universidade Federal do Rio Grande do Sul, Sandra de Deus. Bem como, a homenagem ao professor do Departamento de Comunica\u00e7\u00e3o Social, professor Jo\u00e3o Bosco Ferreira e a aprova\u00e7\u00e3o da Carta de Manaus.","post_author":"2","post_date":"2023-10-02 23:45:39","post_date_gmt":"2023-10-03 02:45:39","post_status":"publish","comment_status":"closed","ping_status":"closed","post_password":"","post_name":"22o-encontro-nacional-de-ensino-de-jornalismo","to_ping":"","pinged":"","post_modified":"2023-10-11 21:07:27","post_modified_gmt":"2023-10-12 00:07:27","post_content_filtered":"","post_parent":0,"guid":"https:\/\/repositorio.abejor.org.br\/?post_type=evento&#038;p=426","menu_order":0,"post_type":"evento","post_mime_type":"","comment_count":"0","comments":false,"_thumbnail_id":["427","2","2023-10-02 22:10:34","2023-10-03 01:10:34","","WhatsApp Image 2023-10-02 at 19.11.32","","inherit","open","closed","","whatsapp-image-2023-10-02-at-19-11-32-2","","","2023-10-02 22:10:34","2023-10-03 01:10:34","","426","https:\/\/repositorio.abejor.org.br\/wp-content\/uploads\/2023\/10\/WhatsApp-Image-2023-10-02-at-19.11.32.jpeg","0","attachment","image\/jpeg","0","427"],"id":426}],"grupo_de_pesquisa":[{"term_id":9,"name":"Atividades de Extens\u00e3o","slug":"atividades-de-extensao","description":"","taxonomy":"grupo_pesquisa","parent":0,"term_taxonomy_id":9,"term_group":0,"count":151,"object_id":null,"term_order":null,"id":9}],"_links":{"self":[{"href":"https:\/\/repositorio.abejor.org.br\/index.php\/wp-json\/wp\/v2\/anal\/425","targetHints":{"allow":["GET"]}}],"collection":[{"href":"https:\/\/repositorio.abejor.org.br\/index.php\/wp-json\/wp\/v2\/anal"}],"about":[{"href":"https:\/\/repositorio.abejor.org.br\/index.php\/wp-json\/wp\/v2\/types\/anal"}],"wp:attachment":[{"href":"https:\/\/repositorio.abejor.org.br\/index.php\/wp-json\/wp\/v2\/media?parent=425"}],"wp:term":[{"taxonomy":"grupo_pesquisa","embeddable":true,"href":"https:\/\/repositorio.abejor.org.br\/index.php\/wp-json\/wp\/v2\/grupo_pesquisa?post=425"}],"curies":[{"name":"wp","href":"https:\/\/api.w.org\/{rel}","templated":true}]}}