{"id":2457,"date":"2025-06-04T18:30:04","date_gmt":"2025-06-04T21:30:04","guid":{"rendered":"https:\/\/repositorio.abejor.org.br\/?post_type=anal&#038;p=2457"},"modified":"2025-06-04T18:30:04","modified_gmt":"2025-06-04T21:30:04","slug":"educacao-midiatica-como-estrategia-de-ensino-de-jornalismo-avaliacao-do-jogo-didatico-sobre-desinformacao-real-ou-fake","status":"publish","type":"anal","link":"https:\/\/repositorio.abejor.org.br\/?anal=educacao-midiatica-como-estrategia-de-ensino-de-jornalismo-avaliacao-do-jogo-didatico-sobre-desinformacao-real-ou-fake","title":{"rendered":"EDUCA\u00c7\u00c3O MIDI\u00c1TICA COMO ESTRAT\u00c9GIA DE ENSINO DE JORNALISMO: AVALIA\u00c7\u00c3O DO JOGO DID\u00c1TICO SOBRE DESINFORMA\u00c7\u00c3O \u201cREAL OU FAKE?\u201d"},"excerpt":{"rendered":"<p>O objetivo deste trabalho \u00e9 analisar as adapta\u00e7\u00f5es feitas no jogo de cartas \u201cReal ou Fake?\u201d para o contexto do debate sobre desinforma\u00e7\u00e3o e educa\u00e7\u00e3o midi\u00e1tica em escolas p\u00fablicas de Ponta Grossa-PR. S\u00e3o discutidos os crit\u00e9rios usados nas adapta\u00e7\u00f5es, abrangendo tr\u00eas vers\u00f5es do jogo (2023-2024-2025). <\/p>\n","protected":false},"template":"","grupo_pesquisa":[9],"class_list":["post-2457","anal","type-anal","status-publish","hentry","grupo_pesquisa-atividades-de-extensao"],"arquivo":{"ID":"2458","post_author":"4","post_date":"2025-06-04 18:29:00","post_date_gmt":"2025-06-04 21:29:00","post_content":"","post_title":"EDUCA\u00c7\u00c3O MIDI\u00c1TICA COMO ESTRAT\u00c9GIA DE ENSINO DE JORNALISMO","post_excerpt":"","post_status":"inherit","comment_status":"open","ping_status":"closed","post_password":"","post_name":"educacao-midiatica-como-estrategia-de-ensino-de-jornalismo","to_ping":"","pinged":"","post_modified":"2025-06-04 18:30:04","post_modified_gmt":"2025-06-04 21:30:04","post_content_filtered":"","post_parent":"2457","guid":"https:\/\/repositorio.abejor.org.br\/wp-content\/uploads\/2025\/06\/EDUCACAO-MIDIATICA-COMO-ESTRATEGIA-DE-ENSINO-DE-JORNALISMO.pdf","menu_order":"0","post_type":"attachment","post_mime_type":"application\/pdf","comment_count":"0","pod_item_id":"2458"},"autor":"Manoel Anjos, David Candido dos Santos,  Maria Vict\u00f3ria Klosienski","palavras_chaves":"educa\u00e7\u00e3o midi\u00e1tica,\r\ndesinforma\u00e7\u00e3o,\r\nestrat\u00e9gia did\u00e1tica,\r\nensino de jornalismo","evento":[{"ID":2304,"post_title":"24\u00ba Encontro Nacional de Ensino de Jornalismo","post_content":"","post_excerpt":"A Associa\u00e7\u00e3o Brasileira de Ensino de Jornalismo (ABEJ) realizou o seu 24\u00ba Encontro Nacional de Ensino de Jornalismo (ENEJor),  sediado pela Pontif\u00edcia Universidade Cat\u00f3lica do Paran\u00e1, em Curitiba. O evento ocorreu entre os dias 28 e 30 de abril de 2025, em formato h\u00edbrido. Mais de 180 pessoas se inscreveram de mais de 30 institui\u00e7\u00f5es de todas as regi\u00f5es do Brasil. O evento registrou 86 apresenta\u00e7\u00f5es no 20\u00ba Ciclo Nacional de Pesquisas em Ensino e Extens\u00e3o em Jornalismo.","post_author":"2","post_date":"2025-06-02 14:59:45","post_date_gmt":"2025-06-02 17:59:45","post_status":"publish","comment_status":"closed","ping_status":"closed","post_password":"","post_name":"24a-enejor","to_ping":"","pinged":"","post_modified":"2026-04-06 18:20:13","post_modified_gmt":"2026-04-06 21:20:13","post_content_filtered":"","post_parent":0,"guid":"https:\/\/repositorio.abejor.org.br\/?post_type=evento&#038;p=2304","menu_order":0,"post_type":"evento","post_mime_type":"","comment_count":"0","comments":false,"_thumbnail_id":["2305","2","2025-06-02 14:54:05","2025-06-02 17:54:05","","\u2601\ufe0f-GaloD_142novo","","inherit","open","closed","","%e2%98%81%ef%b8%8f-galod_142novo","","","2025-06-02 14:54:05","2025-06-02 17:54:05","","2304","https:\/\/repositorio.abejor.org.br\/wp-content\/uploads\/2025\/06\/\u2601\ufe0f-GaloD_142novo.png","0","attachment","image\/png","0","2305"],"id":2304}],"grupo_de_pesquisa":[{"term_id":9,"name":"Atividades de Extens\u00e3o","slug":"atividades-de-extensao","description":"","taxonomy":"grupo_pesquisa","parent":0,"term_taxonomy_id":9,"term_group":0,"count":151,"object_id":null,"term_order":null,"id":9}],"_links":{"self":[{"href":"https:\/\/repositorio.abejor.org.br\/index.php\/wp-json\/wp\/v2\/anal\/2457","targetHints":{"allow":["GET"]}}],"collection":[{"href":"https:\/\/repositorio.abejor.org.br\/index.php\/wp-json\/wp\/v2\/anal"}],"about":[{"href":"https:\/\/repositorio.abejor.org.br\/index.php\/wp-json\/wp\/v2\/types\/anal"}],"wp:attachment":[{"href":"https:\/\/repositorio.abejor.org.br\/index.php\/wp-json\/wp\/v2\/media?parent=2457"}],"wp:term":[{"taxonomy":"grupo_pesquisa","embeddable":true,"href":"https:\/\/repositorio.abejor.org.br\/index.php\/wp-json\/wp\/v2\/grupo_pesquisa?post=2457"}],"curies":[{"name":"wp","href":"https:\/\/api.w.org\/{rel}","templated":true}]}}