{"id":2435,"date":"2025-06-04T18:12:40","date_gmt":"2025-06-04T21:12:40","guid":{"rendered":"https:\/\/repositorio.abejor.org.br\/?post_type=anal&#038;p=2435"},"modified":"2025-06-04T18:12:40","modified_gmt":"2025-06-04T21:12:40","slug":"ccex-comunicacao-comunitaria-sistematizacao-de-experiencias-da-extensao-curricularizada-no-sul-da","status":"publish","type":"anal","link":"https:\/\/repositorio.abejor.org.br\/?anal=ccex-comunicacao-comunitaria-sistematizacao-de-experiencias-da-extensao-curricularizada-no-sul-da","title":{"rendered":"\u201cCCEX COMUNICA\u00c7\u00c3O COMUNIT\u00c1RIA\u201d: SISTEMATIZA\u00c7\u00c3O DE EXPERI\u00caNCIAS DA EXTENS\u00c3O CURRICULARIZADA NO SUL DA"},"excerpt":{"rendered":"<p>Este resumo sistematiza experi\u00eancias da primeira oferta do componente curricular de extens\u00e3o \u201cComunica\u00e7\u00e3o Comunit\u00e1ria\u201d, na Universidade Federal do Sul da Bahia. Trata-se de uma iniciativa de extens\u00e3o curricularizada desenvolvida em uma universidade em vias de consolida\u00e7\u00e3o em um hotspot de socio-biodiversidade.<\/p>\n","protected":false},"template":"","grupo_pesquisa":[9],"class_list":["post-2435","anal","type-anal","status-publish","hentry","grupo_pesquisa-atividades-de-extensao"],"arquivo":{"ID":"2436","post_author":"4","post_date":"2025-06-04 18:11:20","post_date_gmt":"2025-06-04 21:11:20","post_content":"","post_title":"\u201cCCEX COMUNICA\u00c7\u00c3O COMUNIT\u00c1RIA\u201d SISTEMATIZA\u00c7\u00c3O DE EXPERI\u00caNCIAS DA EXTENS\u00c3O CURRICULARIZADA NO SUL DA","post_excerpt":"","post_status":"inherit","comment_status":"open","ping_status":"closed","post_password":"","post_name":"ccex-comunicacao-comunitaria-sistematizacao-de-experiencias-da-extensao-curricularizada-no-sul-da-2","to_ping":"","pinged":"","post_modified":"2025-06-04 18:12:40","post_modified_gmt":"2025-06-04 21:12:40","post_content_filtered":"","post_parent":"2435","guid":"https:\/\/repositorio.abejor.org.br\/wp-content\/uploads\/2025\/06\/CCEX-COMUNICACAO-COMUNITARIA-SISTEMATIZACAO-DE-EXPERIENCIAS-DA-EXTENSAO-CURRICULARIZADA-NO-SUL-DA.pdf","menu_order":"0","post_type":"attachment","post_mime_type":"application\/pdf","comment_count":"0","pod_item_id":"2436"},"autor":"Rodrigo Rossi Morelato, Jaqueline da Paix\u00e3o Silva, Emanuelle Silva Oliveira, Yasmin Nogueira Figueir\u00f3 dos Santos, Yana D\u00e1diva Souza Andrade","palavras_chaves":"Extens\u00e3o Universit\u00e1ria,\r\nEducomunica\u00e7\u00e3o,\r\nCidadania,\r\nAgroecologia,\r\nMidia Sonora","evento":[{"ID":2304,"post_title":"24\u00ba Encontro Nacional de Ensino de Jornalismo","post_content":"","post_excerpt":"A Associa\u00e7\u00e3o Brasileira de Ensino de Jornalismo (ABEJ) realizou o seu 24\u00ba Encontro Nacional de Ensino de Jornalismo (ENEJor),  sediado pela Pontif\u00edcia Universidade Cat\u00f3lica do Paran\u00e1, em Curitiba. O evento ocorreu entre os dias 28 e 30 de abril de 2025, em formato h\u00edbrido. Mais de 180 pessoas se inscreveram de mais de 30 institui\u00e7\u00f5es de todas as regi\u00f5es do Brasil. O evento registrou 86 apresenta\u00e7\u00f5es no 20\u00ba Ciclo Nacional de Pesquisas em Ensino e Extens\u00e3o em Jornalismo.","post_author":"2","post_date":"2025-06-02 14:59:45","post_date_gmt":"2025-06-02 17:59:45","post_status":"publish","comment_status":"closed","ping_status":"closed","post_password":"","post_name":"24a-enejor","to_ping":"","pinged":"","post_modified":"2026-04-06 18:20:13","post_modified_gmt":"2026-04-06 21:20:13","post_content_filtered":"","post_parent":0,"guid":"https:\/\/repositorio.abejor.org.br\/?post_type=evento&#038;p=2304","menu_order":0,"post_type":"evento","post_mime_type":"","comment_count":"0","comments":false,"_thumbnail_id":["2305","2","2025-06-02 14:54:05","2025-06-02 17:54:05","","\u2601\ufe0f-GaloD_142novo","","inherit","open","closed","","%e2%98%81%ef%b8%8f-galod_142novo","","","2025-06-02 14:54:05","2025-06-02 17:54:05","","2304","https:\/\/repositorio.abejor.org.br\/wp-content\/uploads\/2025\/06\/\u2601\ufe0f-GaloD_142novo.png","0","attachment","image\/png","0","2305"],"id":2304}],"grupo_de_pesquisa":[{"term_id":9,"name":"Atividades de Extens\u00e3o","slug":"atividades-de-extensao","description":"","taxonomy":"grupo_pesquisa","parent":0,"term_taxonomy_id":9,"term_group":0,"count":151,"object_id":null,"term_order":null,"id":9}],"_links":{"self":[{"href":"https:\/\/repositorio.abejor.org.br\/index.php\/wp-json\/wp\/v2\/anal\/2435","targetHints":{"allow":["GET"]}}],"collection":[{"href":"https:\/\/repositorio.abejor.org.br\/index.php\/wp-json\/wp\/v2\/anal"}],"about":[{"href":"https:\/\/repositorio.abejor.org.br\/index.php\/wp-json\/wp\/v2\/types\/anal"}],"wp:attachment":[{"href":"https:\/\/repositorio.abejor.org.br\/index.php\/wp-json\/wp\/v2\/media?parent=2435"}],"wp:term":[{"taxonomy":"grupo_pesquisa","embeddable":true,"href":"https:\/\/repositorio.abejor.org.br\/index.php\/wp-json\/wp\/v2\/grupo_pesquisa?post=2435"}],"curies":[{"name":"wp","href":"https:\/\/api.w.org\/{rel}","templated":true}]}}