{"id":2268,"date":"2025-05-27T16:20:33","date_gmt":"2025-05-27T19:20:33","guid":{"rendered":"https:\/\/repositorio.abejor.org.br\/?post_type=anal&#038;p=2268"},"modified":"2025-05-28T15:50:48","modified_gmt":"2025-05-28T18:50:48","slug":"live-do-oscar-criacao-de-experiencia-de-aprendizagem-jornalistica-ao-vivo","status":"publish","type":"anal","link":"https:\/\/repositorio.abejor.org.br\/?anal=live-do-oscar-criacao-de-experiencia-de-aprendizagem-jornalistica-ao-vivo","title":{"rendered":"LIVE DO OSCAR: CRIA\u00c7\u00c3O DE EXPERI\u00caNCIA DE APRENDIZAGEM JORNAL\u00cdSTICA AO VIVO"},"excerpt":{"rendered":"<p>A sedu\u00e7\u00e3o e a captura da aten\u00e7\u00e3o por som e imagem s\u00e3o caracter\u00edsticas do<br \/>\njornalismo desde o advento do meio televisivo, na metade do s\u00e9culo passado. A<br \/>\npossibilidade de transmiss\u00e3o de um evento ao vivo trouxe uma din\u00e2mica poderosa e<br \/>\najudou na consolida\u00e7\u00e3o desse meio de comunica\u00e7\u00e3o<\/p>\n","protected":false},"template":"","grupo_pesquisa":[12],"class_list":["post-2268","anal","type-anal","status-publish","hentry","grupo_pesquisa-producao-laboratorial-eletronicos-e-impressos"],"arquivo":{"ID":"2269","post_author":"4","post_date":"2025-05-27 16:18:08","post_date_gmt":"2025-05-27 19:18:08","post_content":"","post_title":"LIVE DO OSCAR - CRIA\u00c7\u00c3O DE EXPERI\u00caNCIA DE APRENDIZAGEM JORNAL\u00cdSTICA AO VIVO","post_excerpt":"","post_status":"inherit","comment_status":"open","ping_status":"closed","post_password":"","post_name":"live-do-oscar-criacao-de-experiencia-de-aprendizagem-jornalistica-ao-vivo","to_ping":"","pinged":"","post_modified":"2025-05-27 16:20:27","post_modified_gmt":"2025-05-27 19:20:27","post_content_filtered":"","post_parent":"2268","guid":"https:\/\/repositorio.abejor.org.br\/wp-content\/uploads\/2025\/05\/LIVE-DO-OSCAR-CRIACAO-DE-EXPERIENCIA-DE-APRENDIZAGEM-JORNALISTICA-AO-VIVO.pdf","menu_order":"0","post_type":"attachment","post_mime_type":"application\/pdf","comment_count":"0","pod_item_id":"2269"},"autor":"CARLOS ALBERTO DEBIASI, Suyanne Tolentino de Souza","palavras_chaves":"Live, Oscar, Ciberjornalismo, Transmiss\u00e3o ao vivo","evento":[{"ID":2207,"post_title":"7\u00ba Encontro Regional Sul de Ensino de Jornalismo (Erejor Sul)","post_content":"","post_excerpt":"O VII Encontro Regional Sul de Ensino de Jornalismo (Erejor Sul) ocorreu nos dias 22 e 23 de novembro de 2024. Um evento 100% online, organizado pela Associa\u00e7\u00e3o Brasileira de Ensino de Jornalismo (ABEJ), em parceria com o curso de Jornalismo da Universidade Regional de Blumenau (FURB). \u201cDiretrizes, mudan\u00e7as do Jornalismo e os impactos no ensino\" foi a tem\u00e1tica do Erejor Sul 2024, para refletir os resultados em dez anos de aplica\u00e7\u00e3o das Diretrizes Curriculares Nacionais (DCN's) para os cursos de Jornalismo, aprovadas pelo Conselho Nacional de Educa\u00e7\u00e3o (CNE) em 2013. A decis\u00e3o adaptou a nomenclatura dos cursos e tamb\u00e9m versou a respeito das pol\u00edticas, o processo pedag\u00f3gico, o perfil t\u00e9cnico e a filosofia de forma\u00e7\u00e3o das gradua\u00e7\u00f5es.","post_author":"4","post_date":"2025-05-09 14:27:52","post_date_gmt":"2025-05-09 17:27:52","post_status":"publish","comment_status":"closed","ping_status":"closed","post_password":"","post_name":"7o-encontro-regional-sul-de-ensino-de-jornalismo","to_ping":"","pinged":"","post_modified":"2026-04-06 19:52:08","post_modified_gmt":"2026-04-06 22:52:08","post_content_filtered":"","post_parent":0,"guid":"https:\/\/repositorio.abejor.org.br\/?post_type=evento&#038;p=2207","menu_order":0,"post_type":"evento","post_mime_type":"","comment_count":"0","comments":false,"_thumbnail_id":["2621","2","2026-04-06 19:43:30","2026-04-06 22:43:30","","CpiadeArteHorizontalEREJOR.fefaa680db59408b8f89","","inherit","open","closed","","cpiadeartehorizontalerejor-fefaa680db59408b8f89","","","2026-04-06 19:43:30","2026-04-06 22:43:30","","2207","https:\/\/repositorio.abejor.org.br\/wp-content\/uploads\/2025\/05\/CpiadeArteHorizontalEREJOR.fefaa680db59408b8f89.jpg","0","attachment","image\/jpeg","0","2621"],"id":2207}],"grupo_de_pesquisa":[{"term_id":12,"name":"Produ\u00e7\u00e3o Laboratorial eletr\u00f4nicos e impressos","slug":"producao-laboratorial-eletronicos-e-impressos","description":"","taxonomy":"grupo_pesquisa","parent":0,"term_taxonomy_id":12,"term_group":0,"count":167,"object_id":null,"term_order":null,"id":12}],"_links":{"self":[{"href":"https:\/\/repositorio.abejor.org.br\/index.php\/wp-json\/wp\/v2\/anal\/2268","targetHints":{"allow":["GET"]}}],"collection":[{"href":"https:\/\/repositorio.abejor.org.br\/index.php\/wp-json\/wp\/v2\/anal"}],"about":[{"href":"https:\/\/repositorio.abejor.org.br\/index.php\/wp-json\/wp\/v2\/types\/anal"}],"wp:attachment":[{"href":"https:\/\/repositorio.abejor.org.br\/index.php\/wp-json\/wp\/v2\/media?parent=2268"}],"wp:term":[{"taxonomy":"grupo_pesquisa","embeddable":true,"href":"https:\/\/repositorio.abejor.org.br\/index.php\/wp-json\/wp\/v2\/grupo_pesquisa?post=2268"}],"curies":[{"name":"wp","href":"https:\/\/api.w.org\/{rel}","templated":true}]}}