{"id":2259,"date":"2025-05-27T15:54:50","date_gmt":"2025-05-27T18:54:50","guid":{"rendered":"https:\/\/repositorio.abejor.org.br\/?post_type=anal&#038;p=2259"},"modified":"2025-05-28T15:51:58","modified_gmt":"2025-05-28T18:51:58","slug":"empreendedorismo-em-jornalismo-metodologia-de-rotacao-por-estacoes-no-curso-de-jornalismo-da-pucpr","status":"publish","type":"anal","link":"https:\/\/repositorio.abejor.org.br\/?anal=empreendedorismo-em-jornalismo-metodologia-de-rotacao-por-estacoes-no-curso-de-jornalismo-da-pucpr","title":{"rendered":"EMPREENDEDORISMO EM JORNALISMO: METODOLOGIA DE ROTA\u00c7\u00c3O POR ESTA\u00c7\u00d5ES NO CURSO DE JORNALISMO DA PUCPR"},"excerpt":{"rendered":"<p>A experi\u00eancia aqui relatada descreve o desenvolvimento de projetos jornal\u00edsticos<br \/>\nempreendedores por estudantes do curso de Jornalismo da PUCPR, na disciplina de<br \/>\nProjeto Experimental Inovador em Jornalismo (PEX), ofertada no 8\u00ba e \u00faltimo per\u00edodo<br \/>\ndo curso.<\/p>\n","protected":false},"template":"","grupo_pesquisa":[13],"class_list":["post-2259","anal","type-anal","status-publish","hentry","grupo_pesquisa-projetos-pedagogicos-e-metodologias-de-ensino"],"arquivo":{"ID":"2260","post_author":"4","post_date":"2025-05-27 15:54:28","post_date_gmt":"2025-05-27 18:54:28","post_content":"","post_title":"EMPREENDEDORISMO EM JORNALISMO","post_excerpt":"","post_status":"inherit","comment_status":"open","ping_status":"closed","post_password":"","post_name":"empreendedorismo-em-jornalismo","to_ping":"","pinged":"","post_modified":"2025-05-27 15:54:46","post_modified_gmt":"2025-05-27 18:54:46","post_content_filtered":"","post_parent":"2259","guid":"https:\/\/repositorio.abejor.org.br\/wp-content\/uploads\/2025\/05\/EMPREENDEDORISMO-EM-JORNALISMO.pdf","menu_order":"0","post_type":"attachment","post_mime_type":"application\/pdf","comment_count":"0","pod_item_id":"2260"},"autor":"Renan Colombo","palavras_chaves":"Empreendedorismo, Projetos","evento":[{"ID":2207,"post_title":"7\u00ba Encontro Regional Sul de Ensino de Jornalismo (Erejor Sul)","post_content":"","post_excerpt":"O VII Encontro Regional Sul de Ensino de Jornalismo (Erejor Sul) ocorreu nos dias 22 e 23 de novembro de 2024. Um evento 100% online, organizado pela Associa\u00e7\u00e3o Brasileira de Ensino de Jornalismo (ABEJ), em parceria com o curso de Jornalismo da Universidade Regional de Blumenau (FURB). \u201cDiretrizes, mudan\u00e7as do Jornalismo e os impactos no ensino\" foi a tem\u00e1tica do Erejor Sul 2024, para refletir os resultados em dez anos de aplica\u00e7\u00e3o das Diretrizes Curriculares Nacionais (DCN's) para os cursos de Jornalismo, aprovadas pelo Conselho Nacional de Educa\u00e7\u00e3o (CNE) em 2013. A decis\u00e3o adaptou a nomenclatura dos cursos e tamb\u00e9m versou a respeito das pol\u00edticas, o processo pedag\u00f3gico, o perfil t\u00e9cnico e a filosofia de forma\u00e7\u00e3o das gradua\u00e7\u00f5es.","post_author":"4","post_date":"2025-05-09 14:27:52","post_date_gmt":"2025-05-09 17:27:52","post_status":"publish","comment_status":"closed","ping_status":"closed","post_password":"","post_name":"7o-encontro-regional-sul-de-ensino-de-jornalismo","to_ping":"","pinged":"","post_modified":"2026-04-06 19:52:08","post_modified_gmt":"2026-04-06 22:52:08","post_content_filtered":"","post_parent":0,"guid":"https:\/\/repositorio.abejor.org.br\/?post_type=evento&#038;p=2207","menu_order":0,"post_type":"evento","post_mime_type":"","comment_count":"0","comments":false,"_thumbnail_id":["2621","2","2026-04-06 19:43:30","2026-04-06 22:43:30","","CpiadeArteHorizontalEREJOR.fefaa680db59408b8f89","","inherit","open","closed","","cpiadeartehorizontalerejor-fefaa680db59408b8f89","","","2026-04-06 19:43:30","2026-04-06 22:43:30","","2207","https:\/\/repositorio.abejor.org.br\/wp-content\/uploads\/2025\/05\/CpiadeArteHorizontalEREJOR.fefaa680db59408b8f89.jpg","0","attachment","image\/jpeg","0","2621"],"id":2207}],"grupo_de_pesquisa":[{"term_id":13,"name":"Projetos Pedag\u00f3gicos e Metodologias de Ensino","slug":"projetos-pedagogicos-e-metodologias-de-ensino","description":"","taxonomy":"grupo_pesquisa","parent":0,"term_taxonomy_id":13,"term_group":0,"count":162,"object_id":null,"term_order":null,"id":13}],"_links":{"self":[{"href":"https:\/\/repositorio.abejor.org.br\/index.php\/wp-json\/wp\/v2\/anal\/2259","targetHints":{"allow":["GET"]}}],"collection":[{"href":"https:\/\/repositorio.abejor.org.br\/index.php\/wp-json\/wp\/v2\/anal"}],"about":[{"href":"https:\/\/repositorio.abejor.org.br\/index.php\/wp-json\/wp\/v2\/types\/anal"}],"wp:attachment":[{"href":"https:\/\/repositorio.abejor.org.br\/index.php\/wp-json\/wp\/v2\/media?parent=2259"}],"wp:term":[{"taxonomy":"grupo_pesquisa","embeddable":true,"href":"https:\/\/repositorio.abejor.org.br\/index.php\/wp-json\/wp\/v2\/grupo_pesquisa?post=2259"}],"curies":[{"name":"wp","href":"https:\/\/api.w.org\/{rel}","templated":true}]}}