{"id":2148,"date":"2024-06-18T13:30:49","date_gmt":"2024-06-18T16:30:49","guid":{"rendered":"https:\/\/repositorio.abejor.org.br\/?post_type=anal&#038;p=2148"},"modified":"2024-06-24T12:30:26","modified_gmt":"2024-06-24T15:30:26","slug":"o-cidadao-lucio-flavio-pinto-vive-sua-etica-de-jornalista","status":"publish","type":"anal","link":"https:\/\/repositorio.abejor.org.br\/?anal=o-cidadao-lucio-flavio-pinto-vive-sua-etica-de-jornalista","title":{"rendered":"O cidad\u00e3o l\u00facio fl\u00e1vio pinto vive sua \u00e9tica de jornalista"},"excerpt":{"rendered":"<p> A experi\u00eancia \u00e9 para ser desenvolvida com alunos de jornalismo. \u00c9 um trabalho de leitura cr\u00edtica das a\u00e7\u00f5es e da mem\u00f3ria dos jornalistas Cl\u00e1udio Abramo e L\u00facio Flavio Pinto. Da obra do diretor de reda\u00e7\u00f5es, editor e rep\u00f3rter Cl\u00e1udio Abramo A Regra do Jogo: O Jornalismo e a \u00c9tica do Marceneiro ( S\u00e3o Paulo, Companhia das Letras, 1988) destacamos a afirma\u00e7\u00e3o: \u201cA \u00e9tica do jornalista \u00e9 a \u00e9tica do cidad\u00e3o\u201d. Perplexidade corporativista: como assim? O jornalista L\u00facio Fl\u00e1vio Pinto, soci\u00f3logo, escritor, redator \u00fanico do \u201cJornal Pessoal\u201d (1988-2019) apoiado pelos leitores, sem publicidade, comprovou o que \u00e9 isso.. Criou o jornal para veicular a reportagem sobre o assassinato do advogado Paulo Fonteles, assunto silenciado na grande imprensa. Continuou com o \u201cJornal Pessoal\u201d ao descobrir censura e viol\u00eancia para not\u00edcias de interesse p\u00fablico. Foram 534 n\u00fameros do \u201cJornal Pessoal\u201d  de 1987 a 1913 arquivados em  https:\/\/ufdc.ufl.edu\/AA00005008\/00001\/1j<\/p>\n","protected":false},"template":"","grupo_pesquisa":[10],"class_list":["post-2148","anal","type-anal","status-publish","hentry","grupo_pesquisa-ensino-de-etica-e-teorias-do-jornalismo"],"arquivo":{"ID":"2149","post_author":"2","post_date":"2024-06-18 13:30:43","post_date_gmt":"2024-06-18 16:30:43","post_content":"","post_title":"galoa-proceedings--enejor-2024--181928","post_excerpt":"","post_status":"inherit","comment_status":"open","ping_status":"closed","post_password":"","post_name":"galoa-proceedings-enejor-2024-181928","to_ping":"","pinged":"","post_modified":"2024-06-18 13:30:49","post_modified_gmt":"2024-06-18 16:30:49","post_content_filtered":"","post_parent":"2148","guid":"https:\/\/repositorio.abejor.org.br\/wp-content\/uploads\/2024\/06\/galoa-proceedings-enejor-2024-181928.pdf","menu_order":"0","post_type":"attachment","post_mime_type":"application\/pdf","comment_count":"0","pod_item_id":"2149"},"autor":"Alice Mitika Koshiyama","palavras_chaves":"Cl\u00e1udio Abramo. \u00c9tica do cidad\u00e3o . L\u00facio Flavio Pinto. \u201cJornal Pessoal\u201d. Pr\u00e1tica de\nensino.","evento":[{"ID":1960,"post_title":"23\u00ba Encontro Nacional de Ensino de Jornalismo","post_content":"","post_excerpt":"23\u00ba Encontro Nacional de Ensino de Jornalismo (ENEJor), realizado na Pontif\u00edcia Universidade Cat\u00f3lica de Goi\u00e1s (PUC-GO), entre os dias 23 e 26 de abril de 2024, na Escola de Forma de Professores. O tema do evento foi \"Ensino de Jornalismo e Educa\u00e7\u00e3o midi\u00e1tica: Princ\u00edpios e pr\u00e1ticas contra a desinforma\u00e7\u00e3o\". articiparam mais de 130 pessoas presencial e remotamente. Registrou-se um recorde de trabalhos inscritos no evento. Foram 81 submiss\u00f5es nos Grupos de Pesquisa (GPs) e de Trabalho (GT) do 19\u00ba Ciclo de Pesquisa em Ensino e Extens\u00e3o, realizado durante o Encontro, com a participa\u00e7\u00e3o de professores(as) e estudantes de diferentes regi\u00f5es e institui\u00e7\u00f5es do pa\u00eds.","post_author":"2","post_date":"2024-06-06 20:12:33","post_date_gmt":"2024-06-06 23:12:33","post_status":"publish","comment_status":"closed","ping_status":"closed","post_password":"","post_name":"23o-encontro-nacional-de-ensino-de-jornalismo","to_ping":"","pinged":"","post_modified":"2024-06-26 09:27:20","post_modified_gmt":"2024-06-26 12:27:20","post_content_filtered":"","post_parent":0,"guid":"https:\/\/repositorio.abejor.org.br\/?post_type=evento&#038;p=1960","menu_order":0,"post_type":"evento","post_mime_type":"","comment_count":"0","comments":false,"_thumbnail_id":["2167","2","2024-06-25 18:57:19","2024-06-25 21:57:19","","enejor 24","","inherit","open","closed","","enejor-24-2","","","2024-06-25 18:57:19","2024-06-25 21:57:19","","1960","https:\/\/repositorio.abejor.org.br\/wp-content\/uploads\/2024\/06\/enejor-24.jpg","0","attachment","image\/jpeg","0","2167"],"id":1960}],"grupo_de_pesquisa":[{"term_id":11,"name":"Pesquisa na Gradua\u00e7\u00e3o","slug":"pesquisa-na-graduacao","description":"","taxonomy":"grupo_pesquisa","parent":0,"term_taxonomy_id":11,"term_group":0,"count":316,"object_id":null,"term_order":null,"id":11}],"_links":{"self":[{"href":"https:\/\/repositorio.abejor.org.br\/index.php\/wp-json\/wp\/v2\/anal\/2148","targetHints":{"allow":["GET"]}}],"collection":[{"href":"https:\/\/repositorio.abejor.org.br\/index.php\/wp-json\/wp\/v2\/anal"}],"about":[{"href":"https:\/\/repositorio.abejor.org.br\/index.php\/wp-json\/wp\/v2\/types\/anal"}],"wp:attachment":[{"href":"https:\/\/repositorio.abejor.org.br\/index.php\/wp-json\/wp\/v2\/media?parent=2148"}],"wp:term":[{"taxonomy":"grupo_pesquisa","embeddable":true,"href":"https:\/\/repositorio.abejor.org.br\/index.php\/wp-json\/wp\/v2\/grupo_pesquisa?post=2148"}],"curies":[{"name":"wp","href":"https:\/\/api.w.org\/{rel}","templated":true}]}}