{"id":2106,"date":"2024-06-17T12:58:24","date_gmt":"2024-06-17T15:58:24","guid":{"rendered":"https:\/\/repositorio.abejor.org.br\/?post_type=anal&#038;p=2106"},"modified":"2024-06-24T09:20:41","modified_gmt":"2024-06-24T12:20:41","slug":"ariadnes-percursos-e-experiencias","status":"publish","type":"anal","link":"https:\/\/repositorio.abejor.org.br\/?anal=ariadnes-percursos-e-experiencias","title":{"rendered":"Ariadnes: percursos e experi\u00eancias"},"excerpt":{"rendered":"<p>Neste relato de experi\u00eancia, apresento os percursos percorridos pelo projeto de Incentivo \u00e0 Diversidade (Pidic) Ariadnes, vinculado ao curso de Jornalismo da Universidade Federal de Ouro Preto (Ufop), desde sua cria\u00e7\u00e3o, em 2018, at\u00e9 2023. Ao longo desses anos, o projeto vem se consolidando como um espa\u00e7o para discuss\u00e3o de g\u00eanero e m\u00eddia, com foco em viol\u00eancias de g\u00eanero no ambiente educacional, no exerc\u00edcio da cr\u00edtica de m\u00eddia com perspectiva gendrada, em atividades formativas e na escuta testemunhal. Parte-se do pressuposto que a m\u00eddia \u00e9 um dispositivo pedag\u00f3gico e uma tecnologia de g\u00eanero importante para a constru\u00e7\u00e3o de subjetividades.<\/p>\n","protected":false},"template":"","grupo_pesquisa":[9],"class_list":["post-2106","anal","type-anal","status-publish","hentry","grupo_pesquisa-atividades-de-extensao"],"arquivo":{"ID":"2107","post_author":"2","post_date":"2024-06-17 12:58:17","post_date_gmt":"2024-06-17 15:58:17","post_content":"","post_title":"galoa-proceedings--enejor-2024--181868","post_excerpt":"","post_status":"inherit","comment_status":"open","ping_status":"closed","post_password":"","post_name":"galoa-proceedings-enejor-2024-181868","to_ping":"","pinged":"","post_modified":"2024-06-17 12:58:24","post_modified_gmt":"2024-06-17 15:58:24","post_content_filtered":"","post_parent":"2106","guid":"https:\/\/repositorio.abejor.org.br\/wp-content\/uploads\/2024\/06\/galoa-proceedings-enejor-2024-181868.pdf","menu_order":"0","post_type":"attachment","post_mime_type":"application\/pdf","comment_count":"0","pod_item_id":"2107"},"autor":"Karina Gomes Barbosa","palavras_chaves":"Observat\u00f3rio de m\u00eddia. Viol\u00eancias de g\u00eanero. Testemunho.","evento":[{"ID":1960,"post_title":"23\u00ba Encontro Nacional de Ensino de Jornalismo","post_content":"","post_excerpt":"23\u00ba Encontro Nacional de Ensino de Jornalismo (ENEJor), realizado na Pontif\u00edcia Universidade Cat\u00f3lica de Goi\u00e1s (PUC-GO), entre os dias 23 e 26 de abril de 2024, na Escola de Forma de Professores. O tema do evento foi \"Ensino de Jornalismo e Educa\u00e7\u00e3o midi\u00e1tica: Princ\u00edpios e pr\u00e1ticas contra a desinforma\u00e7\u00e3o\". articiparam mais de 130 pessoas presencial e remotamente. Registrou-se um recorde de trabalhos inscritos no evento. Foram 81 submiss\u00f5es nos Grupos de Pesquisa (GPs) e de Trabalho (GT) do 19\u00ba Ciclo de Pesquisa em Ensino e Extens\u00e3o, realizado durante o Encontro, com a participa\u00e7\u00e3o de professores(as) e estudantes de diferentes regi\u00f5es e institui\u00e7\u00f5es do pa\u00eds.","post_author":"2","post_date":"2024-06-06 20:12:33","post_date_gmt":"2024-06-06 23:12:33","post_status":"publish","comment_status":"closed","ping_status":"closed","post_password":"","post_name":"23o-encontro-nacional-de-ensino-de-jornalismo","to_ping":"","pinged":"","post_modified":"2024-06-26 09:27:20","post_modified_gmt":"2024-06-26 12:27:20","post_content_filtered":"","post_parent":0,"guid":"https:\/\/repositorio.abejor.org.br\/?post_type=evento&#038;p=1960","menu_order":0,"post_type":"evento","post_mime_type":"","comment_count":"0","comments":false,"_thumbnail_id":["2167","2","2024-06-25 18:57:19","2024-06-25 21:57:19","","enejor 24","","inherit","open","closed","","enejor-24-2","","","2024-06-25 18:57:19","2024-06-25 21:57:19","","1960","https:\/\/repositorio.abejor.org.br\/wp-content\/uploads\/2024\/06\/enejor-24.jpg","0","attachment","image\/jpeg","0","2167"],"id":1960}],"grupo_de_pesquisa":[{"term_id":9,"name":"Atividades de Extens\u00e3o","slug":"atividades-de-extensao","description":"","taxonomy":"grupo_pesquisa","parent":0,"term_taxonomy_id":9,"term_group":0,"count":151,"object_id":null,"term_order":null,"id":9}],"_links":{"self":[{"href":"https:\/\/repositorio.abejor.org.br\/index.php\/wp-json\/wp\/v2\/anal\/2106","targetHints":{"allow":["GET"]}}],"collection":[{"href":"https:\/\/repositorio.abejor.org.br\/index.php\/wp-json\/wp\/v2\/anal"}],"about":[{"href":"https:\/\/repositorio.abejor.org.br\/index.php\/wp-json\/wp\/v2\/types\/anal"}],"wp:attachment":[{"href":"https:\/\/repositorio.abejor.org.br\/index.php\/wp-json\/wp\/v2\/media?parent=2106"}],"wp:term":[{"taxonomy":"grupo_pesquisa","embeddable":true,"href":"https:\/\/repositorio.abejor.org.br\/index.php\/wp-json\/wp\/v2\/grupo_pesquisa?post=2106"}],"curies":[{"name":"wp","href":"https:\/\/api.w.org\/{rel}","templated":true}]}}