{"id":2063,"date":"2024-06-17T11:57:06","date_gmt":"2024-06-17T14:57:06","guid":{"rendered":"https:\/\/repositorio.abejor.org.br\/?post_type=anal&#038;p=2063"},"modified":"2024-06-17T11:57:17","modified_gmt":"2024-06-17T14:57:17","slug":"papo-de-calcada-programa-de-radio-cativa-estudantes-pela-tematica-do-envelhecimento","status":"publish","type":"anal","link":"https:\/\/repositorio.abejor.org.br\/?anal=papo-de-calcada-programa-de-radio-cativa-estudantes-pela-tematica-do-envelhecimento","title":{"rendered":"&#8220;Papo de cal\u00e7ada\u201d: programa de r\u00e1dio cativa estudantes pela tem\u00e1tica do envelhecimento"},"excerpt":{"rendered":"<p>O trabalho relata a experi\u00eancia de um grupo de universit\u00e1rios da PUC-Campinas que, ao longo de 2023, participaram do Projeto de Extens\u00e3o \u201cPr\u00e1ticas educativas no processo de envelhecimento: a import\u00e2ncia da comunica\u00e7\u00e3o e intera\u00e7\u00e3o nos relacionamentos sociais\u201d. O projeto teve a parceira da Pastoral da Pessoa Idosa (PPI) de Campinas, da Arquidiocese Metropolitana da cidade e o objetivo foi dar voz e visibilidade \u00e0 lideran\u00e7a da PPI e discutir sobre o processo de envelhecimento. O principal produto do projeto foi o programa de r\u00e1dio \u201cPapo de Cal\u00e7ada\u201d, produzido e veiculado na R\u00e1dio Brasil de Campinas (SP). Tamb\u00e9m foram elaborados minidocument\u00e1rios com os entrevistados e cartilhas de comunica\u00e7\u00e3o para a PPI. Al\u00e9m dos l\u00edderes da PPI, foram entrevistados no programa de r\u00e1dio docentes da PUC-Campinas e profissionais que atuam diretamente com pessoas idosas. Foram produzidos 26 programas \u201cPapo de Cal\u00e7ada\u201d, veiculados aos s\u00e1bados.<\/p>\n","protected":false},"template":"","grupo_pesquisa":[11],"class_list":["post-2063","anal","type-anal","status-publish","hentry","grupo_pesquisa-pesquisa-na-graduacao"],"arquivo":{"ID":"2064","post_author":"2","post_date":"2024-06-17 11:56:45","post_date_gmt":"2024-06-17 14:56:45","post_content":"","post_title":"galoa-proceedings--enejor-2024--181891","post_excerpt":"","post_status":"inherit","comment_status":"open","ping_status":"closed","post_password":"","post_name":"galoa-proceedings-enejor-2024-181891","to_ping":"","pinged":"","post_modified":"2024-06-17 11:57:07","post_modified_gmt":"2024-06-17 14:57:07","post_content_filtered":"","post_parent":"2063","guid":"https:\/\/repositorio.abejor.org.br\/wp-content\/uploads\/2024\/06\/galoa-proceedings-enejor-2024-181891.pdf","menu_order":"0","post_type":"attachment","post_mime_type":"application\/pdf","comment_count":"0","pod_item_id":"2064"},"autor":"Cec\u00edlia Helena Toledo Vieira e Gustavo Henrique Tintori Goulart","palavras_chaves":"Extens\u00e3o. Processo de envelhecimento. Programa de r\u00e1dio.","evento":[{"ID":1960,"post_title":"23\u00ba Encontro Nacional de Ensino de Jornalismo","post_content":"","post_excerpt":"23\u00ba Encontro Nacional de Ensino de Jornalismo (ENEJor), realizado na Pontif\u00edcia Universidade Cat\u00f3lica de Goi\u00e1s (PUC-GO), entre os dias 23 e 26 de abril de 2024, na Escola de Forma de Professores. O tema do evento foi \"Ensino de Jornalismo e Educa\u00e7\u00e3o midi\u00e1tica: Princ\u00edpios e pr\u00e1ticas contra a desinforma\u00e7\u00e3o\". articiparam mais de 130 pessoas presencial e remotamente. Registrou-se um recorde de trabalhos inscritos no evento. Foram 81 submiss\u00f5es nos Grupos de Pesquisa (GPs) e de Trabalho (GT) do 19\u00ba Ciclo de Pesquisa em Ensino e Extens\u00e3o, realizado durante o Encontro, com a participa\u00e7\u00e3o de professores(as) e estudantes de diferentes regi\u00f5es e institui\u00e7\u00f5es do pa\u00eds.","post_author":"2","post_date":"2024-06-06 20:12:33","post_date_gmt":"2024-06-06 23:12:33","post_status":"publish","comment_status":"closed","ping_status":"closed","post_password":"","post_name":"23o-encontro-nacional-de-ensino-de-jornalismo","to_ping":"","pinged":"","post_modified":"2024-06-26 09:27:20","post_modified_gmt":"2024-06-26 12:27:20","post_content_filtered":"","post_parent":0,"guid":"https:\/\/repositorio.abejor.org.br\/?post_type=evento&#038;p=1960","menu_order":0,"post_type":"evento","post_mime_type":"","comment_count":"0","comments":false,"_thumbnail_id":["2167","2","2024-06-25 18:57:19","2024-06-25 21:57:19","","enejor 24","","inherit","open","closed","","enejor-24-2","","","2024-06-25 18:57:19","2024-06-25 21:57:19","","1960","https:\/\/repositorio.abejor.org.br\/wp-content\/uploads\/2024\/06\/enejor-24.jpg","0","attachment","image\/jpeg","0","2167"],"id":1960}],"grupo_de_pesquisa":[{"term_id":9,"name":"Atividades de Extens\u00e3o","slug":"atividades-de-extensao","description":"","taxonomy":"grupo_pesquisa","parent":0,"term_taxonomy_id":9,"term_group":0,"count":151,"object_id":null,"term_order":null,"id":9}],"_links":{"self":[{"href":"https:\/\/repositorio.abejor.org.br\/index.php\/wp-json\/wp\/v2\/anal\/2063","targetHints":{"allow":["GET"]}}],"collection":[{"href":"https:\/\/repositorio.abejor.org.br\/index.php\/wp-json\/wp\/v2\/anal"}],"about":[{"href":"https:\/\/repositorio.abejor.org.br\/index.php\/wp-json\/wp\/v2\/types\/anal"}],"wp:attachment":[{"href":"https:\/\/repositorio.abejor.org.br\/index.php\/wp-json\/wp\/v2\/media?parent=2063"}],"wp:term":[{"taxonomy":"grupo_pesquisa","embeddable":true,"href":"https:\/\/repositorio.abejor.org.br\/index.php\/wp-json\/wp\/v2\/grupo_pesquisa?post=2063"}],"curies":[{"name":"wp","href":"https:\/\/api.w.org\/{rel}","templated":true}]}}