{"id":2054,"date":"2024-06-17T11:51:24","date_gmt":"2024-06-17T14:51:24","guid":{"rendered":"https:\/\/repositorio.abejor.org.br\/?post_type=anal&#038;p=2054"},"modified":"2024-06-17T11:52:57","modified_gmt":"2024-06-17T14:52:57","slug":"medio-araguaia-agroecologia-e-comunicacao-compartilhada-no-campo","status":"publish","type":"anal","link":"https:\/\/repositorio.abejor.org.br\/?anal=medio-araguaia-agroecologia-e-comunicacao-compartilhada-no-campo","title":{"rendered":"M\u00e9dio araguaia, agroecologia e comunica\u00e7\u00e3o compartilhada no campo"},"excerpt":{"rendered":"<p>Este relato de experi\u00eancia \u00e9 resultado de encontros, reuni\u00f5es e oficinas de comunica\u00e7\u00e3o constru\u00eddas com agricultores familiares e representantes de movimentos sociais, a partir do projeto de extens\u00e3o M\u00e9dio Araguaia &#8211; Terra, territ\u00f3rio, agroecologia. O projeto adv\u00e9m da preocupa\u00e7\u00e3o com o trabalho, o meio ambiente, a forma\u00e7\u00e3o de membros ativos politicamente e com o legado desses trabalhadores do campo e organiza\u00e7\u00f5es populares, frente a intensifica\u00e7\u00e3o de desafios \u00e0 agricultura familiar, seja por falta de pol\u00edticas p\u00fablicas, aumento da press\u00e3o e do avan\u00e7o de commodities, seja pela persegui\u00e7\u00e3o aos movimentos sociais. Por meio desse trabalho, procuramos, atrav\u00e9s de experi\u00eancias como estudantes da Universidade Federal de Goi\u00e1s (UFG), bolsistas no Projeto e do Coletivo Magn\u00edfica Mundi, tratar do papel que a comunica\u00e7\u00e3o exerce nesse processo.<\/p>\n","protected":false},"template":"","grupo_pesquisa":[11],"class_list":["post-2054","anal","type-anal","status-publish","hentry","grupo_pesquisa-pesquisa-na-graduacao"],"arquivo":{"ID":"2058","post_author":"2","post_date":"2024-06-17 11:52:37","post_date_gmt":"2024-06-17 14:52:37","post_content":"","post_title":"galoa-proceedings--enejor-2024--181910","post_excerpt":"","post_status":"inherit","comment_status":"open","ping_status":"closed","post_password":"","post_name":"galoa-proceedings-enejor-2024-181910-2","to_ping":"","pinged":"","post_modified":"2024-06-17 11:52:57","post_modified_gmt":"2024-06-17 14:52:57","post_content_filtered":"","post_parent":"2054","guid":"https:\/\/repositorio.abejor.org.br\/wp-content\/uploads\/2024\/06\/galoa-proceedings-enejor-2024-181910-1.pdf","menu_order":"0","post_type":"attachment","post_mime_type":"application\/pdf","comment_count":"0","pod_item_id":"2058"},"autor":"Nilton Jos\u00e9, Natalia Eduarda de Borba Moreira e Mariana Brito Xavier","palavras_chaves":"Agricultura familiar. Movimentos sociais. Comunica\u00e7\u00e3o Popular. Oficinas. Comunidade.","evento":[{"ID":1960,"post_title":"23\u00ba Encontro Nacional de Ensino de Jornalismo","post_content":"","post_excerpt":"23\u00ba Encontro Nacional de Ensino de Jornalismo (ENEJor), realizado na Pontif\u00edcia Universidade Cat\u00f3lica de Goi\u00e1s (PUC-GO), entre os dias 23 e 26 de abril de 2024, na Escola de Forma de Professores. O tema do evento foi \"Ensino de Jornalismo e Educa\u00e7\u00e3o midi\u00e1tica: Princ\u00edpios e pr\u00e1ticas contra a desinforma\u00e7\u00e3o\". articiparam mais de 130 pessoas presencial e remotamente. Registrou-se um recorde de trabalhos inscritos no evento. Foram 81 submiss\u00f5es nos Grupos de Pesquisa (GPs) e de Trabalho (GT) do 19\u00ba Ciclo de Pesquisa em Ensino e Extens\u00e3o, realizado durante o Encontro, com a participa\u00e7\u00e3o de professores(as) e estudantes de diferentes regi\u00f5es e institui\u00e7\u00f5es do pa\u00eds.","post_author":"2","post_date":"2024-06-06 20:12:33","post_date_gmt":"2024-06-06 23:12:33","post_status":"publish","comment_status":"closed","ping_status":"closed","post_password":"","post_name":"23o-encontro-nacional-de-ensino-de-jornalismo","to_ping":"","pinged":"","post_modified":"2024-06-26 09:27:20","post_modified_gmt":"2024-06-26 12:27:20","post_content_filtered":"","post_parent":0,"guid":"https:\/\/repositorio.abejor.org.br\/?post_type=evento&#038;p=1960","menu_order":0,"post_type":"evento","post_mime_type":"","comment_count":"0","comments":false,"_thumbnail_id":["2167","2","2024-06-25 18:57:19","2024-06-25 21:57:19","","enejor 24","","inherit","open","closed","","enejor-24-2","","","2024-06-25 18:57:19","2024-06-25 21:57:19","","1960","https:\/\/repositorio.abejor.org.br\/wp-content\/uploads\/2024\/06\/enejor-24.jpg","0","attachment","image\/jpeg","0","2167"],"id":1960}],"grupo_de_pesquisa":[{"term_id":9,"name":"Atividades de Extens\u00e3o","slug":"atividades-de-extensao","description":"","taxonomy":"grupo_pesquisa","parent":0,"term_taxonomy_id":9,"term_group":0,"count":151,"object_id":null,"term_order":null,"id":9}],"_links":{"self":[{"href":"https:\/\/repositorio.abejor.org.br\/index.php\/wp-json\/wp\/v2\/anal\/2054","targetHints":{"allow":["GET"]}}],"collection":[{"href":"https:\/\/repositorio.abejor.org.br\/index.php\/wp-json\/wp\/v2\/anal"}],"about":[{"href":"https:\/\/repositorio.abejor.org.br\/index.php\/wp-json\/wp\/v2\/types\/anal"}],"wp:attachment":[{"href":"https:\/\/repositorio.abejor.org.br\/index.php\/wp-json\/wp\/v2\/media?parent=2054"}],"wp:term":[{"taxonomy":"grupo_pesquisa","embeddable":true,"href":"https:\/\/repositorio.abejor.org.br\/index.php\/wp-json\/wp\/v2\/grupo_pesquisa?post=2054"}],"curies":[{"name":"wp","href":"https:\/\/api.w.org\/{rel}","templated":true}]}}