{"id":2036,"date":"2024-06-17T11:38:22","date_gmt":"2024-06-17T14:38:22","guid":{"rendered":"https:\/\/repositorio.abejor.org.br\/?post_type=anal&#038;p=2036"},"modified":"2024-06-24T09:21:39","modified_gmt":"2024-06-24T12:21:39","slug":"da-nota-seca-a-grande-reportagem-o-passo-a-passo-da-reportagem-televisiva-no-ensino-de-telejornalismo","status":"publish","type":"anal","link":"https:\/\/repositorio.abejor.org.br\/?anal=da-nota-seca-a-grande-reportagem-o-passo-a-passo-da-reportagem-televisiva-no-ensino-de-telejornalismo","title":{"rendered":"Da nota seca \u00e0 grande reportagem: o passo a passo da reportagem televisiva no ensino de telejornalismo"},"excerpt":{"rendered":"<p>Este relato de experi\u00eancia tem como objetivo compartilhar a din\u00e2mica do ensino de reportagem televisiva na disciplina \u201cJornalismo em TV 1\u201d do curso de Jornalismo da Universidade Federal de Goi\u00e1s ministrada no segundo semestre de 2023. Considerando as especificidades do audiovisual, acreditamos que o aprimoramento t\u00e9cnico na produ\u00e7\u00e3o de reportagens televisivas passa pelo dom\u00ednio das diferentes etapas que v\u00e3o se complexificando \u00e0 medida que nos aproximamos da grande reportagem. Assim, nos propomos a fazer uma reflex\u00e3o sobre a proposta que prop\u00f5e aos discentes da disciplina o percurso que envolve a produ\u00e7\u00e3o de cinco trabalhos: nota seca, nota coberta, mat\u00e9ria sem passagem, mat\u00e9ria com passagem e grande reportagem.<\/p>\n","protected":false},"template":"","grupo_pesquisa":[12],"class_list":["post-2036","anal","type-anal","status-publish","hentry","grupo_pesquisa-producao-laboratorial-eletronicos-e-impressos"],"arquivo":{"ID":"2037","post_author":"2","post_date":"2024-06-17 11:38:17","post_date_gmt":"2024-06-17 14:38:17","post_content":"","post_title":"galoa-proceedings--enejor-2024--181869","post_excerpt":"","post_status":"inherit","comment_status":"open","ping_status":"closed","post_password":"","post_name":"galoa-proceedings-enejor-2024-181869","to_ping":"","pinged":"","post_modified":"2024-06-17 11:38:23","post_modified_gmt":"2024-06-17 14:38:23","post_content_filtered":"","post_parent":"2036","guid":"https:\/\/repositorio.abejor.org.br\/wp-content\/uploads\/2024\/06\/galoa-proceedings-enejor-2024-181869.pdf","menu_order":"0","post_type":"attachment","post_mime_type":"application\/pdf","comment_count":"0","pod_item_id":"2037"},"autor":"Gabriela Marques Gon\u00e7alves e Arthur Henrique Ribeiro do Nascimento","palavras_chaves":"Telejornalismo. Ensino de Jornalismo. Produ\u00e7\u00e3o. Relato de Experi\u00eancia","evento":[{"ID":1960,"post_title":"23\u00ba Encontro Nacional de Ensino de Jornalismo","post_content":"","post_excerpt":"23\u00ba Encontro Nacional de Ensino de Jornalismo (ENEJor), realizado na Pontif\u00edcia Universidade Cat\u00f3lica de Goi\u00e1s (PUC-GO), entre os dias 23 e 26 de abril de 2024, na Escola de Forma de Professores. O tema do evento foi \"Ensino de Jornalismo e Educa\u00e7\u00e3o midi\u00e1tica: Princ\u00edpios e pr\u00e1ticas contra a desinforma\u00e7\u00e3o\". articiparam mais de 130 pessoas presencial e remotamente. Registrou-se um recorde de trabalhos inscritos no evento. Foram 81 submiss\u00f5es nos Grupos de Pesquisa (GPs) e de Trabalho (GT) do 19\u00ba Ciclo de Pesquisa em Ensino e Extens\u00e3o, realizado durante o Encontro, com a participa\u00e7\u00e3o de professores(as) e estudantes de diferentes regi\u00f5es e institui\u00e7\u00f5es do pa\u00eds.","post_author":"2","post_date":"2024-06-06 20:12:33","post_date_gmt":"2024-06-06 23:12:33","post_status":"publish","comment_status":"closed","ping_status":"closed","post_password":"","post_name":"23o-encontro-nacional-de-ensino-de-jornalismo","to_ping":"","pinged":"","post_modified":"2024-06-26 09:27:20","post_modified_gmt":"2024-06-26 12:27:20","post_content_filtered":"","post_parent":0,"guid":"https:\/\/repositorio.abejor.org.br\/?post_type=evento&#038;p=1960","menu_order":0,"post_type":"evento","post_mime_type":"","comment_count":"0","comments":false,"_thumbnail_id":["2167","2","2024-06-25 18:57:19","2024-06-25 21:57:19","","enejor 24","","inherit","open","closed","","enejor-24-2","","","2024-06-25 18:57:19","2024-06-25 21:57:19","","1960","https:\/\/repositorio.abejor.org.br\/wp-content\/uploads\/2024\/06\/enejor-24.jpg","0","attachment","image\/jpeg","0","2167"],"id":1960}],"grupo_de_pesquisa":[{"term_id":9,"name":"Atividades de Extens\u00e3o","slug":"atividades-de-extensao","description":"","taxonomy":"grupo_pesquisa","parent":0,"term_taxonomy_id":9,"term_group":0,"count":151,"object_id":null,"term_order":null,"id":9}],"_links":{"self":[{"href":"https:\/\/repositorio.abejor.org.br\/index.php\/wp-json\/wp\/v2\/anal\/2036","targetHints":{"allow":["GET"]}}],"collection":[{"href":"https:\/\/repositorio.abejor.org.br\/index.php\/wp-json\/wp\/v2\/anal"}],"about":[{"href":"https:\/\/repositorio.abejor.org.br\/index.php\/wp-json\/wp\/v2\/types\/anal"}],"wp:attachment":[{"href":"https:\/\/repositorio.abejor.org.br\/index.php\/wp-json\/wp\/v2\/media?parent=2036"}],"wp:term":[{"taxonomy":"grupo_pesquisa","embeddable":true,"href":"https:\/\/repositorio.abejor.org.br\/index.php\/wp-json\/wp\/v2\/grupo_pesquisa?post=2036"}],"curies":[{"name":"wp","href":"https:\/\/api.w.org\/{rel}","templated":true}]}}