{"id":2001,"date":"2024-06-17T10:36:41","date_gmt":"2024-06-17T13:36:41","guid":{"rendered":"https:\/\/repositorio.abejor.org.br\/?post_type=anal&#038;p=2001"},"modified":"2024-06-24T12:14:40","modified_gmt":"2024-06-24T15:14:40","slug":"ouca-com-cafe-fe-sob-pressao-narrativas-de-cristaos-perseguidos","status":"publish","type":"anal","link":"https:\/\/repositorio.abejor.org.br\/?anal=ouca-com-cafe-fe-sob-pressao-narrativas-de-cristaos-perseguidos","title":{"rendered":"Ou\u00e7a com caf\u00e9 : f\u00e9 sob press\u00e3o, narrativas de crist\u00e3os perseguidos"},"excerpt":{"rendered":"<p>Este trabalho tem o objetivo de retratar hist\u00f3rias sobre a persegui\u00e7\u00e3o sofrida pelos crist\u00e3os. As narrativas ser\u00e3o produzidas para serem distribu\u00eddas por um canal de podcast, priorizando, principalmente, a narrativa oral. Compreender por que sociedades e alguns pa\u00edses desamparam os crist\u00e3os, promovem persegui\u00e7\u00f5es sistem\u00e1ticas, e se levantam contra comunidades inteiras, violentando e matando mulheres, homens e crian\u00e7as, que professam a f\u00e9 crist\u00e3, tamb\u00e9m \u00e9 explicado nas narra\u00e7\u00f5es do podcast. Particularmente, alguns fatos hist\u00f3ricos descrevem sobre o impedimento do exerc\u00edcio da dignidade do pensamento e da liberdade religiosa, e \u00e9 intuito deste trabalho de conclus\u00e3o de curso, realizado no curso de Jornalismo da Universidade Federal do Tocantins, reportar as viola\u00e7\u00f5es de direitos sofridas pelos crist\u00e3os em alguns pa\u00edses, al\u00e9m de possibilitar a propaga\u00e7\u00e3o destes fatos. <\/p>\n","protected":false},"template":"","grupo_pesquisa":[12],"class_list":["post-2001","anal","type-anal","status-publish","hentry","grupo_pesquisa-producao-laboratorial-eletronicos-e-impressos"],"arquivo":{"ID":"2004","post_author":"2","post_date":"2024-06-17 10:37:07","post_date_gmt":"2024-06-17 13:37:07","post_content":"","post_title":"galoa-proceedings--enejor-2024--181897","post_excerpt":"","post_status":"inherit","comment_status":"open","ping_status":"closed","post_password":"","post_name":"galoa-proceedings-enejor-2024-181897","to_ping":"","pinged":"","post_modified":"2024-06-17 10:37:44","post_modified_gmt":"2024-06-17 13:37:44","post_content_filtered":"","post_parent":"2001","guid":"https:\/\/repositorio.abejor.org.br\/wp-content\/uploads\/2024\/06\/galoa-proceedings-enejor-2024-181897.pdf","menu_order":"0","post_type":"attachment","post_mime_type":"application\/pdf","comment_count":"0","pod_item_id":"2004"},"autor":"Tha\u00eds Oliveira da Silva e Maria de F\u00e1tima de Albuquerque Caracristi","palavras_chaves":"Crist\u00e3os. Podcast. Hist\u00f3ria. Viola\u00e7\u00f5es.","evento":[{"ID":1960,"post_title":"23\u00ba Encontro Nacional de Ensino de Jornalismo","post_content":"","post_excerpt":"23\u00ba Encontro Nacional de Ensino de Jornalismo (ENEJor), realizado na Pontif\u00edcia Universidade Cat\u00f3lica de Goi\u00e1s (PUC-GO), entre os dias 23 e 26 de abril de 2024, na Escola de Forma de Professores. O tema do evento foi \"Ensino de Jornalismo e Educa\u00e7\u00e3o midi\u00e1tica: Princ\u00edpios e pr\u00e1ticas contra a desinforma\u00e7\u00e3o\". articiparam mais de 130 pessoas presencial e remotamente. Registrou-se um recorde de trabalhos inscritos no evento. Foram 81 submiss\u00f5es nos Grupos de Pesquisa (GPs) e de Trabalho (GT) do 19\u00ba Ciclo de Pesquisa em Ensino e Extens\u00e3o, realizado durante o Encontro, com a participa\u00e7\u00e3o de professores(as) e estudantes de diferentes regi\u00f5es e institui\u00e7\u00f5es do pa\u00eds.","post_author":"2","post_date":"2024-06-06 20:12:33","post_date_gmt":"2024-06-06 23:12:33","post_status":"publish","comment_status":"closed","ping_status":"closed","post_password":"","post_name":"23o-encontro-nacional-de-ensino-de-jornalismo","to_ping":"","pinged":"","post_modified":"2024-06-26 09:27:20","post_modified_gmt":"2024-06-26 12:27:20","post_content_filtered":"","post_parent":0,"guid":"https:\/\/repositorio.abejor.org.br\/?post_type=evento&#038;p=1960","menu_order":0,"post_type":"evento","post_mime_type":"","comment_count":"0","comments":false,"_thumbnail_id":["2167","2","2024-06-25 18:57:19","2024-06-25 21:57:19","","enejor 24","","inherit","open","closed","","enejor-24-2","","","2024-06-25 18:57:19","2024-06-25 21:57:19","","1960","https:\/\/repositorio.abejor.org.br\/wp-content\/uploads\/2024\/06\/enejor-24.jpg","0","attachment","image\/jpeg","0","2167"],"id":1960}],"grupo_de_pesquisa":[{"term_id":9,"name":"Atividades de Extens\u00e3o","slug":"atividades-de-extensao","description":"","taxonomy":"grupo_pesquisa","parent":0,"term_taxonomy_id":9,"term_group":0,"count":151,"object_id":null,"term_order":null,"id":9}],"_links":{"self":[{"href":"https:\/\/repositorio.abejor.org.br\/index.php\/wp-json\/wp\/v2\/anal\/2001","targetHints":{"allow":["GET"]}}],"collection":[{"href":"https:\/\/repositorio.abejor.org.br\/index.php\/wp-json\/wp\/v2\/anal"}],"about":[{"href":"https:\/\/repositorio.abejor.org.br\/index.php\/wp-json\/wp\/v2\/types\/anal"}],"wp:attachment":[{"href":"https:\/\/repositorio.abejor.org.br\/index.php\/wp-json\/wp\/v2\/media?parent=2001"}],"wp:term":[{"taxonomy":"grupo_pesquisa","embeddable":true,"href":"https:\/\/repositorio.abejor.org.br\/index.php\/wp-json\/wp\/v2\/grupo_pesquisa?post=2001"}],"curies":[{"name":"wp","href":"https:\/\/api.w.org\/{rel}","templated":true}]}}