{"id":1999,"date":"2024-06-17T10:35:15","date_gmt":"2024-06-17T13:35:15","guid":{"rendered":"https:\/\/repositorio.abejor.org.br\/?post_type=anal&#038;p=1999"},"modified":"2024-06-24T12:17:30","modified_gmt":"2024-06-24T15:17:30","slug":"na-frequencia-da-moda-design-e-estilismo-piauienses-nas-ondas-da-radio-universitaria-da-ufp","status":"publish","type":"anal","link":"https:\/\/repositorio.abejor.org.br\/?anal=na-frequencia-da-moda-design-e-estilismo-piauienses-nas-ondas-da-radio-universitaria-da-ufp","title":{"rendered":"Na frequ\u00eancia da moda: design e estilismo Piauienses  nas ondas da r\u00e1dio universit\u00e1ria da UFP"},"excerpt":{"rendered":"<p>O programa Na Frequ\u00eancia da Moda \u00e9 uma parceria intersetorial da Universidade Federal do Piau\u00ed, entre a r\u00e1dio-laborat\u00f3rio Universit\u00e1ria 96,7 FM  e o Curso de Moda, Design e Estilismo. Consiste em um programa de entrevistas ao vivo, quinzenal, de 30 minutos de dura\u00e7\u00e3o, discutindo temas relacionados ao mercado da moda piauiense, como sustentabilidade, empreendedorismo, identidade regional, entre outros. Com a apresenta\u00e7\u00e3o da aluna de jornalismo e bolsista da R\u00e1dio, Giovanna R\u00eago, o programa nasceu a partir de um projeto para a divulga\u00e7\u00e3o de trabalhos desenvolvidos por alunos, professores e outros profissionais da \u00e1rea: a revista Contrafio, produto resultante de um projeto de extens\u00e3o e que aborda debates que levam \u00e0 reflex\u00e3o sobre o mundo da moda. <\/p>\n","protected":false},"template":"","grupo_pesquisa":[12],"class_list":["post-1999","anal","type-anal","status-publish","hentry","grupo_pesquisa-producao-laboratorial-eletronicos-e-impressos"],"arquivo":{"ID":"2000","post_author":"2","post_date":"2024-06-17 10:34:06","post_date_gmt":"2024-06-17 13:34:06","post_content":"","post_title":"galoa-proceedings--enejor-2024--181903","post_excerpt":"","post_status":"inherit","comment_status":"open","ping_status":"closed","post_password":"","post_name":"galoa-proceedings-enejor-2024-181903","to_ping":"","pinged":"","post_modified":"2024-06-17 10:35:15","post_modified_gmt":"2024-06-17 13:35:15","post_content_filtered":"","post_parent":"1999","guid":"https:\/\/repositorio.abejor.org.br\/wp-content\/uploads\/2024\/06\/galoa-proceedings-enejor-2024-181903.pdf","menu_order":"0","post_type":"attachment","post_mime_type":"application\/pdf","comment_count":"0","pod_item_id":"2000"},"autor":"Silvio Henrique Vieira Barbosa e Giovanna R\u00eago","palavras_chaves":"Na Frequ\u00eancia da Moda. R\u00e1dio Universit\u00e1ria da UFPI 96,7 FM. Moda piauiense.\nSustentabilidade. Radiojornalismo.","evento":[{"ID":1960,"post_title":"23\u00ba Encontro Nacional de Ensino de Jornalismo","post_content":"","post_excerpt":"23\u00ba Encontro Nacional de Ensino de Jornalismo (ENEJor), realizado na Pontif\u00edcia Universidade Cat\u00f3lica de Goi\u00e1s (PUC-GO), entre os dias 23 e 26 de abril de 2024, na Escola de Forma de Professores. O tema do evento foi \"Ensino de Jornalismo e Educa\u00e7\u00e3o midi\u00e1tica: Princ\u00edpios e pr\u00e1ticas contra a desinforma\u00e7\u00e3o\". articiparam mais de 130 pessoas presencial e remotamente. Registrou-se um recorde de trabalhos inscritos no evento. Foram 81 submiss\u00f5es nos Grupos de Pesquisa (GPs) e de Trabalho (GT) do 19\u00ba Ciclo de Pesquisa em Ensino e Extens\u00e3o, realizado durante o Encontro, com a participa\u00e7\u00e3o de professores(as) e estudantes de diferentes regi\u00f5es e institui\u00e7\u00f5es do pa\u00eds.","post_author":"2","post_date":"2024-06-06 20:12:33","post_date_gmt":"2024-06-06 23:12:33","post_status":"publish","comment_status":"closed","ping_status":"closed","post_password":"","post_name":"23o-encontro-nacional-de-ensino-de-jornalismo","to_ping":"","pinged":"","post_modified":"2024-06-26 09:27:20","post_modified_gmt":"2024-06-26 12:27:20","post_content_filtered":"","post_parent":0,"guid":"https:\/\/repositorio.abejor.org.br\/?post_type=evento&#038;p=1960","menu_order":0,"post_type":"evento","post_mime_type":"","comment_count":"0","comments":false,"_thumbnail_id":["2167","2","2024-06-25 18:57:19","2024-06-25 21:57:19","","enejor 24","","inherit","open","closed","","enejor-24-2","","","2024-06-25 18:57:19","2024-06-25 21:57:19","","1960","https:\/\/repositorio.abejor.org.br\/wp-content\/uploads\/2024\/06\/enejor-24.jpg","0","attachment","image\/jpeg","0","2167"],"id":1960}],"grupo_de_pesquisa":[{"term_id":9,"name":"Atividades de Extens\u00e3o","slug":"atividades-de-extensao","description":"","taxonomy":"grupo_pesquisa","parent":0,"term_taxonomy_id":9,"term_group":0,"count":151,"object_id":null,"term_order":null,"id":9}],"_links":{"self":[{"href":"https:\/\/repositorio.abejor.org.br\/index.php\/wp-json\/wp\/v2\/anal\/1999","targetHints":{"allow":["GET"]}}],"collection":[{"href":"https:\/\/repositorio.abejor.org.br\/index.php\/wp-json\/wp\/v2\/anal"}],"about":[{"href":"https:\/\/repositorio.abejor.org.br\/index.php\/wp-json\/wp\/v2\/types\/anal"}],"wp:attachment":[{"href":"https:\/\/repositorio.abejor.org.br\/index.php\/wp-json\/wp\/v2\/media?parent=1999"}],"wp:term":[{"taxonomy":"grupo_pesquisa","embeddable":true,"href":"https:\/\/repositorio.abejor.org.br\/index.php\/wp-json\/wp\/v2\/grupo_pesquisa?post=1999"}],"curies":[{"name":"wp","href":"https:\/\/api.w.org\/{rel}","templated":true}]}}