{"id":1885,"date":"2023-10-14T12:59:03","date_gmt":"2023-10-14T15:59:03","guid":{"rendered":"https:\/\/repositorio.abejor.org.br\/?post_type=anal&#038;p=1885"},"modified":"2023-10-14T12:59:03","modified_gmt":"2023-10-14T15:59:03","slug":"digitalizacao-da-informacao-e-as-mudancas-no-formato-da-construcao-da-noticia-analise-dos-projetos-experimentais-de-jornalismo-da-unimep-2007-2011","status":"publish","type":"anal","link":"https:\/\/repositorio.abejor.org.br\/?anal=digitalizacao-da-informacao-e-as-mudancas-no-formato-da-construcao-da-noticia-analise-dos-projetos-experimentais-de-jornalismo-da-unimep-2007-2011","title":{"rendered":"Digitaliza\u00e7\u00e3o da Informa\u00e7\u00e3o e as Mudan\u00e7as no Formato da Constru\u00e7\u00e3o da Not\u00edcia \u2013 An\u00e1lise dos Projetos Experimentais de  Jornalismo da Unimep (2007 \u2013 2011)"},"excerpt":{"rendered":"<p>O processo de digitaliza\u00e7\u00e3o da informa\u00e7\u00e3o, que afeta diferentes<br \/>\nplataformas de m\u00eddia, incide nas mudan\u00e7as da constru\u00e7\u00e3o da not\u00edcia e no<br \/>\nencurtamento do momento da capta\u00e7\u00e3o, difus\u00e3o e acesso de conte\u00fados. A partir<br \/>\nda an\u00e1lise dos projetos experimentais do Curso de Jornalismo da Unimep<br \/>\n(per\u00edodo de 2007 a 2011), o projeto de inicia\u00e7\u00e3o cient\u00edfica tem o prop\u00f3sito de<br \/>\nidentificar eixos tem\u00e1ticos relacionados com o momento de transi\u00e7\u00e3o dos<br \/>\nsuportes anal\u00f3gicos e tipogr\u00e1ficos para aqueles que t\u00eam caracter\u00edsticas de<br \/>\nmultim\u00eddia, converg\u00eancia tecnol\u00f3gica e mobilidade.<\/p>\n","protected":false},"template":"","grupo_pesquisa":[11],"class_list":["post-1885","anal","type-anal","status-publish","hentry","grupo_pesquisa-pesquisa-na-graduacao"],"arquivo":{"ID":"1886","post_author":"2","post_date":"2023-10-14 12:57:43","post_date_gmt":"2023-10-14 15:57:43","post_content":"","post_title":"Digitaliza\u00e7\u00e3o da Informa\u00e7\u00e3o e as Mudan\u00e7as no Formato da Constru\u00e7\u00e3o da Not\u00edcia","post_excerpt":"","post_status":"inherit","comment_status":"open","ping_status":"closed","post_password":"","post_name":"digitalizacao-da-informacao-e-as-mudancas-no-formato-da-construcao-da-noticia","to_ping":"","pinged":"","post_modified":"2023-10-14 12:59:03","post_modified_gmt":"2023-10-14 15:59:03","post_content_filtered":"","post_parent":"1885","guid":"https:\/\/repositorio.abejor.org.br\/wp-content\/uploads\/2023\/10\/Digitalizacao-da-Informacao-e-as-Mudancas-no-Formato-da-Construcao-da-Noticia.pdf","menu_order":"0","post_type":"attachment","post_mime_type":"application\/pdf","comment_count":"0","pod_item_id":"1886"},"autor":"Belarmino Cesar Guimar\u00e3es da Costa","palavras_chaves":"Digitaliza\u00e7\u00e3o da Informa\u00e7\u00e3o, Jornalismo, Converg\u00eancia\nTecnol\u00f3gica, Constru\u00e7\u00e3o da Not\u00edcia, Internet","evento":[{"ID":1528,"post_title":"14\u00ba Encontro Nacional de Professores de Jornalismo","post_content":"","post_excerpt":"14\u00ba Encontro Nacional de Professores de Jornalismo (14\u00ba ENPJ), ocorreu nos dias 27 a 30 de abril de 2012 em Uberl\u00e2ndia (MG). ","post_author":"2","post_date":"2012-04-27 20:02:47","post_date_gmt":"2012-04-27 23:02:47","post_status":"publish","comment_status":"closed","ping_status":"closed","post_password":"","post_name":"14o-encontro-nacional-de-professores-de-jornalismo","to_ping":"","pinged":"","post_modified":"2023-10-14 14:05:37","post_modified_gmt":"2023-10-14 17:05:37","post_content_filtered":"","post_parent":0,"guid":"https:\/\/repositorio.abejor.org.br\/?post_type=evento&#038;p=1528","menu_order":0,"post_type":"evento","post_mime_type":"","comment_count":"0","comments":false,"_thumbnail_id":["1529","2","2023-10-11 17:12:33","2023-10-11 20:12:33","","Logo_ABEJ_principal-640x320-1.jpg","","inherit","open","closed","","logo_abej_principal-640x320-1-jpg","","","2023-10-11 17:12:33","2023-10-11 20:12:33","","1528","https:\/\/repositorio.abejor.org.br\/wp-content\/uploads\/2023\/10\/Logo_ABEJ_principal-640x320-1.jpg.webp","0","attachment","image\/webp","0","1529"],"id":1528}],"grupo_de_pesquisa":[{"term_id":11,"name":"Pesquisa na Gradua\u00e7\u00e3o","slug":"pesquisa-na-graduacao","description":"","taxonomy":"grupo_pesquisa","parent":0,"term_taxonomy_id":11,"term_group":0,"count":316,"object_id":null,"term_order":null,"id":11}],"_links":{"self":[{"href":"https:\/\/repositorio.abejor.org.br\/index.php\/wp-json\/wp\/v2\/anal\/1885","targetHints":{"allow":["GET"]}}],"collection":[{"href":"https:\/\/repositorio.abejor.org.br\/index.php\/wp-json\/wp\/v2\/anal"}],"about":[{"href":"https:\/\/repositorio.abejor.org.br\/index.php\/wp-json\/wp\/v2\/types\/anal"}],"wp:attachment":[{"href":"https:\/\/repositorio.abejor.org.br\/index.php\/wp-json\/wp\/v2\/media?parent=1885"}],"wp:term":[{"taxonomy":"grupo_pesquisa","embeddable":true,"href":"https:\/\/repositorio.abejor.org.br\/index.php\/wp-json\/wp\/v2\/grupo_pesquisa?post=1885"}],"curies":[{"name":"wp","href":"https:\/\/api.w.org\/{rel}","templated":true}]}}