{"id":1871,"date":"2023-10-14T12:26:03","date_gmt":"2023-10-14T15:26:03","guid":{"rendered":"https:\/\/repositorio.abejor.org.br\/?post_type=anal&#038;p=1871"},"modified":"2023-10-14T12:26:03","modified_gmt":"2023-10-14T15:26:03","slug":"a-importancia-da-pesquisa-cientifica-na-grade-curricular-dos-cursos-de-graduacao-em-jornalismo","status":"publish","type":"anal","link":"https:\/\/repositorio.abejor.org.br\/?anal=a-importancia-da-pesquisa-cientifica-na-grade-curricular-dos-cursos-de-graduacao-em-jornalismo","title":{"rendered":"A import\u00e2ncia da pesquisa cient\u00edfica na grade curricular  dos cursos de gradua\u00e7\u00e3o em Jornalismo"},"excerpt":{"rendered":"<p>Os cursos de gradua\u00e7\u00e3o em jornalismo atualizam periodicamente suas grades<br \/>\ncurriculares disponibilizando ao corpo acad\u00eamico as novidades tecnol\u00f3gicas e os<br \/>\nnovos campos de atua\u00e7\u00e3o dos profissionais, mas n\u00e3o d\u00e3o a devida aten\u00e7\u00e3o \u00e0s<br \/>\npesquisas cient\u00edficas, t\u00e3o necess\u00e1rias ao entendimento da comunica\u00e7\u00e3o como<br \/>\num processo social e pol\u00edtico.<\/p>\n","protected":false},"template":"","grupo_pesquisa":[11],"class_list":["post-1871","anal","type-anal","status-publish","hentry","grupo_pesquisa-pesquisa-na-graduacao"],"arquivo":{"ID":"1872","post_author":"2","post_date":"2023-10-14 12:25:14","post_date_gmt":"2023-10-14 15:25:14","post_content":"","post_title":"A import\u00e2ncia da pesquisa cient\u00edfica na grade curricular dos cursos de gradua\u00e7\u00e3o em Jornalismo","post_excerpt":"","post_status":"inherit","comment_status":"open","ping_status":"closed","post_password":"","post_name":"a-importancia-da-pesquisa-cientifica-na-grade-curricular-dos-cursos-de-graduacao-em-jornalismo-2","to_ping":"","pinged":"","post_modified":"2023-10-14 12:26:03","post_modified_gmt":"2023-10-14 15:26:03","post_content_filtered":"","post_parent":"1871","guid":"https:\/\/repositorio.abejor.org.br\/wp-content\/uploads\/2023\/10\/A-importancia-da-pesquisa-cientifica-na-grade-curricular-dos-cursos-de-graduacao-em-Jornalismo.pdf","menu_order":"0","post_type":"attachment","post_mime_type":"application\/pdf","comment_count":"0","pod_item_id":"1872"},"autor":"Nelson Toledo Ferreira","palavras_chaves":"Pesquisa, Epistemologia da comunica\u00e7\u00e3o, Grade curricular\ndo Jornalismo","evento":[{"ID":1528,"post_title":"14\u00ba Encontro Nacional de Professores de Jornalismo","post_content":"","post_excerpt":"14\u00ba Encontro Nacional de Professores de Jornalismo (14\u00ba ENPJ), ocorreu nos dias 27 a 30 de abril de 2012 em Uberl\u00e2ndia (MG). ","post_author":"2","post_date":"2012-04-27 20:02:47","post_date_gmt":"2012-04-27 23:02:47","post_status":"publish","comment_status":"closed","ping_status":"closed","post_password":"","post_name":"14o-encontro-nacional-de-professores-de-jornalismo","to_ping":"","pinged":"","post_modified":"2023-10-14 14:05:37","post_modified_gmt":"2023-10-14 17:05:37","post_content_filtered":"","post_parent":0,"guid":"https:\/\/repositorio.abejor.org.br\/?post_type=evento&#038;p=1528","menu_order":0,"post_type":"evento","post_mime_type":"","comment_count":"0","comments":false,"_thumbnail_id":["1529","2","2023-10-11 17:12:33","2023-10-11 20:12:33","","Logo_ABEJ_principal-640x320-1.jpg","","inherit","open","closed","","logo_abej_principal-640x320-1-jpg","","","2023-10-11 17:12:33","2023-10-11 20:12:33","","1528","https:\/\/repositorio.abejor.org.br\/wp-content\/uploads\/2023\/10\/Logo_ABEJ_principal-640x320-1.jpg.webp","0","attachment","image\/webp","0","1529"],"id":1528}],"grupo_de_pesquisa":[{"term_id":11,"name":"Pesquisa na Gradua\u00e7\u00e3o","slug":"pesquisa-na-graduacao","description":"","taxonomy":"grupo_pesquisa","parent":0,"term_taxonomy_id":11,"term_group":0,"count":316,"object_id":null,"term_order":null,"id":11}],"_links":{"self":[{"href":"https:\/\/repositorio.abejor.org.br\/index.php\/wp-json\/wp\/v2\/anal\/1871","targetHints":{"allow":["GET"]}}],"collection":[{"href":"https:\/\/repositorio.abejor.org.br\/index.php\/wp-json\/wp\/v2\/anal"}],"about":[{"href":"https:\/\/repositorio.abejor.org.br\/index.php\/wp-json\/wp\/v2\/types\/anal"}],"wp:attachment":[{"href":"https:\/\/repositorio.abejor.org.br\/index.php\/wp-json\/wp\/v2\/media?parent=1871"}],"wp:term":[{"taxonomy":"grupo_pesquisa","embeddable":true,"href":"https:\/\/repositorio.abejor.org.br\/index.php\/wp-json\/wp\/v2\/grupo_pesquisa?post=1871"}],"curies":[{"name":"wp","href":"https:\/\/api.w.org\/{rel}","templated":true}]}}