{"id":1834,"date":"2023-10-14T09:53:19","date_gmt":"2023-10-14T12:53:19","guid":{"rendered":"https:\/\/repositorio.abejor.org.br\/?post_type=anal&#038;p=1834"},"modified":"2023-10-14T09:53:19","modified_gmt":"2023-10-14T12:53:19","slug":"grade-curricular-por-unidades-tematicas-de-aprendizagem-e-ciclos-o-modelo-da-facinter","status":"publish","type":"anal","link":"https:\/\/repositorio.abejor.org.br\/?anal=grade-curricular-por-unidades-tematicas-de-aprendizagem-e-ciclos-o-modelo-da-facinter","title":{"rendered":"GRADE CURRICULAR POR UNIDADES TEM\u00c1TICAS DE APRENDIZAGEM E CICLOS: O MODELO DA FACINTER"},"excerpt":{"rendered":"<p>Este relato tem por objetivo apresentar a grade curricular do curso de<br \/>\nComunica\u00e7\u00e3o Social da Faculdade Internacional de Curitiba (Facinter). Essa<br \/>\ngrade foi adotada a partir do primeiro semestre letivo de 2011 e foi objeto de<br \/>\nelogio das comiss\u00f5es externas que fizeram as avalia\u00e7\u00f5es dos cursos para efeito de<br \/>\nreconhecimento pelo Minist\u00e9rio da Educa\u00e7\u00e3o.<\/p>\n","protected":false},"template":"","grupo_pesquisa":[13],"class_list":["post-1834","anal","type-anal","status-publish","hentry","grupo_pesquisa-projetos-pedagogicos-e-metodologias-de-ensino"],"arquivo":{"ID":"1835","post_author":"2","post_date":"2023-10-14 09:52:09","post_date_gmt":"2023-10-14 12:52:09","post_content":"","post_title":"GRADE CURRICULAR POR UNIDADES TEM\u00c1TICAS DE","post_excerpt":"","post_status":"inherit","comment_status":"open","ping_status":"closed","post_password":"","post_name":"grade-curricular-por-unidades-tematicas-de","to_ping":"","pinged":"","post_modified":"2023-10-14 09:53:19","post_modified_gmt":"2023-10-14 12:53:19","post_content_filtered":"","post_parent":"1834","guid":"https:\/\/repositorio.abejor.org.br\/wp-content\/uploads\/2023\/10\/GRADE-CURRICULAR-POR-UNIDADES-TEMATICAS-DE.pdf","menu_order":"0","post_type":"attachment","post_mime_type":"application\/pdf","comment_count":"0","pod_item_id":"1835"},"autor":"Tom\u00e1s Eon Barreiros","palavras_chaves":"Projeto pedag\u00f3gico, Grade curricular","evento":[{"ID":1528,"post_title":"14\u00ba Encontro Nacional de Professores de Jornalismo","post_content":"","post_excerpt":"14\u00ba Encontro Nacional de Professores de Jornalismo (14\u00ba ENPJ), ocorreu nos dias 27 a 30 de abril de 2012 em Uberl\u00e2ndia (MG). ","post_author":"2","post_date":"2012-04-27 20:02:47","post_date_gmt":"2012-04-27 23:02:47","post_status":"publish","comment_status":"closed","ping_status":"closed","post_password":"","post_name":"14o-encontro-nacional-de-professores-de-jornalismo","to_ping":"","pinged":"","post_modified":"2023-10-14 14:05:37","post_modified_gmt":"2023-10-14 17:05:37","post_content_filtered":"","post_parent":0,"guid":"https:\/\/repositorio.abejor.org.br\/?post_type=evento&#038;p=1528","menu_order":0,"post_type":"evento","post_mime_type":"","comment_count":"0","comments":false,"_thumbnail_id":["1529","2","2023-10-11 17:12:33","2023-10-11 20:12:33","","Logo_ABEJ_principal-640x320-1.jpg","","inherit","open","closed","","logo_abej_principal-640x320-1-jpg","","","2023-10-11 17:12:33","2023-10-11 20:12:33","","1528","https:\/\/repositorio.abejor.org.br\/wp-content\/uploads\/2023\/10\/Logo_ABEJ_principal-640x320-1.jpg.webp","0","attachment","image\/webp","0","1529"],"id":1528}],"grupo_de_pesquisa":[{"term_id":13,"name":"Projetos Pedag\u00f3gicos e Metodologias de Ensino","slug":"projetos-pedagogicos-e-metodologias-de-ensino","description":"","taxonomy":"grupo_pesquisa","parent":0,"term_taxonomy_id":13,"term_group":0,"count":162,"object_id":null,"term_order":null,"id":13}],"_links":{"self":[{"href":"https:\/\/repositorio.abejor.org.br\/index.php\/wp-json\/wp\/v2\/anal\/1834","targetHints":{"allow":["GET"]}}],"collection":[{"href":"https:\/\/repositorio.abejor.org.br\/index.php\/wp-json\/wp\/v2\/anal"}],"about":[{"href":"https:\/\/repositorio.abejor.org.br\/index.php\/wp-json\/wp\/v2\/types\/anal"}],"wp:attachment":[{"href":"https:\/\/repositorio.abejor.org.br\/index.php\/wp-json\/wp\/v2\/media?parent=1834"}],"wp:term":[{"taxonomy":"grupo_pesquisa","embeddable":true,"href":"https:\/\/repositorio.abejor.org.br\/index.php\/wp-json\/wp\/v2\/grupo_pesquisa?post=1834"}],"curies":[{"name":"wp","href":"https:\/\/api.w.org\/{rel}","templated":true}]}}