{"id":1822,"date":"2023-10-14T09:40:15","date_gmt":"2023-10-14T12:40:15","guid":{"rendered":"https:\/\/repositorio.abejor.org.br\/?post_type=anal&#038;p=1822"},"modified":"2023-10-14T09:40:32","modified_gmt":"2023-10-14T12:40:32","slug":"para-uma-analise-cultural-da-comunicacao-midiatica-na-contemporaneidade-breves-apontamentos-sobre-a-questao-do-popular-no-telejornalismo-local","status":"publish","type":"anal","link":"https:\/\/repositorio.abejor.org.br\/?anal=para-uma-analise-cultural-da-comunicacao-midiatica-na-contemporaneidade-breves-apontamentos-sobre-a-questao-do-popular-no-telejornalismo-local","title":{"rendered":"Para uma an\u00e1lise cultural da comunica\u00e7\u00e3o midi\u00e1tica na contemporaneidade: breves apontamentos sobre a quest\u00e3o do popular no telejornalismo local"},"excerpt":{"rendered":"<p>Este texto prop\u00f5e alguns apontamentos para uma an\u00e1lise cultural do<br \/>\ntelejornalismo tendo-se como refer\u00eancia telejornais da Rede Globo Nordeste e<br \/>\nRede Bahia de Televis\u00e3o, afiliada do conglomerado Globo. O prop\u00f3sito \u00e9<br \/>\nanalisar a inser\u00e7\u00e3o de demandas populares e do cotidiano urbano em telejornais<br \/>\nda marca Globo, considerando-se que quest\u00f5es como essas ocupam espa\u00e7o<br \/>\nsignificativo na programa\u00e7\u00e3o noticiosa das televis\u00f5es locais, seguindo modelo<br \/>\nadotado pelo jornalismo de rede.<\/p>\n","protected":false},"template":"","grupo_pesquisa":[10],"class_list":["post-1822","anal","type-anal","status-publish","hentry","grupo_pesquisa-ensino-de-etica-e-teorias-do-jornalismo"],"arquivo":{"ID":"1823","post_author":"2","post_date":"2023-10-14 09:39:26","post_date_gmt":"2023-10-14 12:39:26","post_content":"","post_title":"Para uma an\u00e1lise cultural da comunica\u00e7\u00e3o na contemporaneidade 2","post_excerpt":"","post_status":"inherit","comment_status":"open","ping_status":"closed","post_password":"","post_name":"para-uma-analise-cultural-da-comunicacao-na-contemporaneidade-2","to_ping":"","pinged":"","post_modified":"2023-10-14 09:40:15","post_modified_gmt":"2023-10-14 12:40:15","post_content_filtered":"","post_parent":"1822","guid":"https:\/\/repositorio.abejor.org.br\/wp-content\/uploads\/2023\/10\/Para-uma-analise-cultural-da-comunicacao-na-contemporaneidade-2.pdf","menu_order":"0","post_type":"attachment","post_mime_type":"application\/pdf","comment_count":"0","pod_item_id":"1823"},"autor":"Gis\u00e9lia Castro Silva","palavras_chaves":"Televis\u00e3o, Telejornalismo local, Forma cultural, Conven\u00e7\u00f5es\nnarrativas, Jornalismo popular","evento":[{"ID":1528,"post_title":"14\u00ba Encontro Nacional de Professores de Jornalismo","post_content":"","post_excerpt":"14\u00ba Encontro Nacional de Professores de Jornalismo (14\u00ba ENPJ), ocorreu nos dias 27 a 30 de abril de 2012 em Uberl\u00e2ndia (MG). ","post_author":"2","post_date":"2012-04-27 20:02:47","post_date_gmt":"2012-04-27 23:02:47","post_status":"publish","comment_status":"closed","ping_status":"closed","post_password":"","post_name":"14o-encontro-nacional-de-professores-de-jornalismo","to_ping":"","pinged":"","post_modified":"2023-10-14 14:05:37","post_modified_gmt":"2023-10-14 17:05:37","post_content_filtered":"","post_parent":0,"guid":"https:\/\/repositorio.abejor.org.br\/?post_type=evento&#038;p=1528","menu_order":0,"post_type":"evento","post_mime_type":"","comment_count":"0","comments":false,"_thumbnail_id":["1529","2","2023-10-11 17:12:33","2023-10-11 20:12:33","","Logo_ABEJ_principal-640x320-1.jpg","","inherit","open","closed","","logo_abej_principal-640x320-1-jpg","","","2023-10-11 17:12:33","2023-10-11 20:12:33","","1528","https:\/\/repositorio.abejor.org.br\/wp-content\/uploads\/2023\/10\/Logo_ABEJ_principal-640x320-1.jpg.webp","0","attachment","image\/webp","0","1529"],"id":1528}],"grupo_de_pesquisa":[{"term_id":10,"name":"Ensino de \u00c9tica e Teorias do Jornalismo","slug":"ensino-de-etica-e-teorias-do-jornalismo","description":"","taxonomy":"grupo_pesquisa","parent":0,"term_taxonomy_id":10,"term_group":0,"count":84,"object_id":null,"term_order":null,"id":10}],"_links":{"self":[{"href":"https:\/\/repositorio.abejor.org.br\/index.php\/wp-json\/wp\/v2\/anal\/1822","targetHints":{"allow":["GET"]}}],"collection":[{"href":"https:\/\/repositorio.abejor.org.br\/index.php\/wp-json\/wp\/v2\/anal"}],"about":[{"href":"https:\/\/repositorio.abejor.org.br\/index.php\/wp-json\/wp\/v2\/types\/anal"}],"wp:attachment":[{"href":"https:\/\/repositorio.abejor.org.br\/index.php\/wp-json\/wp\/v2\/media?parent=1822"}],"wp:term":[{"taxonomy":"grupo_pesquisa","embeddable":true,"href":"https:\/\/repositorio.abejor.org.br\/index.php\/wp-json\/wp\/v2\/grupo_pesquisa?post=1822"}],"curies":[{"name":"wp","href":"https:\/\/api.w.org\/{rel}","templated":true}]}}