{"id":1789,"date":"2023-10-13T22:03:08","date_gmt":"2023-10-14T01:03:08","guid":{"rendered":"https:\/\/repositorio.abejor.org.br\/?post_type=anal&#038;p=1789"},"modified":"2023-10-13T22:03:08","modified_gmt":"2023-10-14T01:03:08","slug":"o-nao-ensino-da-convergencia-de-midias-como-fomento-a-pesquisa","status":"publish","type":"anal","link":"https:\/\/repositorio.abejor.org.br\/?anal=o-nao-ensino-da-convergencia-de-midias-como-fomento-a-pesquisa","title":{"rendered":"O (n\u00e3o) ensino da converg\u00eancia de m\u00eddias como  fomento \u00e0 pesquisa"},"excerpt":{"rendered":"<p>Este trabalho tem como objetivo relatar as experi\u00eancias e ang\u00fastias que<br \/>\nmotivaram o autor a desenvolver, pelo Centro Federal de Educa\u00e7\u00e3o Tecnol\u00f3gica<br \/>\nde Minas Gerais (Cefet-MG), no Programa de P\u00f3s-Gradua\u00e7\u00e3o em Estudos de<br \/>\nLinguagem (Posling), um projeto em que discute a \u201cnova\u201d narrativa jornal\u00edstica<br \/>\nque surge na internet como resultado da converg\u00eancia de m\u00eddias.<\/p>\n","protected":false},"template":"","grupo_pesquisa":[12],"class_list":["post-1789","anal","type-anal","status-publish","hentry","grupo_pesquisa-producao-laboratorial-eletronicos-e-impressos"],"arquivo":{"ID":"1790","post_author":"2","post_date":"2023-10-13 22:02:29","post_date_gmt":"2023-10-14 01:02:29","post_content":"","post_title":"O (n\u00e3o) ensino da converg\u00eancia de m\u00eddias como","post_excerpt":"","post_status":"inherit","comment_status":"open","ping_status":"closed","post_password":"","post_name":"o-nao-ensino-da-convergencia-de-midias-como","to_ping":"","pinged":"","post_modified":"2023-10-13 22:03:08","post_modified_gmt":"2023-10-14 01:03:08","post_content_filtered":"","post_parent":"1789","guid":"https:\/\/repositorio.abejor.org.br\/wp-content\/uploads\/2023\/10\/O-nao-ensino-da-convergencia-de-midias-como.pdf","menu_order":"0","post_type":"attachment","post_mime_type":"application\/pdf","comment_count":"0","pod_item_id":"1790"},"autor":"Emerson Campos Gon\u00e7alves","palavras_chaves":"Converg\u00eancia de m\u00eddias, Jornalismo, Web 2.0","evento":[{"ID":1528,"post_title":"14\u00ba Encontro Nacional de Professores de Jornalismo","post_content":"","post_excerpt":"14\u00ba Encontro Nacional de Professores de Jornalismo (14\u00ba ENPJ), ocorreu nos dias 27 a 30 de abril de 2012 em Uberl\u00e2ndia (MG). ","post_author":"2","post_date":"2012-04-27 20:02:47","post_date_gmt":"2012-04-27 23:02:47","post_status":"publish","comment_status":"closed","ping_status":"closed","post_password":"","post_name":"14o-encontro-nacional-de-professores-de-jornalismo","to_ping":"","pinged":"","post_modified":"2023-10-14 14:05:37","post_modified_gmt":"2023-10-14 17:05:37","post_content_filtered":"","post_parent":0,"guid":"https:\/\/repositorio.abejor.org.br\/?post_type=evento&#038;p=1528","menu_order":0,"post_type":"evento","post_mime_type":"","comment_count":"0","comments":false,"_thumbnail_id":["1529","2","2023-10-11 17:12:33","2023-10-11 20:12:33","","Logo_ABEJ_principal-640x320-1.jpg","","inherit","open","closed","","logo_abej_principal-640x320-1-jpg","","","2023-10-11 17:12:33","2023-10-11 20:12:33","","1528","https:\/\/repositorio.abejor.org.br\/wp-content\/uploads\/2023\/10\/Logo_ABEJ_principal-640x320-1.jpg.webp","0","attachment","image\/webp","0","1529"],"id":1528}],"grupo_de_pesquisa":[{"term_id":12,"name":"Produ\u00e7\u00e3o Laboratorial eletr\u00f4nicos e impressos","slug":"producao-laboratorial-eletronicos-e-impressos","description":"","taxonomy":"grupo_pesquisa","parent":0,"term_taxonomy_id":12,"term_group":0,"count":167,"object_id":null,"term_order":null,"id":12}],"_links":{"self":[{"href":"https:\/\/repositorio.abejor.org.br\/index.php\/wp-json\/wp\/v2\/anal\/1789","targetHints":{"allow":["GET"]}}],"collection":[{"href":"https:\/\/repositorio.abejor.org.br\/index.php\/wp-json\/wp\/v2\/anal"}],"about":[{"href":"https:\/\/repositorio.abejor.org.br\/index.php\/wp-json\/wp\/v2\/types\/anal"}],"wp:attachment":[{"href":"https:\/\/repositorio.abejor.org.br\/index.php\/wp-json\/wp\/v2\/media?parent=1789"}],"wp:term":[{"taxonomy":"grupo_pesquisa","embeddable":true,"href":"https:\/\/repositorio.abejor.org.br\/index.php\/wp-json\/wp\/v2\/grupo_pesquisa?post=1789"}],"curies":[{"name":"wp","href":"https:\/\/api.w.org\/{rel}","templated":true}]}}