{"id":1747,"date":"2023-10-13T20:19:19","date_gmt":"2023-10-13T23:19:19","guid":{"rendered":"https:\/\/repositorio.abejor.org.br\/?post_type=anal&#038;p=1747"},"modified":"2023-10-14T14:01:25","modified_gmt":"2023-10-14T17:01:25","slug":"integracao-no-ar-radiojornalismo-publico-e-suas-contribuicoes-a-extensao-ensino-e-pesquisa-universitarias","status":"publish","type":"anal","link":"https:\/\/repositorio.abejor.org.br\/?anal=integracao-no-ar-radiojornalismo-publico-e-suas-contribuicoes-a-extensao-ensino-e-pesquisa-universitarias","title":{"rendered":"Integra\u00e7\u00e3o no ar: radiojornalismo p\u00fablico e suas contribui\u00e7\u00f5es \u00e0 extens\u00e3o, ensino e pesquisa universit\u00e1rias"},"excerpt":{"rendered":"<p>Este artigo analisa potencialidades da integra\u00e7\u00e3o entre r\u00e1dios p\u00fablicas estatais<br \/>\nbrasileiras e atividades de ensino e extens\u00e3o em jornalismo. Integra pesquisa<br \/>\nmaior que realizo sobre o \u201cRadio jo rnalism o p\u00fablico brasile iro :<br \/>\nexpe ri\u00eancias contem po r\u00e2neas de rede s, sistem as e produ\u00e7\u00f5 e s<br \/>\nconjuntas\u201d.<\/p>\n","protected":false},"template":"","grupo_pesquisa":[9],"class_list":["post-1747","anal","type-anal","status-publish","hentry","grupo_pesquisa-atividades-de-extensao"],"arquivo":{"ID":"1748","post_author":"2","post_date":"2023-10-13 20:18:55","post_date_gmt":"2023-10-13 23:18:55","post_content":"","post_title":"Integra\u00e7\u00e3o no ar radiojornalismo p\u00fablico e suas contribui\u00e7\u00f5es \u00e0 extens\u00e3o, ensino e pesquisa universit\u00e1rias","post_excerpt":"","post_status":"inherit","comment_status":"open","ping_status":"closed","post_password":"","post_name":"integracao-no-ar-radiojornalismo-publico-e-suas-contribuicoes-a-extensao-ensino-e-pesquisa-universitarias","to_ping":"","pinged":"","post_modified":"2023-10-13 20:19:12","post_modified_gmt":"2023-10-13 23:19:12","post_content_filtered":"","post_parent":"1747","guid":"https:\/\/repositorio.abejor.org.br\/wp-content\/uploads\/2023\/10\/Integracao-no-ar-radiojornalismo-publico-e-suas-contribuicoes-a-extensao-ensino-e-pesquisa-universitarias.pdf","menu_order":"0","post_type":"attachment","post_mime_type":"application\/pdf","comment_count":"0","pod_item_id":"1748"},"autor":"Valci Regina Mousquer Zuculoto","palavras_chaves":"Radiojornalismo P\u00fablico, R\u00e1dio Universit\u00e1rio, Extens\u00e3o\nUniversit\u00e1ria, Ensino de Radiojornalismo, Hist\u00f3ria do R\u00e1dio","evento":[{"ID":1528,"post_title":"14\u00ba Encontro Nacional de Professores de Jornalismo","post_content":"","post_excerpt":"14\u00ba Encontro Nacional de Professores de Jornalismo (14\u00ba ENPJ), ocorreu nos dias 27 a 30 de abril de 2012 em Uberl\u00e2ndia (MG). ","post_author":"2","post_date":"2012-04-27 20:02:47","post_date_gmt":"2012-04-27 23:02:47","post_status":"publish","comment_status":"closed","ping_status":"closed","post_password":"","post_name":"14o-encontro-nacional-de-professores-de-jornalismo","to_ping":"","pinged":"","post_modified":"2023-10-14 14:05:37","post_modified_gmt":"2023-10-14 17:05:37","post_content_filtered":"","post_parent":0,"guid":"https:\/\/repositorio.abejor.org.br\/?post_type=evento&#038;p=1528","menu_order":0,"post_type":"evento","post_mime_type":"","comment_count":"0","comments":false,"_thumbnail_id":["1529","2","2023-10-11 17:12:33","2023-10-11 20:12:33","","Logo_ABEJ_principal-640x320-1.jpg","","inherit","open","closed","","logo_abej_principal-640x320-1-jpg","","","2023-10-11 17:12:33","2023-10-11 20:12:33","","1528","https:\/\/repositorio.abejor.org.br\/wp-content\/uploads\/2023\/10\/Logo_ABEJ_principal-640x320-1.jpg.webp","0","attachment","image\/webp","0","1529"],"id":1528}],"grupo_de_pesquisa":[{"term_id":9,"name":"Atividades de Extens\u00e3o","slug":"atividades-de-extensao","description":"","taxonomy":"grupo_pesquisa","parent":0,"term_taxonomy_id":9,"term_group":0,"count":151,"object_id":null,"term_order":null,"id":9}],"_links":{"self":[{"href":"https:\/\/repositorio.abejor.org.br\/index.php\/wp-json\/wp\/v2\/anal\/1747","targetHints":{"allow":["GET"]}}],"collection":[{"href":"https:\/\/repositorio.abejor.org.br\/index.php\/wp-json\/wp\/v2\/anal"}],"about":[{"href":"https:\/\/repositorio.abejor.org.br\/index.php\/wp-json\/wp\/v2\/types\/anal"}],"wp:attachment":[{"href":"https:\/\/repositorio.abejor.org.br\/index.php\/wp-json\/wp\/v2\/media?parent=1747"}],"wp:term":[{"taxonomy":"grupo_pesquisa","embeddable":true,"href":"https:\/\/repositorio.abejor.org.br\/index.php\/wp-json\/wp\/v2\/grupo_pesquisa?post=1747"}],"curies":[{"name":"wp","href":"https:\/\/api.w.org\/{rel}","templated":true}]}}